{"id":63183,"date":"2021-12-14T13:01:02","date_gmt":"2021-12-14T11:01:02","guid":{"rendered":"https:\/\/www.right2city.org\/?post_type=document&#038;p=63183"},"modified":"2021-12-14T13:02:32","modified_gmt":"2021-12-14T11:02:32","slug":"el-derecho-a-la-ciudad-en-asia-historias-de-les-invisibles","status":"publish","type":"document","link":"https:\/\/www.right2city.org\/es\/document\/el-derecho-a-la-ciudad-en-asia-historias-de-les-invisibles\/","title":{"rendered":"El Derecho a la Ciudad en Asia: Historias de les \u201cinvisibles\u201d"},"content":{"rendered":"<p><img loading=\"lazy\" decoding=\"async\" class=\"alignnone size-full wp-image-63179\" src=\"https:\/\/www.right2city.org\/wp-content\/uploads\/2021\/12\/Portada_Right-to-the-City-in-Asia.png\" alt=\"\" width=\"1320\" height=\"968\" srcset=\"https:\/\/www.right2city.org\/wp-content\/uploads\/2021\/12\/Portada_Right-to-the-City-in-Asia.png 1320w, https:\/\/www.right2city.org\/wp-content\/uploads\/2021\/12\/Portada_Right-to-the-City-in-Asia-1280x939.png 1280w, https:\/\/www.right2city.org\/wp-content\/uploads\/2021\/12\/Portada_Right-to-the-City-in-Asia-980x719.png 980w, https:\/\/www.right2city.org\/wp-content\/uploads\/2021\/12\/Portada_Right-to-the-City-in-Asia-480x352.png 480w\" sizes=\"(min-width: 0px) and (max-width: 480px) 480px, (min-width: 481px) and (max-width: 980px) 980px, (min-width: 981px) and (max-width: 1280px) 1280px, (min-width: 1281px) 1320px, 100vw\" \/><\/p>\n<p>Esta investigaci\u00f3n plantea cuestiones sobre el derecho a la ciudad tanto en la dimensi\u00f3n de la definici\u00f3n como en las pr\u00e1cticas en la regi\u00f3n de Asia, a partir de las experiencias de cuatro pa\u00edses: China, Corea del Sur, Indonesia y Filipinas.<\/p>\n<p>A trav\u00e9s de un fruct\u00edfero proceso de colaboraci\u00f3n, el documento intenta sintetizar un punto de vista o una conclusi\u00f3n que entrecruce la rica y diversa cultura, normas y posturas pol\u00edticas de la regi\u00f3n. A pesar de los contrastes, el informe encuentra ciertas similitudes en los resultados, las perspectivas y las lecciones aprendidas como un terreno com\u00fan que podr\u00eda sentar las bases para futuros pasos en el avance de la agenda del Derecho a la Ciudad en Asia.<\/p>\n<p>En China, la investigaci\u00f3n pretende examinar: el derecho a la educaci\u00f3n en China a trav\u00e9s de la lente de las-os ni\u00f1as-os migrantes; y el impacto del acceso de las-os trabajadoras-es migrantes a los servicios p\u00fablicos en su derecho a la ciudadan\u00eda inclusiva. Estas cuestiones se inscriben en el marco m\u00e1s amplio de la agenda del Derecho a la Ciudad y muestran la complejidad y la urgencia de cruce e interacci\u00f3n de los diferentes componentes del Derecho a la Ciudad, como La ciudadan\u00eda inclusiva, la igualdad de g\u00e9nero y los v\u00ednculos urbano-rurales.<\/p>\n<p>En Corea del Sur, el principal objetivo del estudio de caso en Gwangju es poner de relieve el derecho a la ciudad en el acceso a los servicios p\u00fablicos de las personas migrantes. La investigaci\u00f3n se centra en las personas migrantes como grupo demogr\u00e1fico sin derechos, tradicionalmente excluido del acceso a los servicios p\u00fablicos. Esto es debido a su baja situaci\u00f3n socioecon\u00f3mica, a la limitaci\u00f3n de sus derechos en funci\u00f3n de su visado, a la discriminaci\u00f3n y a su escaso conocimiento del idioma.<\/p>\n<p>En Indonesia, la investigaci\u00f3n eval\u00faa y observa la informalidad urbana en Yakarta, Yogyakarta y Solo utilizando los tres pilares principales del marco del Derecho a la Ciudad: la distribuci\u00f3n espacialmente justa de los recursos, la diversidad sociocultural y la agencia pol\u00edtica.La distribuci\u00f3n justa de los recursos urbanos es una noci\u00f3n importante para entender la pr\u00e1ctica de la econom\u00eda inclusiva y c\u00f3mo se gestiona el territorio urbano o los espacios en los que vivimos de manera que la ciudadan\u00eda pueda disfrutar de un acceso igualitario a la econom\u00eda sin discriminaci\u00f3n ni marginaci\u00f3n de las-os individuas-os\/grupos vulnerables y sin poder.<\/p>\n<p>En Filipinas la investigaci\u00f3n se hizo con dos ciudades clave, Manila y Quez\u00f3n. A partir de las conclusiones de cada equipo, la investigaci\u00f3n considera las conclusiones regionales consolidadas a trav\u00e9s de las siguientes preguntas:<\/p>\n<ul>\n<li>\u00bfCu\u00e1l es la principal conclusi\u00f3n subyacente de un marco normativo sobre el papel del estado para proteger, cumplir y promover el Derecho a la Ciudad? \u00bfCu\u00e1l es el papel de las autoridades locales?<\/li>\n<li>\u00bfCu\u00e1les son los retos comunes a los que se enfrentan las comunidades marginadas de cada pa\u00eds en relaci\u00f3n con la agenda del Derecho a la Ciudad? \u00bfCu\u00e1les son las oportunidades existentes para fortalecer la pr\u00e1ctica del Derecho a la Ciudad?<\/li>\n<li>\u00bfCu\u00e1l es el papel y la importancia de los actores de la sociedad civil en la defensa de la agenda del Derecho a la Ciudad?\u00bfC\u00f3mo es la relaci\u00f3n entre el Estado y la sociedad civil en el ejercicio del Derecho a la Ciudad?<\/li>\n<\/ul>\n<p>Al mismo tiempo que la investigaci\u00f3n trata de abordar estas cuestiones, tambi\u00e9n reflexiona sobre el marco normativo actual de las pr\u00e1cticas del Derecho a la Ciudad y las diversas iniciativas lideradas por la ciudadan\u00eda para responder a los desaf\u00edos urbanos. Adem\u00e1s, el documento trata de incorporar las conclusiones para considerar el Derecho a la Ciudad como una herramienta para impulsar los movimientos de la sociedad civil y los gobiernos en la configuraci\u00f3n de ciudades m\u00e1s democr\u00e1ticas y socialmente justas en Asia.<\/p>\n<p><span style=\"font-size: 14pt; color: #993366;\"><strong>Coautoras-es:<\/strong><\/span><\/p>\n<p><strong>Gwangju International Center (GIC), South Korea<\/strong><br \/>\n\u2022 Shin Gyonggu<br \/>\n\u2022 Alan Brown<br \/>\n\u2022 Thi Nghi Phuong Nong<\/p>\n<p>\u2022 Hoi Yee Chan<br \/>\n\u2022 Joyce John<br \/>\n\u2022 Farok Omar<br \/>\n\u2022 Joo-Kyung Park<\/p>\n<p><strong>Social Equity and Participation Center, Chima<\/strong><br \/>\n\u2022 Ming Zhuang<br \/>\n\u2022 Su Yun Woo<br \/>\n\u2022 Ray Liu<br \/>\n\u2022 Hongli Cheng<\/p>\n<p>\u2022 Mai Sun<br \/>\n\u2022 Qian Rong<br \/>\n\u2022 Haiqian Wang<br \/>\n\u2022 Yu Yin<\/p>\n<p><strong>Kota Kita Foundation, Indonesia<\/strong><br \/>\n\u2022 Ahmad Rifai<br \/>\n\u2022 Vanesha Manuturi<br \/>\n\u2022 Fildzah Husna Amalina<br \/>\n\u2022 Namira Fathya<br \/>\n\u2022 Naretta Veronica<\/p>\n<p><strong>Community Organizers Multiplicity, The Phillipines<\/strong><br \/>\n\u2022 Maria Fides Bagasao<br \/>\n\u2022 Ramon Espena, Jr.<br \/>\n\u2022 Jessica Amon<br \/>\n\u2022 Princess Asuncion Esponilla<br \/>\n\u2022 Gerald Nicolas<br \/>\n\u2022 Kreeger Bonagua<br \/>\n\u2022 Kimberly Reyes<br \/>\n\u2022 Francis Rosanes, Jr.<br \/>\n\u2022 Sri Sofjan (From theGlobal Secretariat of Huairou Comission)<\/p>\n<div class=\"J0lOec\" style=\"text-align: right;\"><strong><span class=\"VIiyi\" lang=\"es\"><span class=\"JLqJ4b ChMk0b\" data-language-for-alternatives=\"es\" data-language-to-translate-into=\"en\" data-phrase-index=\"0\" data-number-of-phrases=\"2\">Co-coordinado por Nelson Saule Junior y Henrique Frota (Plataforma Global por el Derecho a la Ciudad);<\/span> <span class=\"JLqJ4b ChMk0b\" data-language-for-alternatives=\"es\" data-language-to-translate-into=\"en\" data-phrase-index=\"1\" data-number-of-phrases=\"2\">Vanesha Manuturi y Fildzah Husna Amalina (Kota Kita).<\/span><\/span><\/strong><\/div>\n<p style=\"text-align: left;\"><span style=\"color: #993366; font-size: 14pt;\"><strong>\u00a1Disponible en ingl\u00e9s!<br \/>\n<\/strong><\/span><\/p>\n<p>&nbsp;<\/p>\n","protected":false},"featured_media":63182,"template":"","meta":{"_acf_changed":false,"_et_pb_use_builder":"","_et_pb_old_content":"","_et_gb_content_width":"","cybocfi_hide_featured_image":""},"categories":[98],"tags":[],"themes":[122,125,121,126,127,114,123,124],"agendas_globales":[],"document_type":[289],"class_list":["post-63183","document","type-document","status-publish","has-post-thumbnail","hentry","category-sin-categorizar","themes-calidad-de-espacios-publicos-y-servicios","themes-ciudadania-inclusiva","themes-economias-diversas-e-inclusivas","themes-funcion-social","themes-igualdad-de-genero","themes-mayor-participacion-politica","themes-no-discriminacion","themes-vinculos-rurales-locales","document_type-publication-es"],"acf":[],"yoast_head":"<!-- This site is optimized with the Yoast SEO plugin v27.5 - https:\/\/yoast.com\/product\/yoast-seo-wordpress\/ -->\n<title>El Derecho a la Ciudad en Asia: Historias de les \u201cinvisibles\u201d - Right to the city<\/title>\n<meta name=\"robots\" content=\"index, follow, max-snippet:-1, max-image-preview:large, max-video-preview:-1\" \/>\n<link rel=\"canonical\" href=\"https:\/\/www.right2city.org\/es\/document\/el-derecho-a-la-ciudad-en-asia-historias-de-les-invisibles\/\" \/>\n<meta property=\"og:locale\" content=\"es_ES\" \/>\n<meta property=\"og:type\" content=\"article\" \/>\n<meta property=\"og:title\" content=\"El Derecho a la Ciudad en Asia: Historias de les \u201cinvisibles\u201d - Right to the city\" \/>\n<meta property=\"og:description\" content=\"Esta investigaci\u00f3n plantea cuestiones sobre el derecho a la ciudad tanto en la dimensi\u00f3n de la definici\u00f3n como en las pr\u00e1cticas en la regi\u00f3n de Asia, a partir de las experiencias de cuatro pa\u00edses: China, Corea del Sur, Indonesia y Filipinas. A trav\u00e9s de un fruct\u00edfero proceso de colaboraci\u00f3n, el documento intenta sintetizar un punto [&hellip;]\" \/>\n<meta property=\"og:url\" content=\"https:\/\/www.right2city.org\/es\/document\/el-derecho-a-la-ciudad-en-asia-historias-de-les-invisibles\/\" \/>\n<meta property=\"og:site_name\" content=\"Right to the city\" \/>\n<meta property=\"article:modified_time\" content=\"2021-12-14T11:02:32+00:00\" \/>\n<meta property=\"og:image\" content=\"https:\/\/www.right2city.org\/wp-content\/uploads\/2021\/12\/Portada_Right-to-the-City-in-Asia.png\" \/>\n\t<meta property=\"og:image:width\" content=\"1320\" \/>\n\t<meta property=\"og:image:height\" content=\"968\" \/>\n\t<meta property=\"og:image:type\" content=\"image\/png\" \/>\n<meta name=\"twitter:card\" content=\"summary_large_image\" \/>\n<meta name=\"twitter:label1\" content=\"Tiempo de lectura\" \/>\n\t<meta name=\"twitter:data1\" content=\"4 minutos\" \/>\n<script type=\"application\/ld+json\" class=\"yoast-schema-graph\">{\"@context\":\"https:\\\/\\\/schema.org\",\"@graph\":[{\"@type\":\"WebPage\",\"@id\":\"https:\\\/\\\/www.right2city.org\\\/es\\\/document\\\/el-derecho-a-la-ciudad-en-asia-historias-de-les-invisibles\\\/\",\"url\":\"https:\\\/\\\/www.right2city.org\\\/es\\\/document\\\/el-derecho-a-la-ciudad-en-asia-historias-de-les-invisibles\\\/\",\"name\":\"El Derecho a la Ciudad en Asia: Historias de les \u201cinvisibles\u201d - Right to the city\",\"isPartOf\":{\"@id\":\"https:\\\/\\\/www.right2city.org\\\/es\\\/#website\"},\"primaryImageOfPage\":{\"@id\":\"https:\\\/\\\/www.right2city.org\\\/es\\\/document\\\/el-derecho-a-la-ciudad-en-asia-historias-de-les-invisibles\\\/#primaryimage\"},\"image\":{\"@id\":\"https:\\\/\\\/www.right2city.org\\\/es\\\/document\\\/el-derecho-a-la-ciudad-en-asia-historias-de-les-invisibles\\\/#primaryimage\"},\"thumbnailUrl\":\"https:\\\/\\\/www.right2city.org\\\/wp-content\\\/uploads\\\/2021\\\/12\\\/Portada_Right-to-the-City-in-Asia.png\",\"datePublished\":\"2021-12-14T11:01:02+00:00\",\"dateModified\":\"2021-12-14T11:02:32+00:00\",\"breadcrumb\":{\"@id\":\"https:\\\/\\\/www.right2city.org\\\/es\\\/document\\\/el-derecho-a-la-ciudad-en-asia-historias-de-les-invisibles\\\/#breadcrumb\"},\"inLanguage\":\"es\",\"potentialAction\":[{\"@type\":\"ReadAction\",\"target\":[\"https:\\\/\\\/www.right2city.org\\\/es\\\/document\\\/el-derecho-a-la-ciudad-en-asia-historias-de-les-invisibles\\\/\"]}]},{\"@type\":\"ImageObject\",\"inLanguage\":\"es\",\"@id\":\"https:\\\/\\\/www.right2city.org\\\/es\\\/document\\\/el-derecho-a-la-ciudad-en-asia-historias-de-les-invisibles\\\/#primaryimage\",\"url\":\"https:\\\/\\\/www.right2city.org\\\/wp-content\\\/uploads\\\/2021\\\/12\\\/Portada_Right-to-the-City-in-Asia.png\",\"contentUrl\":\"https:\\\/\\\/www.right2city.org\\\/wp-content\\\/uploads\\\/2021\\\/12\\\/Portada_Right-to-the-City-in-Asia.png\",\"width\":1320,\"height\":968},{\"@type\":\"BreadcrumbList\",\"@id\":\"https:\\\/\\\/www.right2city.org\\\/es\\\/document\\\/el-derecho-a-la-ciudad-en-asia-historias-de-les-invisibles\\\/#breadcrumb\",\"itemListElement\":[{\"@type\":\"ListItem\",\"position\":1,\"name\":\"Home\",\"item\":\"https:\\\/\\\/www.right2city.org\\\/es\\\/\"},{\"@type\":\"ListItem\",\"position\":2,\"name\":\"El Derecho a la Ciudad en Asia: Historias de les \u201cinvisibles\u201d\"}]},{\"@type\":\"WebSite\",\"@id\":\"https:\\\/\\\/www.right2city.org\\\/es\\\/#website\",\"url\":\"https:\\\/\\\/www.right2city.org\\\/es\\\/\",\"name\":\"Right to the city\",\"description\":\"Global Platform for the Right to the City\",\"potentialAction\":[{\"@type\":\"SearchAction\",\"target\":{\"@type\":\"EntryPoint\",\"urlTemplate\":\"https:\\\/\\\/www.right2city.org\\\/es\\\/?s={search_term_string}\"},\"query-input\":{\"@type\":\"PropertyValueSpecification\",\"valueRequired\":true,\"valueName\":\"search_term_string\"}}],\"inLanguage\":\"es\"}]}<\/script>\n<!-- \/ Yoast SEO plugin. -->","yoast_head_json":{"title":"El Derecho a la Ciudad en Asia: Historias de les \u201cinvisibles\u201d - Right to the city","robots":{"index":"index","follow":"follow","max-snippet":"max-snippet:-1","max-image-preview":"max-image-preview:large","max-video-preview":"max-video-preview:-1"},"canonical":"https:\/\/www.right2city.org\/es\/document\/el-derecho-a-la-ciudad-en-asia-historias-de-les-invisibles\/","og_locale":"es_ES","og_type":"article","og_title":"El Derecho a la Ciudad en Asia: Historias de les \u201cinvisibles\u201d - Right to the city","og_description":"Esta investigaci\u00f3n plantea cuestiones sobre el derecho a la ciudad tanto en la dimensi\u00f3n de la definici\u00f3n como en las pr\u00e1cticas en la regi\u00f3n de Asia, a partir de las experiencias de cuatro pa\u00edses: China, Corea del Sur, Indonesia y Filipinas. A trav\u00e9s de un fruct\u00edfero proceso de colaboraci\u00f3n, el documento intenta sintetizar un punto [&hellip;]","og_url":"https:\/\/www.right2city.org\/es\/document\/el-derecho-a-la-ciudad-en-asia-historias-de-les-invisibles\/","og_site_name":"Right to the city","article_modified_time":"2021-12-14T11:02:32+00:00","og_image":[{"width":1320,"height":968,"url":"https:\/\/www.right2city.org\/wp-content\/uploads\/2021\/12\/Portada_Right-to-the-City-in-Asia.png","type":"image\/png"}],"twitter_card":"summary_large_image","twitter_misc":{"Tiempo de lectura":"4 minutos"},"schema":{"@context":"https:\/\/schema.org","@graph":[{"@type":"WebPage","@id":"https:\/\/www.right2city.org\/es\/document\/el-derecho-a-la-ciudad-en-asia-historias-de-les-invisibles\/","url":"https:\/\/www.right2city.org\/es\/document\/el-derecho-a-la-ciudad-en-asia-historias-de-les-invisibles\/","name":"El Derecho a la Ciudad en Asia: Historias de les \u201cinvisibles\u201d - Right to the city","isPartOf":{"@id":"https:\/\/www.right2city.org\/es\/#website"},"primaryImageOfPage":{"@id":"https:\/\/www.right2city.org\/es\/document\/el-derecho-a-la-ciudad-en-asia-historias-de-les-invisibles\/#primaryimage"},"image":{"@id":"https:\/\/www.right2city.org\/es\/document\/el-derecho-a-la-ciudad-en-asia-historias-de-les-invisibles\/#primaryimage"},"thumbnailUrl":"https:\/\/www.right2city.org\/wp-content\/uploads\/2021\/12\/Portada_Right-to-the-City-in-Asia.png","datePublished":"2021-12-14T11:01:02+00:00","dateModified":"2021-12-14T11:02:32+00:00","breadcrumb":{"@id":"https:\/\/www.right2city.org\/es\/document\/el-derecho-a-la-ciudad-en-asia-historias-de-les-invisibles\/#breadcrumb"},"inLanguage":"es","potentialAction":[{"@type":"ReadAction","target":["https:\/\/www.right2city.org\/es\/document\/el-derecho-a-la-ciudad-en-asia-historias-de-les-invisibles\/"]}]},{"@type":"ImageObject","inLanguage":"es","@id":"https:\/\/www.right2city.org\/es\/document\/el-derecho-a-la-ciudad-en-asia-historias-de-les-invisibles\/#primaryimage","url":"https:\/\/www.right2city.org\/wp-content\/uploads\/2021\/12\/Portada_Right-to-the-City-in-Asia.png","contentUrl":"https:\/\/www.right2city.org\/wp-content\/uploads\/2021\/12\/Portada_Right-to-the-City-in-Asia.png","width":1320,"height":968},{"@type":"BreadcrumbList","@id":"https:\/\/www.right2city.org\/es\/document\/el-derecho-a-la-ciudad-en-asia-historias-de-les-invisibles\/#breadcrumb","itemListElement":[{"@type":"ListItem","position":1,"name":"Home","item":"https:\/\/www.right2city.org\/es\/"},{"@type":"ListItem","position":2,"name":"El Derecho a la Ciudad en Asia: Historias de les \u201cinvisibles\u201d"}]},{"@type":"WebSite","@id":"https:\/\/www.right2city.org\/es\/#website","url":"https:\/\/www.right2city.org\/es\/","name":"Right to the city","description":"Global Platform for the Right to the City","potentialAction":[{"@type":"SearchAction","target":{"@type":"EntryPoint","urlTemplate":"https:\/\/www.right2city.org\/es\/?s={search_term_string}"},"query-input":{"@type":"PropertyValueSpecification","valueRequired":true,"valueName":"search_term_string"}}],"inLanguage":"es"}]}},"_links":{"self":[{"href":"https:\/\/www.right2city.org\/es\/wp-json\/wp\/v2\/document\/63183","targetHints":{"allow":["GET"]}}],"collection":[{"href":"https:\/\/www.right2city.org\/es\/wp-json\/wp\/v2\/document"}],"about":[{"href":"https:\/\/www.right2city.org\/es\/wp-json\/wp\/v2\/types\/document"}],"wp:featuredmedia":[{"embeddable":true,"href":"https:\/\/www.right2city.org\/es\/wp-json\/wp\/v2\/media\/63182"}],"wp:attachment":[{"href":"https:\/\/www.right2city.org\/es\/wp-json\/wp\/v2\/media?parent=63183"}],"wp:term":[{"taxonomy":"category","embeddable":true,"href":"https:\/\/www.right2city.org\/es\/wp-json\/wp\/v2\/categories?post=63183"},{"taxonomy":"post_tag","embeddable":true,"href":"https:\/\/www.right2city.org\/es\/wp-json\/wp\/v2\/tags?post=63183"},{"taxonomy":"themes","embeddable":true,"href":"https:\/\/www.right2city.org\/es\/wp-json\/wp\/v2\/themes?post=63183"},{"taxonomy":"agendas_globales","embeddable":true,"href":"https:\/\/www.right2city.org\/es\/wp-json\/wp\/v2\/agendas_globales?post=63183"},{"taxonomy":"document_type","embeddable":true,"href":"https:\/\/www.right2city.org\/es\/wp-json\/wp\/v2\/document_type?post=63183"}],"curies":[{"name":"wp","href":"https:\/\/api.w.org\/{rel}","templated":true}]}}