{"id":50805,"date":"2019-10-24T12:28:25","date_gmt":"2019-10-24T10:28:25","guid":{"rendered":"https:\/\/www.right2city.org\/?post_type=events&#038;p=50805"},"modified":"2019-10-24T12:28:25","modified_gmt":"2019-10-24T10:28:25","slug":"pt-e-na-rua-que-a-gente-se-encontra-instituto-polis-no-dia-mundial-pelo-direito-a-cidade","status":"publish","type":"events","link":"https:\/\/www.right2city.org\/es\/events\/pt-e-na-rua-que-a-gente-se-encontra-instituto-polis-no-dia-mundial-pelo-direito-a-cidade\/","title":{"rendered":"PT: \u00ab\u00c9 na rua que a gente se encontra\u00bb &#8211; Instituto P\u00f3lis no Dia Mundial pelo Direito \u00e0 Cidade"},"content":{"rendered":"<p style=\"font-weight: 400;\"><strong><img loading=\"lazy\" decoding=\"async\" class=\"aligncenter wp-image-50806 size-large\" src=\"https:\/\/www.right2city.org\/wp-content\/uploads\/2019\/10\/EFLYER_5-1-621x1024.jpg\" alt=\"\" width=\"621\" height=\"1024\" srcset=\"https:\/\/www.right2city.org\/wp-content\/uploads\/2019\/10\/EFLYER_5-1-621x1024.jpg 621w, https:\/\/www.right2city.org\/wp-content\/uploads\/2019\/10\/EFLYER_5-1-182x300.jpg 182w, https:\/\/www.right2city.org\/wp-content\/uploads\/2019\/10\/EFLYER_5-1-768x1266.jpg 768w, https:\/\/www.right2city.org\/wp-content\/uploads\/2019\/10\/EFLYER_5-1-1080x1780.jpg 1080w\" sizes=\"(max-width: 621px) 100vw, 621px\" \/><\/strong><\/p>\n<p>&nbsp;<\/p>\n<p style=\"font-weight: 400;\"><strong>\u00c9 NA RUA QUE A GENTE SE ENCONTRA<\/strong><\/p>\n<p style=\"font-weight: 400;\">Ocupar as ruas \u00e9 exercer nosso direito \u00e0 cidade. Mas como construir espa\u00e7os p\u00fablicos seguros, inclusivos e democr\u00e1ticos?<\/p>\n<p style=\"font-weight: 400;\">Para responder essa pergunta, no Dia Mundial pelo Direito \u00e0 Cidade (31 de outubro), o Instituto P\u00f3lis, em parceria com a Habitat International Coalition &#8211; Am\u00e9rica Latina e Plataforma Global pelo Direito \u00e0 Cidade promove uma s\u00e9rie de atividades com rol\u00eas, oficina e roda de conversa.<\/p>\n<p style=\"font-weight: 400;\">Vamos pensar juntos em outra cidade poss\u00edvel?<\/p>\n<p>&nbsp;<\/p>\n<p style=\"font-weight: 400;\"><strong>Programa\u00e7\u00e3o quinta-feira, 31\/outubro<\/strong><\/p>\n<p style=\"font-weight: 400;\"><strong>9H &#8211; 12h | ROL\u00caS POR ESPA\u00c7OS P\u00daBLICOS NO CENTRO DE S\u00c3O PAULO<\/strong><\/p>\n<ul style=\"font-weight: 400;\">\n<li><strong>Rol\u00ea com Cartografia Negra:<\/strong>\u00a0os participantes ir\u00e3o conhecer as mem\u00f3rias negras apagadas dos espa\u00e7os p\u00fablicos do centro de S\u00e3o Paulo e refletir sobre a viv\u00eancia da popula\u00e7\u00e3o negra na cidade.<\/li>\n<li><strong>Rol\u00ea com Bruno Puccinelli:<\/strong>\u00a0o grupo percorrer\u00e1 lugares e regi\u00f5es do centro relevantes para a popula\u00e7\u00e3o LGBTQI+, discutindo quest\u00f5es como seguran\u00e7a, discrimina\u00e7\u00e3o e apropria\u00e7\u00e3o de espa\u00e7os p\u00fablicos.<\/li>\n<li><strong>Rol\u00ea com Uni\u00e3o Nacional de Trabalhadores e Trabalhadoras Camel\u00f4s, Ambulantes e Feirantes do Brasil\u2013 Unicab:<\/strong>\u00a0o trajeto ter\u00e1 como foco a rela\u00e7\u00e3o dos espa\u00e7os p\u00fablicos na vida de diferentes tipos de trabalhadores da economia informal.<\/li>\n<\/ul>\n<p>&nbsp;<\/p>\n<p style=\"font-weight: 400;\"><strong>14H &#8211; 17H30 | OFICINA &#8211; A CIDADE QUE QUEREMOS: ESPA\u00c7OS P\u00daBLICOS SEGUROS, INCLUSIVOS E DEMOCR\u00c1TICOS<\/strong><\/p>\n<p style=\"font-weight: 400;\">A partir dos trajetos, refletiremos em que medida a regi\u00e3o central de S\u00e3o Paulo permite ou bloqueia a viv\u00eancia do direito \u00e0 cidade por diferentes grupos sociais. Ser\u00e3o constru\u00eddas propostas (interven\u00e7\u00f5es, a\u00e7\u00f5es diretas, pol\u00edticas etc) para os espa\u00e7os visitados e enfrentamento das quest\u00f5es identificadas relacionadas ao direito \u00e0 cidade.<\/p>\n<p>&nbsp;<\/p>\n<p style=\"font-weight: 400;\"><strong>18H \u2013 20H | RODA DE CONVERSA &#8211; ESPA\u00c7OS P\u00daBLICOS E DIREITO \u00c0 CIDADE NA AM\u00c9RICA LATINA (SEM INSCRI\u00c7\u00c3O)<\/strong><\/p>\n<p style=\"font-weight: 400;\">Em formato de roda de conversa, ser\u00e1 realizada uma reflex\u00e3o geral sobre o tema a partir dos resultados da oficina e das contribui\u00e7\u00f5es de convidados de outros pa\u00edses da Am\u00e9rica Latina sobre a realidade de seus contextos de origem.<\/p>\n<ul>\n<li style=\"font-weight: 400;\"><strong>Hulda Wehmann (Brasil)<\/strong>\u00a0&#8211; arquiteta, professora da Univ. Anhembi Morumbi, coordenadora do LaPaisa e pesquisadora do LABPARC-FAUUSP.<\/li>\n<li style=\"font-weight: 400;\"><strong>Mar\u00eda Silvia Emmanuelli (M\u00e9xico)<\/strong>\u00a0&#8211; advogada e coordenadora do escrit\u00f3rio regional da Am. Latina da Coaliz\u00e3o Internacional pelo Habitat (HIC).<\/li>\n<li style=\"font-weight: 400;\"><strong>Maria Bernabella Peli (Argentina<\/strong>) &#8211; arquiteta, especialista em Pol\u00edticas Sociais, Planejamento estrat\u00e9gico para o desenvolvimento sustent\u00e1vel do territ\u00f3rio e vice diretora Instituto de Investigaci\u00f3n y Desarrollo en Vivienda (IIDVi FAU-UNNE).<\/li>\n<li style=\"font-weight: 400;\"><strong>Media\u00e7\u00e3o<\/strong>: Henrique Frota (Instituto P\u00f3lis)<\/li>\n<\/ul>\n<p style=\"font-weight: 400;\"><strong>Local:<\/strong>\u00a0Audit\u00f3rio do Instituto P\u00f3lis (Rua Ara\u00fajo, 124 &#8211; Rep\u00fablica)<\/p>\n<p style=\"font-weight: 400;\"><strong>Inscri\u00e7\u00f5es<\/strong>\u00a0para rol\u00eas e oficina\u00a0<a href=\"http:\/\/bit.ly\/2N7Hfta\" data-saferedirecturl=\"https:\/\/www.google.com\/url?q=http:\/\/bit.ly\/2N7Hfta&amp;source=gmail&amp;ust=1571990972570000&amp;usg=AFQjCNHtZUTT02gCI6jU8TIJkgw-mxbx0A\">aqui<\/a>.<\/p>\n","protected":false},"featured_media":0,"template":"","meta":{"_acf_changed":false,"_et_pb_use_builder":"","_et_pb_old_content":"","_et_gb_content_width":"","cybocfi_hide_featured_image":""},"themes":[122,125],"agendas_globales":[264],"class_list":["post-50805","events","type-events","status-publish","hentry","themes-calidad-de-espacios-publicos-y-servicios","themes-ciudadania-inclusiva","agendas_globales-dia-del-derecho-a-la-ciudad"],"acf":[],"yoast_head":"<!-- This site is optimized with the Yoast SEO plugin v27.5 - https:\/\/yoast.com\/product\/yoast-seo-wordpress\/ -->\n<title>PT: &quot;\u00c9 na rua que a gente se encontra&quot; - Instituto P\u00f3lis no Dia Mundial pelo Direito \u00e0 Cidade - Right to the city<\/title>\n<meta name=\"robots\" content=\"index, follow, max-snippet:-1, max-image-preview:large, max-video-preview:-1\" \/>\n<link rel=\"canonical\" href=\"https:\/\/www.right2city.org\/es\/events\/pt-e-na-rua-que-a-gente-se-encontra-instituto-polis-no-dia-mundial-pelo-direito-a-cidade\/\" \/>\n<meta property=\"og:locale\" content=\"es_ES\" \/>\n<meta property=\"og:type\" content=\"article\" \/>\n<meta property=\"og:title\" content=\"PT: &quot;\u00c9 na rua que a gente se encontra&quot; - Instituto P\u00f3lis no Dia Mundial pelo Direito \u00e0 Cidade - Right to the city\" \/>\n<meta property=\"og:description\" content=\"&nbsp; \u00c9 NA RUA QUE A GENTE SE ENCONTRA Ocupar as ruas \u00e9 exercer nosso direito \u00e0 cidade. Mas como construir espa\u00e7os p\u00fablicos seguros, inclusivos e democr\u00e1ticos? Para responder essa pergunta, no Dia Mundial pelo Direito \u00e0 Cidade (31 de outubro), o Instituto P\u00f3lis, em parceria com a Habitat International Coalition &#8211; Am\u00e9rica Latina e [&hellip;]\" \/>\n<meta property=\"og:url\" content=\"https:\/\/www.right2city.org\/es\/events\/pt-e-na-rua-que-a-gente-se-encontra-instituto-polis-no-dia-mundial-pelo-direito-a-cidade\/\" \/>\n<meta property=\"og:site_name\" content=\"Right to the city\" \/>\n<meta property=\"og:image\" content=\"https:\/\/www.right2city.org\/wp-content\/uploads\/2019\/10\/EFLYER_5-1-621x1024.jpg\" \/>\n<meta name=\"twitter:card\" content=\"summary_large_image\" \/>\n<meta name=\"twitter:label1\" content=\"Tiempo de lectura\" \/>\n\t<meta name=\"twitter:data1\" content=\"2 minutos\" \/>\n<script type=\"application\/ld+json\" class=\"yoast-schema-graph\">{\"@context\":\"https:\\\/\\\/schema.org\",\"@graph\":[{\"@type\":\"WebPage\",\"@id\":\"https:\\\/\\\/www.right2city.org\\\/es\\\/events\\\/pt-e-na-rua-que-a-gente-se-encontra-instituto-polis-no-dia-mundial-pelo-direito-a-cidade\\\/\",\"url\":\"https:\\\/\\\/www.right2city.org\\\/es\\\/events\\\/pt-e-na-rua-que-a-gente-se-encontra-instituto-polis-no-dia-mundial-pelo-direito-a-cidade\\\/\",\"name\":\"PT: \\\"\u00c9 na rua que a gente se encontra\\\" - Instituto P\u00f3lis no Dia Mundial pelo Direito \u00e0 Cidade - Right to the city\",\"isPartOf\":{\"@id\":\"https:\\\/\\\/www.right2city.org\\\/es\\\/#website\"},\"primaryImageOfPage\":{\"@id\":\"https:\\\/\\\/www.right2city.org\\\/es\\\/events\\\/pt-e-na-rua-que-a-gente-se-encontra-instituto-polis-no-dia-mundial-pelo-direito-a-cidade\\\/#primaryimage\"},\"image\":{\"@id\":\"https:\\\/\\\/www.right2city.org\\\/es\\\/events\\\/pt-e-na-rua-que-a-gente-se-encontra-instituto-polis-no-dia-mundial-pelo-direito-a-cidade\\\/#primaryimage\"},\"thumbnailUrl\":\"https:\\\/\\\/www.right2city.org\\\/wp-content\\\/uploads\\\/2019\\\/10\\\/EFLYER_5-1-621x1024.jpg\",\"datePublished\":\"2019-10-24T10:28:25+00:00\",\"breadcrumb\":{\"@id\":\"https:\\\/\\\/www.right2city.org\\\/es\\\/events\\\/pt-e-na-rua-que-a-gente-se-encontra-instituto-polis-no-dia-mundial-pelo-direito-a-cidade\\\/#breadcrumb\"},\"inLanguage\":\"es\",\"potentialAction\":[{\"@type\":\"ReadAction\",\"target\":[\"https:\\\/\\\/www.right2city.org\\\/es\\\/events\\\/pt-e-na-rua-que-a-gente-se-encontra-instituto-polis-no-dia-mundial-pelo-direito-a-cidade\\\/\"]}]},{\"@type\":\"ImageObject\",\"inLanguage\":\"es\",\"@id\":\"https:\\\/\\\/www.right2city.org\\\/es\\\/events\\\/pt-e-na-rua-que-a-gente-se-encontra-instituto-polis-no-dia-mundial-pelo-direito-a-cidade\\\/#primaryimage\",\"url\":\"https:\\\/\\\/www.right2city.org\\\/wp-content\\\/uploads\\\/2019\\\/10\\\/EFLYER_5-1-621x1024.jpg\",\"contentUrl\":\"https:\\\/\\\/www.right2city.org\\\/wp-content\\\/uploads\\\/2019\\\/10\\\/EFLYER_5-1-621x1024.jpg\"},{\"@type\":\"BreadcrumbList\",\"@id\":\"https:\\\/\\\/www.right2city.org\\\/es\\\/events\\\/pt-e-na-rua-que-a-gente-se-encontra-instituto-polis-no-dia-mundial-pelo-direito-a-cidade\\\/#breadcrumb\",\"itemListElement\":[{\"@type\":\"ListItem\",\"position\":1,\"name\":\"Home\",\"item\":\"https:\\\/\\\/www.right2city.org\\\/es\\\/\"},{\"@type\":\"ListItem\",\"position\":2,\"name\":\"PT: \u00ab\u00c9 na rua que a gente se encontra\u00bb &#8211; Instituto P\u00f3lis no Dia Mundial pelo Direito \u00e0 Cidade\"}]},{\"@type\":\"WebSite\",\"@id\":\"https:\\\/\\\/www.right2city.org\\\/es\\\/#website\",\"url\":\"https:\\\/\\\/www.right2city.org\\\/es\\\/\",\"name\":\"Right to the city\",\"description\":\"Global Platform for the Right to the City\",\"potentialAction\":[{\"@type\":\"SearchAction\",\"target\":{\"@type\":\"EntryPoint\",\"urlTemplate\":\"https:\\\/\\\/www.right2city.org\\\/es\\\/?s={search_term_string}\"},\"query-input\":{\"@type\":\"PropertyValueSpecification\",\"valueRequired\":true,\"valueName\":\"search_term_string\"}}],\"inLanguage\":\"es\"}]}<\/script>\n<!-- \/ Yoast SEO plugin. -->","yoast_head_json":{"title":"PT: \"\u00c9 na rua que a gente se encontra\" - Instituto P\u00f3lis no Dia Mundial pelo Direito \u00e0 Cidade - Right to the city","robots":{"index":"index","follow":"follow","max-snippet":"max-snippet:-1","max-image-preview":"max-image-preview:large","max-video-preview":"max-video-preview:-1"},"canonical":"https:\/\/www.right2city.org\/es\/events\/pt-e-na-rua-que-a-gente-se-encontra-instituto-polis-no-dia-mundial-pelo-direito-a-cidade\/","og_locale":"es_ES","og_type":"article","og_title":"PT: \"\u00c9 na rua que a gente se encontra\" - Instituto P\u00f3lis no Dia Mundial pelo Direito \u00e0 Cidade - Right to the city","og_description":"&nbsp; \u00c9 NA RUA QUE A GENTE SE ENCONTRA Ocupar as ruas \u00e9 exercer nosso direito \u00e0 cidade. Mas como construir espa\u00e7os p\u00fablicos seguros, inclusivos e democr\u00e1ticos? Para responder essa pergunta, no Dia Mundial pelo Direito \u00e0 Cidade (31 de outubro), o Instituto P\u00f3lis, em parceria com a Habitat International Coalition &#8211; Am\u00e9rica Latina e [&hellip;]","og_url":"https:\/\/www.right2city.org\/es\/events\/pt-e-na-rua-que-a-gente-se-encontra-instituto-polis-no-dia-mundial-pelo-direito-a-cidade\/","og_site_name":"Right to the city","og_image":[{"url":"https:\/\/www.right2city.org\/wp-content\/uploads\/2019\/10\/EFLYER_5-1-621x1024.jpg","type":"","width":"","height":""}],"twitter_card":"summary_large_image","twitter_misc":{"Tiempo de lectura":"2 minutos"},"schema":{"@context":"https:\/\/schema.org","@graph":[{"@type":"WebPage","@id":"https:\/\/www.right2city.org\/es\/events\/pt-e-na-rua-que-a-gente-se-encontra-instituto-polis-no-dia-mundial-pelo-direito-a-cidade\/","url":"https:\/\/www.right2city.org\/es\/events\/pt-e-na-rua-que-a-gente-se-encontra-instituto-polis-no-dia-mundial-pelo-direito-a-cidade\/","name":"PT: \"\u00c9 na rua que a gente se encontra\" - Instituto P\u00f3lis no Dia Mundial pelo Direito \u00e0 Cidade - Right to the city","isPartOf":{"@id":"https:\/\/www.right2city.org\/es\/#website"},"primaryImageOfPage":{"@id":"https:\/\/www.right2city.org\/es\/events\/pt-e-na-rua-que-a-gente-se-encontra-instituto-polis-no-dia-mundial-pelo-direito-a-cidade\/#primaryimage"},"image":{"@id":"https:\/\/www.right2city.org\/es\/events\/pt-e-na-rua-que-a-gente-se-encontra-instituto-polis-no-dia-mundial-pelo-direito-a-cidade\/#primaryimage"},"thumbnailUrl":"https:\/\/www.right2city.org\/wp-content\/uploads\/2019\/10\/EFLYER_5-1-621x1024.jpg","datePublished":"2019-10-24T10:28:25+00:00","breadcrumb":{"@id":"https:\/\/www.right2city.org\/es\/events\/pt-e-na-rua-que-a-gente-se-encontra-instituto-polis-no-dia-mundial-pelo-direito-a-cidade\/#breadcrumb"},"inLanguage":"es","potentialAction":[{"@type":"ReadAction","target":["https:\/\/www.right2city.org\/es\/events\/pt-e-na-rua-que-a-gente-se-encontra-instituto-polis-no-dia-mundial-pelo-direito-a-cidade\/"]}]},{"@type":"ImageObject","inLanguage":"es","@id":"https:\/\/www.right2city.org\/es\/events\/pt-e-na-rua-que-a-gente-se-encontra-instituto-polis-no-dia-mundial-pelo-direito-a-cidade\/#primaryimage","url":"https:\/\/www.right2city.org\/wp-content\/uploads\/2019\/10\/EFLYER_5-1-621x1024.jpg","contentUrl":"https:\/\/www.right2city.org\/wp-content\/uploads\/2019\/10\/EFLYER_5-1-621x1024.jpg"},{"@type":"BreadcrumbList","@id":"https:\/\/www.right2city.org\/es\/events\/pt-e-na-rua-que-a-gente-se-encontra-instituto-polis-no-dia-mundial-pelo-direito-a-cidade\/#breadcrumb","itemListElement":[{"@type":"ListItem","position":1,"name":"Home","item":"https:\/\/www.right2city.org\/es\/"},{"@type":"ListItem","position":2,"name":"PT: \u00ab\u00c9 na rua que a gente se encontra\u00bb &#8211; Instituto P\u00f3lis no Dia Mundial pelo Direito \u00e0 Cidade"}]},{"@type":"WebSite","@id":"https:\/\/www.right2city.org\/es\/#website","url":"https:\/\/www.right2city.org\/es\/","name":"Right to the city","description":"Global Platform for the Right to the City","potentialAction":[{"@type":"SearchAction","target":{"@type":"EntryPoint","urlTemplate":"https:\/\/www.right2city.org\/es\/?s={search_term_string}"},"query-input":{"@type":"PropertyValueSpecification","valueRequired":true,"valueName":"search_term_string"}}],"inLanguage":"es"}]}},"_links":{"self":[{"href":"https:\/\/www.right2city.org\/es\/wp-json\/wp\/v2\/events\/50805","targetHints":{"allow":["GET"]}}],"collection":[{"href":"https:\/\/www.right2city.org\/es\/wp-json\/wp\/v2\/events"}],"about":[{"href":"https:\/\/www.right2city.org\/es\/wp-json\/wp\/v2\/types\/events"}],"wp:attachment":[{"href":"https:\/\/www.right2city.org\/es\/wp-json\/wp\/v2\/media?parent=50805"}],"wp:term":[{"taxonomy":"themes","embeddable":true,"href":"https:\/\/www.right2city.org\/es\/wp-json\/wp\/v2\/themes?post=50805"},{"taxonomy":"agendas_globales","embeddable":true,"href":"https:\/\/www.right2city.org\/es\/wp-json\/wp\/v2\/agendas_globales?post=50805"}],"curies":[{"name":"wp","href":"https:\/\/api.w.org\/{rel}","templated":true}]}}