{"id":56159,"date":"2020-08-12T16:12:10","date_gmt":"2020-08-12T14:12:10","guid":{"rendered":"https:\/\/www.right2city.org\/?post_type=events&#038;p=56159"},"modified":"2020-08-12T16:12:10","modified_gmt":"2020-08-12T14:12:10","slug":"presentacion-de-las-revistas-institucionales-del-ministerio-publico-de-la-defensa","status":"publish","type":"events","link":"https:\/\/www.right2city.org\/es\/events\/presentacion-de-las-revistas-institucionales-del-ministerio-publico-de-la-defensa\/","title":{"rendered":"Presentaci\u00f3n de las Revistas Institucionales del Ministerio P\u00fablico de la Defensa"},"content":{"rendered":"<div>\n<div class=\"pybr56ya dati1w0a hv4rvrfc n851cfcs btwxx1t3 j83agx80 ll8tlv6m\">\n<div class=\"buofh1pr\">\n<div class=\"j83agx80 cbu4d94t ew0dbk1b irj2b8pg\">\n<div class=\"qzhwtbm6 knvmm38d\">\n<div class=\"nc684nl6\"><strong><strong>P<span class=\"css-901oao css-16my406 r-1qd0xha r-ad9z0x r-bcqeeo r-qvutc0\">resentaci\u00f3n de las Revistas Institucionales del MPD N\u00b018 \u00abDefensa y Cuidado de la Casa Com\u00fan\u00bb, y N\u00b0 22 \u00abLa emergencia de la Econom\u00eda Popular en la CABA\u00bb. <\/span><\/strong><\/strong><\/p>\n<div class=\"r-xoduu5 r-1mlwlqe r-1d2f490 r-1udh08x r-u8s1d r-h9hxbl r-417010 css-1dbjc4n\" title=\"Mobile phone with rightwards arrow at left\" aria-label=\"Mobile phone with rightwards arrow at left\">\n<div class=\"css-1dbjc4n r-1niwhzg r-vvn4in r-u6sd8q r-x3cy2q r-1p0dtai r-xoduu5 r-1pi2tsx r-1d2f490 r-u8s1d r-zchlnj r-ipm5af r-13qz1uu r-1wyyakw\"><img loading=\"lazy\" decoding=\"async\" class=\"aligncenter size-full wp-image-56160\" src=\"https:\/\/www.right2city.org\/wp-content\/uploads\/2020\/08\/EfJYi2AUEAY0tlE.jpeg\" alt=\"\" width=\"680\" height=\"383\" srcset=\"https:\/\/www.right2city.org\/wp-content\/uploads\/2020\/08\/EfJYi2AUEAY0tlE.jpeg 680w, https:\/\/www.right2city.org\/wp-content\/uploads\/2020\/08\/EfJYi2AUEAY0tlE-480x270.jpeg 480w\" sizes=\"(min-width: 0px) and (max-width: 480px) 480px, (min-width: 481px) 680px, 100vw\" \/><\/div>\n<\/div>\n<p><strong><a class=\"oajrlxb2 g5ia77u1 qu0x051f esr5mh6w e9989ue4 r7d6kgcz rq0escxv nhd2j8a9 nc684nl6 p7hjln8o kvgmc6g5 cxmmr5t8 oygrvhab hcukyx3x jb3vyjys rz4wbd8a qt6c0cv9 a8nywdso i1ao9s8h esuyzwwr f1sip0of lzcic4wl oo9gr5id gpro0wi8 lrazzd5p\" tabindex=\"0\" role=\"link\" href=\"https:\/\/www.facebook.com\/MPDefensaCaba\/?__cft__[0]=AZWvqzgV2L-imTlYvGRbu8ruupuH7ZXkejz2NF7by9EYAmmbKVXBkcymqc6FGSot_LAiqV4JXU-5v6dOxvRdsojCVZbBTWthLUCmPE4KMflydtfprvBiyy42DtoNoiRKYG89e6HZy4V_g_pPS7B8h8aJBBRhUBvjZY5T4WVvHDenBQ&amp;__tn__=-UC%2CP-R\"><span class=\"css-901oao css-16my406 r-1qd0xha r-ad9z0x r-bcqeeo r-qvutc0\">Transmisi\u00f3n en vivo: <\/span><\/a><a class=\"r-1n1174f r-1loqt21 r-1qd0xha r-ad9z0x r-bcqeeo r-qvutc0 css-4rbku5 css-18t94o4 css-901oao css-16my406\" dir=\"ltr\" title=\"https:\/\/bit.ly\/31EGPlf\" role=\"link\" href=\"https:\/\/t.co\/lyroFVT6jH?amp=1\" target=\"_blank\" rel=\"noopener noreferrer\" data-focusable=\"true\"><span class=\"css-901oao css-16my406 r-1qd0xha r-hiw28u r-ad9z0x r-bcqeeo r-qvutc0\" aria-hidden=\"true\">https:\/\/<\/span>bit.ly\/31EGPlf<\/a><a class=\"oajrlxb2 g5ia77u1 qu0x051f esr5mh6w e9989ue4 r7d6kgcz rq0escxv nhd2j8a9 nc684nl6 p7hjln8o kvgmc6g5 cxmmr5t8 oygrvhab hcukyx3x jb3vyjys rz4wbd8a qt6c0cv9 a8nywdso i1ao9s8h esuyzwwr f1sip0of lzcic4wl oo9gr5id gpro0wi8 lrazzd5p\" tabindex=\"0\" role=\"link\" href=\"https:\/\/www.facebook.com\/MPDefensaCaba\/?__cft__[0]=AZWvqzgV2L-imTlYvGRbu8ruupuH7ZXkejz2NF7by9EYAmmbKVXBkcymqc6FGSot_LAiqV4JXU-5v6dOxvRdsojCVZbBTWthLUCmPE4KMflydtfprvBiyy42DtoNoiRKYG89e6HZy4V_g_pPS7B8h8aJBBRhUBvjZY5T4WVvHDenBQ&amp;__tn__=-UC%2CP-R\">\u00a0P\u00fablico de la Defensa<\/a><\/strong><\/div>\n<\/div>\n<\/div>\n<\/div>\n<div class=\"nqmvxvec j83agx80 jnigpg78 cxgpxx05 dflh9lhu sj5x9vvc scb9dxdr odw8uiq3\">\n<div class=\"oajrlxb2 gs1a9yip g5ia77u1 mtkw9kbi tlpljxtp qensuy8j ppp5ayq2 goun2846 ccm00jje s44p3ltw mk2mc5f4 rt8b4zig n8ej3o3l agehan2d sk4xxmp2 rq0escxv nhd2j8a9 pq6dq46d mg4g778l btwxx1t3 pfnyh3mw p7hjln8o kvgmc6g5 cxmmr5t8 oygrvhab hcukyx3x tgvbjcpo hpfvmrgz jb3vyjys rz4wbd8a qt6c0cv9 a8nywdso l9j0dhe7 i1ao9s8h esuyzwwr f1sip0of du4w35lb lzcic4wl abiwlrkh p8dawk7l dwo3fsh8 pzggbiyp pkj7ub1o bqnlxs5p kkg9azqs c24pa1uk ln9iyx3p fe6kdd0r ar1oviwq l10q8mi9 sq40qgkc s8quxz6p pdjglbur\" tabindex=\"0\" role=\"button\" aria-expanded=\"false\" aria-haspopup=\"menu\" aria-label=\"Actions pour cette publication\"><i class=\"hu5pjgll m6k467ps sp_-69RjdrrvoB sx_886f08\"><\/i><\/p>\n<div class=\"s45kfl79 emlxlaya bkmhp75w spb7xbtv i09qtzwb n7fi1qx3 b5wmifdl hzruof5a pmk7jnqg j9ispegn kr520xx4 c5ndavph art1omkt ot9fgl3s\" data-visualcompletion=\"ignore\"><\/div>\n<\/div>\n<\/div>\n<\/div>\n<\/div>\n<div>\n<div class=\"\" dir=\"auto\">\n<div id=\"jsc_c_f9\" class=\"ecm0bbzt hv4rvrfc ihqw7lf3 dati1w0a\" data-ad-comet-preview=\"message\" data-ad-preview=\"message\">\n<div class=\"j83agx80 cbu4d94t ew0dbk1b irj2b8pg\">\n<div class=\"qzhwtbm6 knvmm38d\">\n<div class=\"kvgmc6g5 cxmmr5t8 oygrvhab hcukyx3x c1et5uql ii04i59q\">\n<div dir=\"auto\">Este viernes 14 de Agosto, a las 17 hs. se realizar\u00e1 la presentaci\u00f3n de las Revistas Institucionales de la Defensa P\u00fablica N\u00b018 Defensa y Cuidado de la Casa Com\u00fan, y de la Revista institucional de la Defensa P\u00fablica N\u00b0 22 La emergencia de la Econom\u00eda Popular en la CABA.<\/div>\n<\/div>\n<div class=\"o9v6fnle cxmmr5t8 oygrvhab hcukyx3x c1et5uql ii04i59q\">\n<div dir=\"auto\">Con la presencia de Mar\u00eda Rosa Mui\u00f1os (Legisladora CABA), Esteban \u00abGringo\u00bb Castro (Secretario General de la Uni\u00f3n de Trabajadores de la Econom\u00eda Popular), Padre Lorenzo \u00abToto\u00bb de Vedia (p\u00e1rroco de Nuestra Se\u00f1ora de Caacupe, Villa 21-24 y Complejo habitacional Zavaleta), Gustavo B\u00e9liz (Secretario de Asuntos Estrat\u00e9gicos de la Presidencia de la Naci\u00f3n), y Horacio Corti, Defensor General del Ministerio P\u00fablico de la Defensa de la CABA.<\/div>\n<\/div>\n<div class=\"o9v6fnle cxmmr5t8 oygrvhab hcukyx3x c1et5uql ii04i59q\">\n<div dir=\"auto\"><span class=\"q9uorilb tbxw36s4 knj5qynh kvgmc6g5 ditlmg2l oygrvhab nvdbi5me fgm26odu gl3lb2sf hhz5lgdu\"><img loading=\"lazy\" decoding=\"async\" src=\"https:\/\/static.xx.fbcdn.net\/images\/emoji.php\/v9\/td8\/1\/16\/1f4f2.png\" alt=\"\ud83d\udcf2\" width=\"16\" height=\"16\" \/><\/span><span class=\"q9uorilb tbxw36s4 knj5qynh kvgmc6g5 ditlmg2l oygrvhab nvdbi5me fgm26odu gl3lb2sf hhz5lgdu\"><img loading=\"lazy\" decoding=\"async\" src=\"https:\/\/static.xx.fbcdn.net\/images\/emoji.php\/v9\/t8c\/1\/16\/1f4bb.png\" alt=\"\ud83d\udcbb\" width=\"16\" height=\"16\" \/><\/span>La transmisi\u00f3n ser\u00e1 en vivo a trav\u00e9s de Youtube: <a class=\"oajrlxb2 g5ia77u1 qu0x051f esr5mh6w e9989ue4 r7d6kgcz rq0escxv nhd2j8a9 nc684nl6 p7hjln8o kvgmc6g5 cxmmr5t8 oygrvhab hcukyx3x jb3vyjys rz4wbd8a qt6c0cv9 a8nywdso i1ao9s8h esuyzwwr f1sip0of lzcic4wl py34i1dx gpro0wi8\" tabindex=\"0\" role=\"link\" href=\"https:\/\/l.facebook.com\/l.php?u=https%3A%2F%2Fbit.ly%2F31EGPlf%3Ffbclid%3DIwAR2JA5PiLZNY6yKS76ffOtZ7DPvRr3OBOXG0WkPiJoaF-sab4dz4x1teji4&amp;h=AT1XYQejJ3KX_OOBtzwOtI5jsoyzSSc3IfgulPgOF1QXaiYAz64Peckl6ZVFiaGoM9hPRu7lddDz29YGUymUCfTfF1PxJOhj0J4W9z_Cpf_ybn-Yt7wCpfycOq1K6GnDBOC51YA&amp;__tn__=-UK-R&amp;c[0]=AT1TQeB5CkdAm2Tj0aM5dkf_0jWHN1Y_-lYVBwogPKKcSu2FzLMnN8LA_wL_zTlxdCa-Vay4iIpHfKS5rWUdAt-H72eje019fG0NkloF_8WbyZaDiraZi-oorZmPdZD8eP0xhGmur3WX8ou0Kb0ATbXUSxToJUnlYQ1fK6Yn79aXmfjD9qm0o8jzfu5A31o\" target=\"_blank\" rel=\"nofollow noopener noreferrer\">https:\/\/bit.ly\/31EGPlf<\/a><\/div>\n<\/div>\n<div class=\"o9v6fnle cxmmr5t8 oygrvhab hcukyx3x c1et5uql ii04i59q\">\n<div dir=\"auto\"><span class=\"q9uorilb tbxw36s4 knj5qynh kvgmc6g5 ditlmg2l oygrvhab nvdbi5me fgm26odu gl3lb2sf hhz5lgdu\"><img loading=\"lazy\" decoding=\"async\" src=\"https:\/\/static.xx.fbcdn.net\/images\/emoji.php\/v9\/t8f\/1\/16\/1f449_1f3fe.png\" alt=\"\ud83d\udc49\ud83c\udffe\" width=\"16\" height=\"16\" \/><\/span>\u201cDefensa y Cuidado de la Casa Com\u00fan\u201d es una publicaci\u00f3n que retoma la enc\u00edclica Laudato si\u2019 del Papa Francisco: la idea de la casa com\u00fan, el pensar la ciudad a escala humana, reflexionar sobre las consecuencias de la cultura del descarte y la necesidad del di\u00e1logo y el debate sobre la vida en comunidad m\u00e1s all\u00e1 de las creencias religiosas.<\/div>\n<\/div>\n<div class=\"o9v6fnle cxmmr5t8 oygrvhab hcukyx3x c1et5uql ii04i59q\">\n<div dir=\"auto\"><span class=\"q9uorilb tbxw36s4 knj5qynh kvgmc6g5 ditlmg2l oygrvhab nvdbi5me fgm26odu gl3lb2sf hhz5lgdu\"><img loading=\"lazy\" decoding=\"async\" src=\"https:\/\/static.xx.fbcdn.net\/images\/emoji.php\/v9\/t8f\/1\/16\/1f449_1f3fe.png\" alt=\"\ud83d\udc49\ud83c\udffe\" width=\"16\" height=\"16\" \/><\/span>\u201cLa emergencia de la Econom\u00eda Popular en la CABA\u201d profundiza sobre la situaci\u00f3n que atraviesa la econom\u00eda popular en la Ciudad, sus realidades, reclamos, marco jur\u00eddico, dificultades y expectativas. Incluye las voces de los trabajadores de la econom\u00eda popular, as\u00ed como de renombrados soci\u00f3logos, economistas y abogados. Se destaca el trabajo del Profesor Joseph Stiglitz, premio Nobel de Econom\u00eda en 2001.<\/div>\n<\/div>\n<\/div>\n<\/div>\n<\/div>\n<\/div>\n<\/div>\n","protected":false},"featured_media":56160,"template":"","meta":{"_acf_changed":false,"_et_pb_use_builder":"","_et_pb_old_content":"","_et_gb_content_width":"","cybocfi_hide_featured_image":""},"themes":[121,126],"agendas_globales":[],"class_list":["post-56159","events","type-events","status-publish","has-post-thumbnail","hentry","themes-economias-diversas-e-inclusivas","themes-funcion-social"],"acf":[],"yoast_head":"<!-- This site is optimized with the Yoast SEO plugin v27.5 - https:\/\/yoast.com\/product\/yoast-seo-wordpress\/ -->\n<title>Presentaci\u00f3n de las Revistas Institucionales del Ministerio P\u00fablico de la Defensa - Right to the city<\/title>\n<meta name=\"robots\" content=\"index, follow, max-snippet:-1, max-image-preview:large, max-video-preview:-1\" \/>\n<link rel=\"canonical\" href=\"https:\/\/www.right2city.org\/es\/events\/presentacion-de-las-revistas-institucionales-del-ministerio-publico-de-la-defensa\/\" \/>\n<meta property=\"og:locale\" content=\"es_ES\" \/>\n<meta property=\"og:type\" content=\"article\" \/>\n<meta property=\"og:title\" content=\"Presentaci\u00f3n de las Revistas Institucionales del Ministerio P\u00fablico de la Defensa - Right to the city\" \/>\n<meta property=\"og:description\" content=\"Presentaci\u00f3n de las Revistas Institucionales del MPD N\u00b018 \u00abDefensa y Cuidado de la Casa Com\u00fan\u00bb, y N\u00b0 22 \u00abLa emergencia de la Econom\u00eda Popular en la CABA\u00bb. Transmisi\u00f3n en vivo: https:\/\/bit.ly\/31EGPlf\u00a0P\u00fablico de la Defensa Este viernes 14 de Agosto, a las 17 hs. se realizar\u00e1 la presentaci\u00f3n de las Revistas Institucionales de la Defensa P\u00fablica [&hellip;]\" \/>\n<meta property=\"og:url\" content=\"https:\/\/www.right2city.org\/es\/events\/presentacion-de-las-revistas-institucionales-del-ministerio-publico-de-la-defensa\/\" \/>\n<meta property=\"og:site_name\" content=\"Right to the city\" \/>\n<meta property=\"og:image\" content=\"https:\/\/www.right2city.org\/wp-content\/uploads\/2020\/08\/EfJYi2AUEAY0tlE.jpeg\" \/>\n\t<meta property=\"og:image:width\" content=\"680\" \/>\n\t<meta property=\"og:image:height\" content=\"383\" \/>\n\t<meta property=\"og:image:type\" content=\"image\/jpeg\" \/>\n<meta name=\"twitter:card\" content=\"summary_large_image\" \/>\n<meta name=\"twitter:label1\" content=\"Tiempo de lectura\" \/>\n\t<meta name=\"twitter:data1\" content=\"2 minutos\" \/>\n<script type=\"application\/ld+json\" class=\"yoast-schema-graph\">{\"@context\":\"https:\\\/\\\/schema.org\",\"@graph\":[{\"@type\":\"WebPage\",\"@id\":\"https:\\\/\\\/www.right2city.org\\\/es\\\/events\\\/presentacion-de-las-revistas-institucionales-del-ministerio-publico-de-la-defensa\\\/\",\"url\":\"https:\\\/\\\/www.right2city.org\\\/es\\\/events\\\/presentacion-de-las-revistas-institucionales-del-ministerio-publico-de-la-defensa\\\/\",\"name\":\"Presentaci\u00f3n de las Revistas Institucionales del Ministerio P\u00fablico de la Defensa - Right to the city\",\"isPartOf\":{\"@id\":\"https:\\\/\\\/www.right2city.org\\\/es\\\/#website\"},\"primaryImageOfPage\":{\"@id\":\"https:\\\/\\\/www.right2city.org\\\/es\\\/events\\\/presentacion-de-las-revistas-institucionales-del-ministerio-publico-de-la-defensa\\\/#primaryimage\"},\"image\":{\"@id\":\"https:\\\/\\\/www.right2city.org\\\/es\\\/events\\\/presentacion-de-las-revistas-institucionales-del-ministerio-publico-de-la-defensa\\\/#primaryimage\"},\"thumbnailUrl\":\"https:\\\/\\\/www.right2city.org\\\/wp-content\\\/uploads\\\/2020\\\/08\\\/EfJYi2AUEAY0tlE.jpeg\",\"datePublished\":\"2020-08-12T14:12:10+00:00\",\"breadcrumb\":{\"@id\":\"https:\\\/\\\/www.right2city.org\\\/es\\\/events\\\/presentacion-de-las-revistas-institucionales-del-ministerio-publico-de-la-defensa\\\/#breadcrumb\"},\"inLanguage\":\"es\",\"potentialAction\":[{\"@type\":\"ReadAction\",\"target\":[\"https:\\\/\\\/www.right2city.org\\\/es\\\/events\\\/presentacion-de-las-revistas-institucionales-del-ministerio-publico-de-la-defensa\\\/\"]}]},{\"@type\":\"ImageObject\",\"inLanguage\":\"es\",\"@id\":\"https:\\\/\\\/www.right2city.org\\\/es\\\/events\\\/presentacion-de-las-revistas-institucionales-del-ministerio-publico-de-la-defensa\\\/#primaryimage\",\"url\":\"https:\\\/\\\/www.right2city.org\\\/wp-content\\\/uploads\\\/2020\\\/08\\\/EfJYi2AUEAY0tlE.jpeg\",\"contentUrl\":\"https:\\\/\\\/www.right2city.org\\\/wp-content\\\/uploads\\\/2020\\\/08\\\/EfJYi2AUEAY0tlE.jpeg\",\"width\":680,\"height\":383},{\"@type\":\"BreadcrumbList\",\"@id\":\"https:\\\/\\\/www.right2city.org\\\/es\\\/events\\\/presentacion-de-las-revistas-institucionales-del-ministerio-publico-de-la-defensa\\\/#breadcrumb\",\"itemListElement\":[{\"@type\":\"ListItem\",\"position\":1,\"name\":\"Home\",\"item\":\"https:\\\/\\\/www.right2city.org\\\/es\\\/\"},{\"@type\":\"ListItem\",\"position\":2,\"name\":\"Presentaci\u00f3n de las Revistas Institucionales del Ministerio P\u00fablico de la Defensa\"}]},{\"@type\":\"WebSite\",\"@id\":\"https:\\\/\\\/www.right2city.org\\\/es\\\/#website\",\"url\":\"https:\\\/\\\/www.right2city.org\\\/es\\\/\",\"name\":\"Right to the city\",\"description\":\"Global Platform for the Right to the City\",\"potentialAction\":[{\"@type\":\"SearchAction\",\"target\":{\"@type\":\"EntryPoint\",\"urlTemplate\":\"https:\\\/\\\/www.right2city.org\\\/es\\\/?s={search_term_string}\"},\"query-input\":{\"@type\":\"PropertyValueSpecification\",\"valueRequired\":true,\"valueName\":\"search_term_string\"}}],\"inLanguage\":\"es\"}]}<\/script>\n<!-- \/ Yoast SEO plugin. -->","yoast_head_json":{"title":"Presentaci\u00f3n de las Revistas Institucionales del Ministerio P\u00fablico de la Defensa - Right to the city","robots":{"index":"index","follow":"follow","max-snippet":"max-snippet:-1","max-image-preview":"max-image-preview:large","max-video-preview":"max-video-preview:-1"},"canonical":"https:\/\/www.right2city.org\/es\/events\/presentacion-de-las-revistas-institucionales-del-ministerio-publico-de-la-defensa\/","og_locale":"es_ES","og_type":"article","og_title":"Presentaci\u00f3n de las Revistas Institucionales del Ministerio P\u00fablico de la Defensa - Right to the city","og_description":"Presentaci\u00f3n de las Revistas Institucionales del MPD N\u00b018 \u00abDefensa y Cuidado de la Casa Com\u00fan\u00bb, y N\u00b0 22 \u00abLa emergencia de la Econom\u00eda Popular en la CABA\u00bb. Transmisi\u00f3n en vivo: https:\/\/bit.ly\/31EGPlf\u00a0P\u00fablico de la Defensa Este viernes 14 de Agosto, a las 17 hs. se realizar\u00e1 la presentaci\u00f3n de las Revistas Institucionales de la Defensa P\u00fablica [&hellip;]","og_url":"https:\/\/www.right2city.org\/es\/events\/presentacion-de-las-revistas-institucionales-del-ministerio-publico-de-la-defensa\/","og_site_name":"Right to the city","og_image":[{"width":680,"height":383,"url":"https:\/\/www.right2city.org\/wp-content\/uploads\/2020\/08\/EfJYi2AUEAY0tlE.jpeg","type":"image\/jpeg"}],"twitter_card":"summary_large_image","twitter_misc":{"Tiempo de lectura":"2 minutos"},"schema":{"@context":"https:\/\/schema.org","@graph":[{"@type":"WebPage","@id":"https:\/\/www.right2city.org\/es\/events\/presentacion-de-las-revistas-institucionales-del-ministerio-publico-de-la-defensa\/","url":"https:\/\/www.right2city.org\/es\/events\/presentacion-de-las-revistas-institucionales-del-ministerio-publico-de-la-defensa\/","name":"Presentaci\u00f3n de las Revistas Institucionales del Ministerio P\u00fablico de la Defensa - Right to the city","isPartOf":{"@id":"https:\/\/www.right2city.org\/es\/#website"},"primaryImageOfPage":{"@id":"https:\/\/www.right2city.org\/es\/events\/presentacion-de-las-revistas-institucionales-del-ministerio-publico-de-la-defensa\/#primaryimage"},"image":{"@id":"https:\/\/www.right2city.org\/es\/events\/presentacion-de-las-revistas-institucionales-del-ministerio-publico-de-la-defensa\/#primaryimage"},"thumbnailUrl":"https:\/\/www.right2city.org\/wp-content\/uploads\/2020\/08\/EfJYi2AUEAY0tlE.jpeg","datePublished":"2020-08-12T14:12:10+00:00","breadcrumb":{"@id":"https:\/\/www.right2city.org\/es\/events\/presentacion-de-las-revistas-institucionales-del-ministerio-publico-de-la-defensa\/#breadcrumb"},"inLanguage":"es","potentialAction":[{"@type":"ReadAction","target":["https:\/\/www.right2city.org\/es\/events\/presentacion-de-las-revistas-institucionales-del-ministerio-publico-de-la-defensa\/"]}]},{"@type":"ImageObject","inLanguage":"es","@id":"https:\/\/www.right2city.org\/es\/events\/presentacion-de-las-revistas-institucionales-del-ministerio-publico-de-la-defensa\/#primaryimage","url":"https:\/\/www.right2city.org\/wp-content\/uploads\/2020\/08\/EfJYi2AUEAY0tlE.jpeg","contentUrl":"https:\/\/www.right2city.org\/wp-content\/uploads\/2020\/08\/EfJYi2AUEAY0tlE.jpeg","width":680,"height":383},{"@type":"BreadcrumbList","@id":"https:\/\/www.right2city.org\/es\/events\/presentacion-de-las-revistas-institucionales-del-ministerio-publico-de-la-defensa\/#breadcrumb","itemListElement":[{"@type":"ListItem","position":1,"name":"Home","item":"https:\/\/www.right2city.org\/es\/"},{"@type":"ListItem","position":2,"name":"Presentaci\u00f3n de las Revistas Institucionales del Ministerio P\u00fablico de la Defensa"}]},{"@type":"WebSite","@id":"https:\/\/www.right2city.org\/es\/#website","url":"https:\/\/www.right2city.org\/es\/","name":"Right to the city","description":"Global Platform for the Right to the City","potentialAction":[{"@type":"SearchAction","target":{"@type":"EntryPoint","urlTemplate":"https:\/\/www.right2city.org\/es\/?s={search_term_string}"},"query-input":{"@type":"PropertyValueSpecification","valueRequired":true,"valueName":"search_term_string"}}],"inLanguage":"es"}]}},"_links":{"self":[{"href":"https:\/\/www.right2city.org\/es\/wp-json\/wp\/v2\/events\/56159","targetHints":{"allow":["GET"]}}],"collection":[{"href":"https:\/\/www.right2city.org\/es\/wp-json\/wp\/v2\/events"}],"about":[{"href":"https:\/\/www.right2city.org\/es\/wp-json\/wp\/v2\/types\/events"}],"wp:featuredmedia":[{"embeddable":true,"href":"https:\/\/www.right2city.org\/es\/wp-json\/wp\/v2\/media\/56160"}],"wp:attachment":[{"href":"https:\/\/www.right2city.org\/es\/wp-json\/wp\/v2\/media?parent=56159"}],"wp:term":[{"taxonomy":"themes","embeddable":true,"href":"https:\/\/www.right2city.org\/es\/wp-json\/wp\/v2\/themes?post=56159"},{"taxonomy":"agendas_globales","embeddable":true,"href":"https:\/\/www.right2city.org\/es\/wp-json\/wp\/v2\/agendas_globales?post=56159"}],"curies":[{"name":"wp","href":"https:\/\/api.w.org\/{rel}","templated":true}]}}