{"id":57043,"date":"2020-09-24T14:23:21","date_gmt":"2020-09-24T12:23:21","guid":{"rendered":"https:\/\/www.right2city.org\/?post_type=events&#038;p=57043"},"modified":"2021-05-20T09:50:06","modified_gmt":"2021-05-20T07:50:06","slug":"descifrar-el-derecho-a-la-ciudad","status":"publish","type":"events","link":"https:\/\/www.right2city.org\/es\/events\/descifrar-el-derecho-a-la-ciudad\/","title":{"rendered":"Curso en l\u00ednea \u00abDescifrar el Derecho a la Ciudad\u00bb"},"content":{"rendered":"<p><img loading=\"lazy\" decoding=\"async\" class=\"alignnone size-full wp-image-58455\" src=\"https:\/\/www.right2city.org\/wp-content\/uploads\/2020\/09\/ES_Decoding-the-Right-to-the-City.jpg\" alt=\"Descifrar el Derecho a la Ciudad\" width=\"1920\" height=\"1080\" srcset=\"https:\/\/www.right2city.org\/wp-content\/uploads\/2020\/09\/ES_Decoding-the-Right-to-the-City.jpg 1920w, https:\/\/www.right2city.org\/wp-content\/uploads\/2020\/09\/ES_Decoding-the-Right-to-the-City-1280x720.jpg 1280w, https:\/\/www.right2city.org\/wp-content\/uploads\/2020\/09\/ES_Decoding-the-Right-to-the-City-980x551.jpg 980w, https:\/\/www.right2city.org\/wp-content\/uploads\/2020\/09\/ES_Decoding-the-Right-to-the-City-480x270.jpg 480w\" sizes=\"(min-width: 0px) and (max-width: 480px) 480px, (min-width: 481px) and (max-width: 980px) 980px, (min-width: 981px) and (max-width: 1280px) 1280px, (min-width: 1281px) 1920px, 100vw\" \/><\/p>\n<p>&nbsp;<\/p>\n<h3 style=\"text-align: center;\"><span style=\"color: #800080;\"><strong>\u00a1Inscripciones cerradas! \u00a1Muchas gracias por el gran inter\u00e9s!<br \/>\n<\/strong><\/span><\/h3>\n<p>&nbsp;<\/p>\n<p>La Plataforma Global por el Derecho a la Ciudad (PGDC) tiene como objetivo contribuir al surgimiento de nuevas utop\u00edas emancipadoras y pactos sociales por un futuro mejor en todos los asentamientos humanos, dando visibilidad\/di\u00e1logo a las cosmovisiones transformadoras ya existentes y creando nuevos imaginarios colectivos posibles.<\/p>\n<p>Como estrategia para difundir el derecho a la ciudad a un p\u00fablico amplio e internacional, la <strong>PGDC lanza el curso en l\u00ednea \u00abDescifrar el Derecho a la Ciudad\u00bb<\/strong>,<strong> que pretende, a trav\u00e9s de un enfoque caleidosc\u00f3pico, presentar diferentes perspectivas e iniciativas para la realizaci\u00f3n del derecho a la ciudad.<\/strong><\/p>\n<p><strong>Miembros de la PGDC de diferentes regiones del mundo contribuir\u00e1n con su experiencia sobre el tema, conectando con los temas como: mujeres y g\u00e9nero; econom\u00edas inclusivas y solidarias y soberan\u00eda alimentaria; producci\u00f3n social del h\u00e1bitat y asentamientos informales; v\u00ednculos rurales-urbanos y dimensiones ambientales; y gobernanza democr\u00e1tica.<\/strong><\/p>\n<p>El curso se realizar\u00e1 a trav\u00e9s de la plataforma Zoom todos los jueves desde el 08 de abril hasta el 20 de mayo, con <strong>traducci\u00f3n simult\u00e1nea al espa\u00f1ol y al ingl\u00e9s<\/strong>, y est\u00e1 abierto al p\u00fablico en general.<\/p>\n<p>La inscripci\u00f3n ser\u00e1 <strong>gratuita y abierta<\/strong> a todas las personas interesadas en el tema [INSCRIPCIONES CERRADAS].<\/p>\n<p>&nbsp;<\/p>\n<h3><span style=\"color: #800080;\"><strong>Informaci\u00f3n principal<\/strong><\/span><\/h3>\n<p>Cu\u00e1ndo: <strong>Del 8 de abril al 20 de mayo, todos los jueves a las 14:00 horas (GMT)<\/strong> (<a href=\"https:\/\/www.timeanddate.com\/worldclock\/fixedtime.html?msg=Decoding+the+Right+to+the+City+%2F+Descifrando+el+Derecho+a+la+Ciudad&amp;iso=20210513T14&amp;p1=1440&amp;ah=2\" target=\"_blank\" rel=\"noopener noreferrer\">consulte su hora local aqu\u00ed<\/a>). <strong>Excepci\u00f3n:<\/strong> la clase sobre Gobernanza Democr\u00e1tica impartida por Kota Kita, <strong>20 de mayo, tendr\u00e1 lugar de 13 a 15 horas<\/strong> (GMT) (<a href=\"https:\/\/www.timeanddate.com\/worldclock\/fixedtime.html?msg=Decoding+the+Right+to+the+City+%7C+Kota+Kita+Session&amp;iso=20210520T13&amp;p1=1440\" target=\"_blank\" rel=\"noopener noreferrer\">consulte su hora local aqu\u00ed<\/a>).<\/p>\n<p>D\u00f3nde: <strong>Zoom<\/strong> (el enlace se enviar\u00e1 antes de la clase).<\/p>\n<p>Objetivo: <strong>Difundir el debate sobre el derecho a la ciudad a un p\u00fablico amplio e internacional.<\/strong><\/p>\n<p>P\u00fablico: <strong>Todos los interesados en el Derecho a la Ciudad.<\/strong><\/p>\n<p><strong>Inscripci\u00f3n: Even3 en el enlace <a href=\"https:\/\/www.even3.com.br\/decodingr2c\/\" target=\"_blank\" rel=\"noopener noreferrer\">https:\/\/www.even3.com.br\/decodingr2c<\/a> [INSCRIPCIONES CERRADAS].<\/strong><\/p>\n<h3><\/h3>\n<h3><b>Course program<\/b><\/h3>\n<table>\n<tbody>\n<tr>\n<td><\/td>\n<td><b>DATES AND TIMES<\/b><\/td>\n<td><b>THEMATIC<\/b><\/td>\n<td><b>EDUCATOR \/ MEDIATOR<\/b><\/td>\n<\/tr>\n<tr>\n<td rowspan=\"2\"><b>1st Class<\/b><\/td>\n<td rowspan=\"2\">08\/04\/2021<\/p>\n<p>2PM &#8211; 4PM GMT<\/td>\n<td><b>City as a common good<\/b><\/td>\n<td>Henrique Frota (P\u00f3lis)<\/td>\n<\/tr>\n<tr>\n<td>Mediation<\/td>\n<td>GPR2C Support Team<\/td>\n<\/tr>\n<tr>\n<td rowspan=\"2\"><b>2nd Class<\/b><\/td>\n<td rowspan=\"2\">15\/04\/2021<\/p>\n<p>2PM &#8211; 4PM GMT<\/td>\n<td><b>Women and Gender<\/b><\/td>\n<td>Ana Fal\u00fa (Red Mujer y H\u00e1bitat)<\/td>\n<\/tr>\n<tr>\n<td>Mediation<\/td>\n<td>GPR2C Support Team<\/td>\n<\/tr>\n<tr>\n<td rowspan=\"3\"><b>3rd Class<\/b><\/td>\n<td rowspan=\"3\">22\/04\/2021<\/p>\n<p>2PM &#8211; 4PM GMT<\/td>\n<td rowspan=\"2\"><b>Inclusive and solidary economies and Food Sovereignty<\/b><\/td>\n<td>Sonia Dias (WIEGO)<\/td>\n<\/tr>\n<tr>\n<td>Judith Hitchman (RIPESS)<\/td>\n<\/tr>\n<tr>\n<td>Mediation<\/td>\n<td>GPR2C Support Team<\/td>\n<\/tr>\n<tr>\n<td rowspan=\"3\"><b>4th Class<\/b><\/td>\n<td rowspan=\"3\">29\/04\/2021<\/p>\n<p>2PM &#8211; 4PM GMT<\/td>\n<td rowspan=\"2\"><b>Social production of habitat and informal settlements<\/b><\/td>\n<td>Alex Frediani (IIED)<\/td>\n<\/tr>\n<tr>\n<td>Frederick Kusambiza (PlanAct)<\/td>\n<\/tr>\n<tr>\n<td>Mediation<\/td>\n<td>GPR2C Support Team<\/td>\n<\/tr>\n<tr>\n<td rowspan=\"3\"><b>5th Class<\/b><\/td>\n<td rowspan=\"3\">06\/05\/2021<\/p>\n<p>2PM &#8211; 4PM GMT<\/td>\n<td rowspan=\"2\"><b>Rural-urban linkages and environmental dimensions<\/b><\/td>\n<td>Malick Gaye (ENDA)<\/td>\n<\/tr>\n<tr>\n<td>\u00c1lvaro Puertas (GPR2C Consultant)<\/td>\n<\/tr>\n<tr>\n<td>Mediation<\/td>\n<td>GPR2C Support Team<\/td>\n<\/tr>\n<tr>\n<td rowspan=\"2\"><b>6th Class<\/b><\/td>\n<td rowspan=\"2\">13\/05\/2021<\/p>\n<p>2PM &#8211; 4PM GMT<\/td>\n<td><b>International agendas and the realization of the Right to the City<\/b><\/td>\n<td>Nelson Saule (P\u00f3lis)<\/td>\n<\/tr>\n<tr>\n<td>Mediation<\/td>\n<td>GPR2C Support Team<\/td>\n<\/tr>\n<tr>\n<td rowspan=\"2\"><b>7th Class<\/b><\/td>\n<td rowspan=\"2\">20\/05\/2021<\/p>\n<p>13PM &#8211; 15PM GMT<\/td>\n<td><b>Democratic governance<\/b><\/td>\n<td>Ahmad Rifai (Kota Kita)<\/td>\n<\/tr>\n<tr>\n<td>Mediation<\/td>\n<td>GPR2C Support Team<\/td>\n<\/tr>\n<\/tbody>\n<\/table>\n<p>&nbsp;<\/p>\n<p>&nbsp;<\/p>\n","protected":false},"featured_media":58455,"template":"","meta":{"_acf_changed":false,"_et_pb_use_builder":"","_et_pb_old_content":"","_et_gb_content_width":"","cybocfi_hide_featured_image":""},"themes":[122,125,121,126,127,114,123,124],"agendas_globales":[],"class_list":["post-57043","events","type-events","status-publish","has-post-thumbnail","hentry","themes-calidad-de-espacios-publicos-y-servicios","themes-ciudadania-inclusiva","themes-economias-diversas-e-inclusivas","themes-funcion-social","themes-igualdad-de-genero","themes-mayor-participacion-politica","themes-no-discriminacion","themes-vinculos-rurales-locales"],"acf":[],"yoast_head":"<!-- This site is optimized with the Yoast SEO plugin v27.4 - https:\/\/yoast.com\/product\/yoast-seo-wordpress\/ -->\n<title>Curso en l\u00ednea &quot;Descifrar el Derecho a la Ciudad&quot; - Right to the city<\/title>\n<meta name=\"robots\" content=\"index, follow, max-snippet:-1, max-image-preview:large, max-video-preview:-1\" \/>\n<link rel=\"canonical\" href=\"https:\/\/www.right2city.org\/es\/events\/descifrar-el-derecho-a-la-ciudad\/\" \/>\n<meta property=\"og:locale\" content=\"es_ES\" \/>\n<meta property=\"og:type\" content=\"article\" \/>\n<meta property=\"og:title\" content=\"Curso en l\u00ednea &quot;Descifrar el Derecho a la Ciudad&quot; - Right to the city\" \/>\n<meta property=\"og:description\" content=\"&nbsp; \u00a1Inscripciones cerradas! \u00a1Muchas gracias por el gran inter\u00e9s! &nbsp; La Plataforma Global por el Derecho a la Ciudad (PGDC) tiene como objetivo contribuir al surgimiento de nuevas utop\u00edas emancipadoras y pactos sociales por un futuro mejor en todos los asentamientos humanos, dando visibilidad\/di\u00e1logo a las cosmovisiones transformadoras ya existentes y creando nuevos imaginarios colectivos [&hellip;]\" \/>\n<meta property=\"og:url\" content=\"https:\/\/www.right2city.org\/es\/events\/descifrar-el-derecho-a-la-ciudad\/\" \/>\n<meta property=\"og:site_name\" content=\"Right to the city\" \/>\n<meta property=\"article:modified_time\" content=\"2021-05-20T07:50:06+00:00\" \/>\n<meta property=\"og:image\" content=\"https:\/\/www.right2city.org\/wp-content\/uploads\/2020\/09\/ES_Decoding-the-Right-to-the-City.jpg\" \/>\n\t<meta property=\"og:image:width\" content=\"1920\" \/>\n\t<meta property=\"og:image:height\" content=\"1080\" \/>\n\t<meta property=\"og:image:type\" content=\"image\/jpeg\" \/>\n<meta name=\"twitter:card\" content=\"summary_large_image\" \/>\n<meta name=\"twitter:label1\" content=\"Tiempo de lectura\" \/>\n\t<meta name=\"twitter:data1\" content=\"2 minutos\" \/>\n<script type=\"application\/ld+json\" class=\"yoast-schema-graph\">{\"@context\":\"https:\\\/\\\/schema.org\",\"@graph\":[{\"@type\":\"WebPage\",\"@id\":\"https:\\\/\\\/www.right2city.org\\\/es\\\/events\\\/descifrar-el-derecho-a-la-ciudad\\\/\",\"url\":\"https:\\\/\\\/www.right2city.org\\\/es\\\/events\\\/descifrar-el-derecho-a-la-ciudad\\\/\",\"name\":\"Curso en l\u00ednea \\\"Descifrar el Derecho a la Ciudad\\\" - Right to the city\",\"isPartOf\":{\"@id\":\"https:\\\/\\\/www.right2city.org\\\/es\\\/#website\"},\"primaryImageOfPage\":{\"@id\":\"https:\\\/\\\/www.right2city.org\\\/es\\\/events\\\/descifrar-el-derecho-a-la-ciudad\\\/#primaryimage\"},\"image\":{\"@id\":\"https:\\\/\\\/www.right2city.org\\\/es\\\/events\\\/descifrar-el-derecho-a-la-ciudad\\\/#primaryimage\"},\"thumbnailUrl\":\"https:\\\/\\\/www.right2city.org\\\/wp-content\\\/uploads\\\/2020\\\/09\\\/ES_Decoding-the-Right-to-the-City.jpg\",\"datePublished\":\"2020-09-24T12:23:21+00:00\",\"dateModified\":\"2021-05-20T07:50:06+00:00\",\"breadcrumb\":{\"@id\":\"https:\\\/\\\/www.right2city.org\\\/es\\\/events\\\/descifrar-el-derecho-a-la-ciudad\\\/#breadcrumb\"},\"inLanguage\":\"es\",\"potentialAction\":[{\"@type\":\"ReadAction\",\"target\":[\"https:\\\/\\\/www.right2city.org\\\/es\\\/events\\\/descifrar-el-derecho-a-la-ciudad\\\/\"]}]},{\"@type\":\"ImageObject\",\"inLanguage\":\"es\",\"@id\":\"https:\\\/\\\/www.right2city.org\\\/es\\\/events\\\/descifrar-el-derecho-a-la-ciudad\\\/#primaryimage\",\"url\":\"https:\\\/\\\/www.right2city.org\\\/wp-content\\\/uploads\\\/2020\\\/09\\\/ES_Decoding-the-Right-to-the-City.jpg\",\"contentUrl\":\"https:\\\/\\\/www.right2city.org\\\/wp-content\\\/uploads\\\/2020\\\/09\\\/ES_Decoding-the-Right-to-the-City.jpg\",\"width\":1920,\"height\":1080,\"caption\":\"Descifrar el Derecho a la Ciudad\"},{\"@type\":\"BreadcrumbList\",\"@id\":\"https:\\\/\\\/www.right2city.org\\\/es\\\/events\\\/descifrar-el-derecho-a-la-ciudad\\\/#breadcrumb\",\"itemListElement\":[{\"@type\":\"ListItem\",\"position\":1,\"name\":\"Home\",\"item\":\"https:\\\/\\\/www.right2city.org\\\/es\\\/\"},{\"@type\":\"ListItem\",\"position\":2,\"name\":\"Curso en l\u00ednea \u00abDescifrar el Derecho a la Ciudad\u00bb\"}]},{\"@type\":\"WebSite\",\"@id\":\"https:\\\/\\\/www.right2city.org\\\/es\\\/#website\",\"url\":\"https:\\\/\\\/www.right2city.org\\\/es\\\/\",\"name\":\"Right to the city\",\"description\":\"Global Platform for the Right to the City\",\"potentialAction\":[{\"@type\":\"SearchAction\",\"target\":{\"@type\":\"EntryPoint\",\"urlTemplate\":\"https:\\\/\\\/www.right2city.org\\\/es\\\/?s={search_term_string}\"},\"query-input\":{\"@type\":\"PropertyValueSpecification\",\"valueRequired\":true,\"valueName\":\"search_term_string\"}}],\"inLanguage\":\"es\"}]}<\/script>\n<!-- \/ Yoast SEO plugin. -->","yoast_head_json":{"title":"Curso en l\u00ednea \"Descifrar el Derecho a la Ciudad\" - Right to the city","robots":{"index":"index","follow":"follow","max-snippet":"max-snippet:-1","max-image-preview":"max-image-preview:large","max-video-preview":"max-video-preview:-1"},"canonical":"https:\/\/www.right2city.org\/es\/events\/descifrar-el-derecho-a-la-ciudad\/","og_locale":"es_ES","og_type":"article","og_title":"Curso en l\u00ednea \"Descifrar el Derecho a la Ciudad\" - Right to the city","og_description":"&nbsp; \u00a1Inscripciones cerradas! \u00a1Muchas gracias por el gran inter\u00e9s! &nbsp; La Plataforma Global por el Derecho a la Ciudad (PGDC) tiene como objetivo contribuir al surgimiento de nuevas utop\u00edas emancipadoras y pactos sociales por un futuro mejor en todos los asentamientos humanos, dando visibilidad\/di\u00e1logo a las cosmovisiones transformadoras ya existentes y creando nuevos imaginarios colectivos [&hellip;]","og_url":"https:\/\/www.right2city.org\/es\/events\/descifrar-el-derecho-a-la-ciudad\/","og_site_name":"Right to the city","article_modified_time":"2021-05-20T07:50:06+00:00","og_image":[{"width":1920,"height":1080,"url":"https:\/\/www.right2city.org\/wp-content\/uploads\/2020\/09\/ES_Decoding-the-Right-to-the-City.jpg","type":"image\/jpeg"}],"twitter_card":"summary_large_image","twitter_misc":{"Tiempo de lectura":"2 minutos"},"schema":{"@context":"https:\/\/schema.org","@graph":[{"@type":"WebPage","@id":"https:\/\/www.right2city.org\/es\/events\/descifrar-el-derecho-a-la-ciudad\/","url":"https:\/\/www.right2city.org\/es\/events\/descifrar-el-derecho-a-la-ciudad\/","name":"Curso en l\u00ednea \"Descifrar el Derecho a la Ciudad\" - Right to the city","isPartOf":{"@id":"https:\/\/www.right2city.org\/es\/#website"},"primaryImageOfPage":{"@id":"https:\/\/www.right2city.org\/es\/events\/descifrar-el-derecho-a-la-ciudad\/#primaryimage"},"image":{"@id":"https:\/\/www.right2city.org\/es\/events\/descifrar-el-derecho-a-la-ciudad\/#primaryimage"},"thumbnailUrl":"https:\/\/www.right2city.org\/wp-content\/uploads\/2020\/09\/ES_Decoding-the-Right-to-the-City.jpg","datePublished":"2020-09-24T12:23:21+00:00","dateModified":"2021-05-20T07:50:06+00:00","breadcrumb":{"@id":"https:\/\/www.right2city.org\/es\/events\/descifrar-el-derecho-a-la-ciudad\/#breadcrumb"},"inLanguage":"es","potentialAction":[{"@type":"ReadAction","target":["https:\/\/www.right2city.org\/es\/events\/descifrar-el-derecho-a-la-ciudad\/"]}]},{"@type":"ImageObject","inLanguage":"es","@id":"https:\/\/www.right2city.org\/es\/events\/descifrar-el-derecho-a-la-ciudad\/#primaryimage","url":"https:\/\/www.right2city.org\/wp-content\/uploads\/2020\/09\/ES_Decoding-the-Right-to-the-City.jpg","contentUrl":"https:\/\/www.right2city.org\/wp-content\/uploads\/2020\/09\/ES_Decoding-the-Right-to-the-City.jpg","width":1920,"height":1080,"caption":"Descifrar el Derecho a la Ciudad"},{"@type":"BreadcrumbList","@id":"https:\/\/www.right2city.org\/es\/events\/descifrar-el-derecho-a-la-ciudad\/#breadcrumb","itemListElement":[{"@type":"ListItem","position":1,"name":"Home","item":"https:\/\/www.right2city.org\/es\/"},{"@type":"ListItem","position":2,"name":"Curso en l\u00ednea \u00abDescifrar el Derecho a la Ciudad\u00bb"}]},{"@type":"WebSite","@id":"https:\/\/www.right2city.org\/es\/#website","url":"https:\/\/www.right2city.org\/es\/","name":"Right to the city","description":"Global Platform for the Right to the City","potentialAction":[{"@type":"SearchAction","target":{"@type":"EntryPoint","urlTemplate":"https:\/\/www.right2city.org\/es\/?s={search_term_string}"},"query-input":{"@type":"PropertyValueSpecification","valueRequired":true,"valueName":"search_term_string"}}],"inLanguage":"es"}]}},"_links":{"self":[{"href":"https:\/\/www.right2city.org\/es\/wp-json\/wp\/v2\/events\/57043","targetHints":{"allow":["GET"]}}],"collection":[{"href":"https:\/\/www.right2city.org\/es\/wp-json\/wp\/v2\/events"}],"about":[{"href":"https:\/\/www.right2city.org\/es\/wp-json\/wp\/v2\/types\/events"}],"wp:featuredmedia":[{"embeddable":true,"href":"https:\/\/www.right2city.org\/es\/wp-json\/wp\/v2\/media\/58455"}],"wp:attachment":[{"href":"https:\/\/www.right2city.org\/es\/wp-json\/wp\/v2\/media?parent=57043"}],"wp:term":[{"taxonomy":"themes","embeddable":true,"href":"https:\/\/www.right2city.org\/es\/wp-json\/wp\/v2\/themes?post=57043"},{"taxonomy":"agendas_globales","embeddable":true,"href":"https:\/\/www.right2city.org\/es\/wp-json\/wp\/v2\/agendas_globales?post=57043"}],"curies":[{"name":"wp","href":"https:\/\/api.w.org\/{rel}","templated":true}]}}