{"id":57782,"date":"2020-12-01T13:22:32","date_gmt":"2020-12-01T11:22:32","guid":{"rendered":"https:\/\/www.right2city.org\/?post_type=events&#038;p=57782"},"modified":"2020-12-02T10:58:18","modified_gmt":"2020-12-02T08:58:18","slug":"conectando-a-traves-de-los-derechos-al-habitat-y-el-derecho-a-la-ciudad-un-dialogo-colectivo-entre-relatores-especiales-de-las-naciones-unidas","status":"publish","type":"events","link":"https:\/\/www.right2city.org\/es\/events\/conectando-a-traves-de-los-derechos-al-habitat-y-el-derecho-a-la-ciudad-un-dialogo-colectivo-entre-relatores-especiales-de-las-naciones-unidas\/","title":{"rendered":"Conectando a trav\u00e9s de los derechos al h\u00e1bitat y el derecho a la ciudad: un di\u00e1logo colectivo entre Relatores Especiales de las Naciones Unidas"},"content":{"rendered":"<p><img loading=\"lazy\" decoding=\"async\" class=\"aligncenter size-full wp-image-57799\" src=\"https:\/\/www.right2city.org\/wp-content\/uploads\/2020\/12\/CRL_ESP_HIC-1.png\" alt=\"\" width=\"1024\" height=\"512\" srcset=\"https:\/\/www.right2city.org\/wp-content\/uploads\/2020\/12\/CRL_ESP_HIC-1.png 1024w, https:\/\/www.right2city.org\/wp-content\/uploads\/2020\/12\/CRL_ESP_HIC-1-980x490.png 980w, https:\/\/www.right2city.org\/wp-content\/uploads\/2020\/12\/CRL_ESP_HIC-1-480x240.png 480w\" sizes=\"(min-width: 0px) and (max-width: 480px) 480px, (min-width: 481px) and (max-width: 980px) 980px, (min-width: 981px) 1024px, 100vw\" \/><\/p>\n<h3><\/h3>\n<h3><em>Este di\u00e1logo colectivo ser\u00e1 el comienzo de la conexi\u00f3n entre el espectro de los Derechos del H\u00e1bitat y el Derecho a la Ciudad: Mesa redonda entre Relatores Especiales de las Naciones Unidas, organizaciones de la sociedad civil y gobiernos locales y regionales<\/em><\/h3>\n<div>\n<p>La\u00a0<b>pandemia de COVID-19<\/b>\u00a0ha demostrado que no es posible separar la protecci\u00f3n de la salud del acceso al agua y el saneamiento, la vivienda, la alimentaci\u00f3n, la educaci\u00f3n, el trabajo y otros, lo que hace evidente la\u00a0<b>universalidad e interdependencia de los derechos.<\/b>\u00a0El contexto actual tambi\u00e9n ha abierto\u00a0<b>nuevos espacios de colaboraci\u00f3n<\/b>\u00a0entre agentes que trabajan en diferentes niveles y \u00e1mbitos para responder conjuntamente a\u00a0<b>desaf\u00edos compartidos.\u00a0<\/b><\/p>\n<p>En este marco, la\u00a0<a href=\"https:\/\/www.right2city.org\/es\/\">Plataforma Global por el Derecho a la Ciudad<\/a>, la\u00a0<a href=\"https:\/\/www.hic-net.org\/es\/\">Coalici\u00f3n Internacional del H\u00e1bitat<\/a>\u00a0y\u00a0<a href=\"https:\/\/www.uclg.org\/\">Ciudades y Gobiernos Locales Unidos<\/a>\u00a0se han sumado para organizar\u00a0<b>un di\u00e1logo colectivo entre Relatores Especiales de las Naciones Unidas, organizaciones de la sociedad civil y gobiernos locales y regionales.\u00a0<\/b>Sobre la base de colaboraciones anteriores que las tres co-organizadoras y sus miembros han llevado a cabo con diferentes titulares de mandatos, la iniciativa tiene por objeto fortalecer y apoyar su labor, identificando posibles<b>\u00a0esferas y canales de cooperaci\u00f3n y colaboraci\u00f3n con las organizaciones de la sociedad civil y los gobiernos locales<\/b>\u00a0en el marco de los\u00a0<b>Derechos al H\u00e1bitat y el Derecho a la Ciudad.<\/b>El di\u00e1logo tendr\u00e1 lugar en\u00a0<b>dos sesiones con diferentes titulares de mandatos<\/b>, la primera de las cuales tendr\u00e1 lugar el\u00a0<b>viernes 4 de diciembre de 2020, entre las 15h y las 17h CET<\/b>\u00a0(<a href=\"https:\/\/www.timeanddate.com\/worldclock\/fixedtime.html?msg=Roundtable+between+Special+Rapporteurs%2C+civil+society+organizations+and+local+govs&amp;iso=20201204T15&amp;p1=31&amp;ah=2\">compruebe su hora local aqu\u00ed<\/a>) con los siguientes titulares de mandato:<\/p>\n<ul>\n<li>\n<h3><span style=\"font-size: 12pt;\"><strong><span style=\"color: #800080;\"><a style=\"color: #800080;\" href=\"https:\/\/www.ohchr.org\/EN\/Issues\/Housing\/Pages\/BalakrishnanRajagopal.aspx\">Sr. Balakrishnan Rajagopal,<\/a><\/span><\/strong>\u00a0\u00a0Relator Especial de las Naciones Unidas sobre el derecho a una vivienda adecuada;<\/span><\/h3>\n<\/li>\n<li>\n<h3><span style=\"font-size: 12pt;\"><strong><span style=\"color: #800080;\"><a style=\"color: #800080;\" href=\"https:\/\/www.ohchr.org\/EN\/Issues\/WaterAndSanitation\/SRWater\/Pages\/PedroArrojoAgudo.aspx\">Sr. Pedro Arrojo-Agudo<\/a>,<\/span><\/strong>\u00a0Relator Especial de las Naciones Unidas sobre los derechos humanos al agua potable y el saneamiento;<\/span><\/h3>\n<\/li>\n<li>\n<h3><span style=\"font-size: 12pt;\"><strong><span style=\"color: #800080;\"><a style=\"color: #800080;\" href=\"https:\/\/www.ohchr.org\/EN\/Issues\/Migration\/SRMigrants\/Pages\/FelipeGonzalezMorales.aspx\">Sr. Felipe Gonz\u00e1lez Moralez,<\/a><\/span><\/strong>\u00a0Relator Especial de las Naciones Unidas sobre los derechos humanos de los migrantes;<\/span><\/h3>\n<\/li>\n<li>\n<h3><span style=\"font-size: 12pt;\"><a href=\"https:\/\/www.ohchr.org\/EN\/Issues\/SexualOrientationGender\/Pages\/VictorMadrigalBorloz.aspx\"><span style=\"color: #800080;\"><strong>Sr. Victor Madrigal-Borloz<\/strong><\/span>,<\/a>\u00a0Experto independiente de las Naciones Unidas sobre la protecci\u00f3n contra la violencia y la discriminaci\u00f3n basadas en la orientaci\u00f3n sexual y la identidad de g\u00e9nero;<\/span><\/h3>\n<\/li>\n<\/ul>\n<\/div>\n","protected":false},"featured_media":0,"template":"","meta":{"_acf_changed":false,"_et_pb_use_builder":"","_et_pb_old_content":"","_et_gb_content_width":"","cybocfi_hide_featured_image":""},"themes":[125,126,127,123],"agendas_globales":[270],"class_list":["post-57782","events","type-events","status-publish","hentry","themes-ciudadania-inclusiva","themes-funcion-social","themes-igualdad-de-genero","themes-no-discriminacion","agendas_globales-relator-especial-de-naciones-unidas-sobre-el-derecho-a-una-vivienda-adecuada"],"acf":[],"yoast_head":"<!-- This site is optimized with the Yoast SEO plugin v27.5 - https:\/\/yoast.com\/product\/yoast-seo-wordpress\/ -->\n<title>Conectando a trav\u00e9s de los derechos al h\u00e1bitat y el derecho a la ciudad: un di\u00e1logo colectivo entre Relatores Especiales de las Naciones Unidas - Right to the city<\/title>\n<meta name=\"robots\" content=\"index, follow, max-snippet:-1, max-image-preview:large, max-video-preview:-1\" \/>\n<link rel=\"canonical\" href=\"https:\/\/www.right2city.org\/es\/events\/conectando-a-traves-de-los-derechos-al-habitat-y-el-derecho-a-la-ciudad-un-dialogo-colectivo-entre-relatores-especiales-de-las-naciones-unidas\/\" \/>\n<meta property=\"og:locale\" content=\"es_ES\" \/>\n<meta property=\"og:type\" content=\"article\" \/>\n<meta property=\"og:title\" content=\"Conectando a trav\u00e9s de los derechos al h\u00e1bitat y el derecho a la ciudad: un di\u00e1logo colectivo entre Relatores Especiales de las Naciones Unidas - Right to the city\" \/>\n<meta property=\"og:description\" content=\"Este di\u00e1logo colectivo ser\u00e1 el comienzo de la conexi\u00f3n entre el espectro de los Derechos del H\u00e1bitat y el Derecho a la Ciudad: Mesa redonda entre Relatores Especiales de las Naciones Unidas, organizaciones de la sociedad civil y gobiernos locales y regionales La\u00a0pandemia de COVID-19\u00a0ha demostrado que no es posible separar la protecci\u00f3n de la [&hellip;]\" \/>\n<meta property=\"og:url\" content=\"https:\/\/www.right2city.org\/es\/events\/conectando-a-traves-de-los-derechos-al-habitat-y-el-derecho-a-la-ciudad-un-dialogo-colectivo-entre-relatores-especiales-de-las-naciones-unidas\/\" \/>\n<meta property=\"og:site_name\" content=\"Right to the city\" \/>\n<meta property=\"article:modified_time\" content=\"2020-12-02T08:58:18+00:00\" \/>\n<meta property=\"og:image\" content=\"https:\/\/www.right2city.org\/wp-content\/uploads\/2020\/12\/CRL_ESP_HIC-1.png\" \/>\n<meta name=\"twitter:card\" content=\"summary_large_image\" \/>\n<meta name=\"twitter:label1\" content=\"Tiempo de lectura\" \/>\n\t<meta name=\"twitter:data1\" content=\"2 minutos\" \/>\n<script type=\"application\/ld+json\" class=\"yoast-schema-graph\">{\"@context\":\"https:\\\/\\\/schema.org\",\"@graph\":[{\"@type\":\"WebPage\",\"@id\":\"https:\\\/\\\/www.right2city.org\\\/es\\\/events\\\/conectando-a-traves-de-los-derechos-al-habitat-y-el-derecho-a-la-ciudad-un-dialogo-colectivo-entre-relatores-especiales-de-las-naciones-unidas\\\/\",\"url\":\"https:\\\/\\\/www.right2city.org\\\/es\\\/events\\\/conectando-a-traves-de-los-derechos-al-habitat-y-el-derecho-a-la-ciudad-un-dialogo-colectivo-entre-relatores-especiales-de-las-naciones-unidas\\\/\",\"name\":\"Conectando a trav\u00e9s de los derechos al h\u00e1bitat y el derecho a la ciudad: un di\u00e1logo colectivo entre Relatores Especiales de las Naciones Unidas - Right to the city\",\"isPartOf\":{\"@id\":\"https:\\\/\\\/www.right2city.org\\\/es\\\/#website\"},\"primaryImageOfPage\":{\"@id\":\"https:\\\/\\\/www.right2city.org\\\/es\\\/events\\\/conectando-a-traves-de-los-derechos-al-habitat-y-el-derecho-a-la-ciudad-un-dialogo-colectivo-entre-relatores-especiales-de-las-naciones-unidas\\\/#primaryimage\"},\"image\":{\"@id\":\"https:\\\/\\\/www.right2city.org\\\/es\\\/events\\\/conectando-a-traves-de-los-derechos-al-habitat-y-el-derecho-a-la-ciudad-un-dialogo-colectivo-entre-relatores-especiales-de-las-naciones-unidas\\\/#primaryimage\"},\"thumbnailUrl\":\"https:\\\/\\\/www.right2city.org\\\/wp-content\\\/uploads\\\/2020\\\/12\\\/CRL_ESP_HIC-1.png\",\"datePublished\":\"2020-12-01T11:22:32+00:00\",\"dateModified\":\"2020-12-02T08:58:18+00:00\",\"breadcrumb\":{\"@id\":\"https:\\\/\\\/www.right2city.org\\\/es\\\/events\\\/conectando-a-traves-de-los-derechos-al-habitat-y-el-derecho-a-la-ciudad-un-dialogo-colectivo-entre-relatores-especiales-de-las-naciones-unidas\\\/#breadcrumb\"},\"inLanguage\":\"es\",\"potentialAction\":[{\"@type\":\"ReadAction\",\"target\":[\"https:\\\/\\\/www.right2city.org\\\/es\\\/events\\\/conectando-a-traves-de-los-derechos-al-habitat-y-el-derecho-a-la-ciudad-un-dialogo-colectivo-entre-relatores-especiales-de-las-naciones-unidas\\\/\"]}]},{\"@type\":\"ImageObject\",\"inLanguage\":\"es\",\"@id\":\"https:\\\/\\\/www.right2city.org\\\/es\\\/events\\\/conectando-a-traves-de-los-derechos-al-habitat-y-el-derecho-a-la-ciudad-un-dialogo-colectivo-entre-relatores-especiales-de-las-naciones-unidas\\\/#primaryimage\",\"url\":\"https:\\\/\\\/www.right2city.org\\\/wp-content\\\/uploads\\\/2020\\\/12\\\/CRL_ESP_HIC-1.png\",\"contentUrl\":\"https:\\\/\\\/www.right2city.org\\\/wp-content\\\/uploads\\\/2020\\\/12\\\/CRL_ESP_HIC-1.png\"},{\"@type\":\"BreadcrumbList\",\"@id\":\"https:\\\/\\\/www.right2city.org\\\/es\\\/events\\\/conectando-a-traves-de-los-derechos-al-habitat-y-el-derecho-a-la-ciudad-un-dialogo-colectivo-entre-relatores-especiales-de-las-naciones-unidas\\\/#breadcrumb\",\"itemListElement\":[{\"@type\":\"ListItem\",\"position\":1,\"name\":\"Home\",\"item\":\"https:\\\/\\\/www.right2city.org\\\/es\\\/\"},{\"@type\":\"ListItem\",\"position\":2,\"name\":\"Conectando a trav\u00e9s de los derechos al h\u00e1bitat y el derecho a la ciudad: un di\u00e1logo colectivo entre Relatores Especiales de las Naciones Unidas\"}]},{\"@type\":\"WebSite\",\"@id\":\"https:\\\/\\\/www.right2city.org\\\/es\\\/#website\",\"url\":\"https:\\\/\\\/www.right2city.org\\\/es\\\/\",\"name\":\"Right to the city\",\"description\":\"Global Platform for the Right to the City\",\"potentialAction\":[{\"@type\":\"SearchAction\",\"target\":{\"@type\":\"EntryPoint\",\"urlTemplate\":\"https:\\\/\\\/www.right2city.org\\\/es\\\/?s={search_term_string}\"},\"query-input\":{\"@type\":\"PropertyValueSpecification\",\"valueRequired\":true,\"valueName\":\"search_term_string\"}}],\"inLanguage\":\"es\"}]}<\/script>\n<!-- \/ Yoast SEO plugin. -->","yoast_head_json":{"title":"Conectando a trav\u00e9s de los derechos al h\u00e1bitat y el derecho a la ciudad: un di\u00e1logo colectivo entre Relatores Especiales de las Naciones Unidas - Right to the city","robots":{"index":"index","follow":"follow","max-snippet":"max-snippet:-1","max-image-preview":"max-image-preview:large","max-video-preview":"max-video-preview:-1"},"canonical":"https:\/\/www.right2city.org\/es\/events\/conectando-a-traves-de-los-derechos-al-habitat-y-el-derecho-a-la-ciudad-un-dialogo-colectivo-entre-relatores-especiales-de-las-naciones-unidas\/","og_locale":"es_ES","og_type":"article","og_title":"Conectando a trav\u00e9s de los derechos al h\u00e1bitat y el derecho a la ciudad: un di\u00e1logo colectivo entre Relatores Especiales de las Naciones Unidas - Right to the city","og_description":"Este di\u00e1logo colectivo ser\u00e1 el comienzo de la conexi\u00f3n entre el espectro de los Derechos del H\u00e1bitat y el Derecho a la Ciudad: Mesa redonda entre Relatores Especiales de las Naciones Unidas, organizaciones de la sociedad civil y gobiernos locales y regionales La\u00a0pandemia de COVID-19\u00a0ha demostrado que no es posible separar la protecci\u00f3n de la [&hellip;]","og_url":"https:\/\/www.right2city.org\/es\/events\/conectando-a-traves-de-los-derechos-al-habitat-y-el-derecho-a-la-ciudad-un-dialogo-colectivo-entre-relatores-especiales-de-las-naciones-unidas\/","og_site_name":"Right to the city","article_modified_time":"2020-12-02T08:58:18+00:00","og_image":[{"url":"https:\/\/www.right2city.org\/wp-content\/uploads\/2020\/12\/CRL_ESP_HIC-1.png","type":"","width":"","height":""}],"twitter_card":"summary_large_image","twitter_misc":{"Tiempo de lectura":"2 minutos"},"schema":{"@context":"https:\/\/schema.org","@graph":[{"@type":"WebPage","@id":"https:\/\/www.right2city.org\/es\/events\/conectando-a-traves-de-los-derechos-al-habitat-y-el-derecho-a-la-ciudad-un-dialogo-colectivo-entre-relatores-especiales-de-las-naciones-unidas\/","url":"https:\/\/www.right2city.org\/es\/events\/conectando-a-traves-de-los-derechos-al-habitat-y-el-derecho-a-la-ciudad-un-dialogo-colectivo-entre-relatores-especiales-de-las-naciones-unidas\/","name":"Conectando a trav\u00e9s de los derechos al h\u00e1bitat y el derecho a la ciudad: un di\u00e1logo colectivo entre Relatores Especiales de las Naciones Unidas - Right to the city","isPartOf":{"@id":"https:\/\/www.right2city.org\/es\/#website"},"primaryImageOfPage":{"@id":"https:\/\/www.right2city.org\/es\/events\/conectando-a-traves-de-los-derechos-al-habitat-y-el-derecho-a-la-ciudad-un-dialogo-colectivo-entre-relatores-especiales-de-las-naciones-unidas\/#primaryimage"},"image":{"@id":"https:\/\/www.right2city.org\/es\/events\/conectando-a-traves-de-los-derechos-al-habitat-y-el-derecho-a-la-ciudad-un-dialogo-colectivo-entre-relatores-especiales-de-las-naciones-unidas\/#primaryimage"},"thumbnailUrl":"https:\/\/www.right2city.org\/wp-content\/uploads\/2020\/12\/CRL_ESP_HIC-1.png","datePublished":"2020-12-01T11:22:32+00:00","dateModified":"2020-12-02T08:58:18+00:00","breadcrumb":{"@id":"https:\/\/www.right2city.org\/es\/events\/conectando-a-traves-de-los-derechos-al-habitat-y-el-derecho-a-la-ciudad-un-dialogo-colectivo-entre-relatores-especiales-de-las-naciones-unidas\/#breadcrumb"},"inLanguage":"es","potentialAction":[{"@type":"ReadAction","target":["https:\/\/www.right2city.org\/es\/events\/conectando-a-traves-de-los-derechos-al-habitat-y-el-derecho-a-la-ciudad-un-dialogo-colectivo-entre-relatores-especiales-de-las-naciones-unidas\/"]}]},{"@type":"ImageObject","inLanguage":"es","@id":"https:\/\/www.right2city.org\/es\/events\/conectando-a-traves-de-los-derechos-al-habitat-y-el-derecho-a-la-ciudad-un-dialogo-colectivo-entre-relatores-especiales-de-las-naciones-unidas\/#primaryimage","url":"https:\/\/www.right2city.org\/wp-content\/uploads\/2020\/12\/CRL_ESP_HIC-1.png","contentUrl":"https:\/\/www.right2city.org\/wp-content\/uploads\/2020\/12\/CRL_ESP_HIC-1.png"},{"@type":"BreadcrumbList","@id":"https:\/\/www.right2city.org\/es\/events\/conectando-a-traves-de-los-derechos-al-habitat-y-el-derecho-a-la-ciudad-un-dialogo-colectivo-entre-relatores-especiales-de-las-naciones-unidas\/#breadcrumb","itemListElement":[{"@type":"ListItem","position":1,"name":"Home","item":"https:\/\/www.right2city.org\/es\/"},{"@type":"ListItem","position":2,"name":"Conectando a trav\u00e9s de los derechos al h\u00e1bitat y el derecho a la ciudad: un di\u00e1logo colectivo entre Relatores Especiales de las Naciones Unidas"}]},{"@type":"WebSite","@id":"https:\/\/www.right2city.org\/es\/#website","url":"https:\/\/www.right2city.org\/es\/","name":"Right to the city","description":"Global Platform for the Right to the City","potentialAction":[{"@type":"SearchAction","target":{"@type":"EntryPoint","urlTemplate":"https:\/\/www.right2city.org\/es\/?s={search_term_string}"},"query-input":{"@type":"PropertyValueSpecification","valueRequired":true,"valueName":"search_term_string"}}],"inLanguage":"es"}]}},"_links":{"self":[{"href":"https:\/\/www.right2city.org\/es\/wp-json\/wp\/v2\/events\/57782","targetHints":{"allow":["GET"]}}],"collection":[{"href":"https:\/\/www.right2city.org\/es\/wp-json\/wp\/v2\/events"}],"about":[{"href":"https:\/\/www.right2city.org\/es\/wp-json\/wp\/v2\/types\/events"}],"wp:attachment":[{"href":"https:\/\/www.right2city.org\/es\/wp-json\/wp\/v2\/media?parent=57782"}],"wp:term":[{"taxonomy":"themes","embeddable":true,"href":"https:\/\/www.right2city.org\/es\/wp-json\/wp\/v2\/themes?post=57782"},{"taxonomy":"agendas_globales","embeddable":true,"href":"https:\/\/www.right2city.org\/es\/wp-json\/wp\/v2\/agendas_globales?post=57782"}],"curies":[{"name":"wp","href":"https:\/\/api.w.org\/{rel}","templated":true}]}}