{"id":60992,"date":"2021-09-23T20:53:48","date_gmt":"2021-09-23T18:53:48","guid":{"rendered":"https:\/\/www.right2city.org\/?post_type=events&#038;p=60992"},"modified":"2021-10-11T09:37:50","modified_gmt":"2021-10-11T07:37:50","slug":"sesion-paralela-de-pgdc-en-la-conferencia-innovate-4-cities","status":"publish","type":"events","link":"https:\/\/www.right2city.org\/es\/events\/sesion-paralela-de-pgdc-en-la-conferencia-innovate-4-cities\/","title":{"rendered":"La PGDC organiza una sesi\u00f3n paralela en la Innovate 4 Cities 2021"},"content":{"rendered":"<p><img loading=\"lazy\" decoding=\"async\" class=\"alignnone size-full wp-image-61488\" src=\"https:\/\/www.right2city.org\/wp-content\/uploads\/2021\/09\/Innovate4Cities_R2C_ES-1.png\" alt=\"\" width=\"1600\" height=\"900\" srcset=\"https:\/\/www.right2city.org\/wp-content\/uploads\/2021\/09\/Innovate4Cities_R2C_ES-1.png 1600w, https:\/\/www.right2city.org\/wp-content\/uploads\/2021\/09\/Innovate4Cities_R2C_ES-1-1280x720.png 1280w, https:\/\/www.right2city.org\/wp-content\/uploads\/2021\/09\/Innovate4Cities_R2C_ES-1-980x551.png 980w, https:\/\/www.right2city.org\/wp-content\/uploads\/2021\/09\/Innovate4Cities_R2C_ES-1-480x270.png 480w\" sizes=\"(min-width: 0px) and (max-width: 480px) 480px, (min-width: 481px) and (max-width: 980px) 980px, (min-width: 981px) and (max-width: 1280px) 1280px, (min-width: 1281px) 1600px, 100vw\" \/><\/p>\n<p><strong>El 15 de Octubre de 2021<\/strong>, la <strong>Plataforma Global por el Derecho a la Ciudad (PGDC)<\/strong> organiza una sesi\u00f3n paralela en ocasi\u00f3n de la Conferencia <a href=\"https:\/\/www.innovate4cities.org\/\" target=\"_blank\" rel=\"noopener noreferrer\">Innovate4Cities<\/a>, iniciativa de<strong> ONU-H\u00e1bitat <\/strong>y del <strong>Pacto\u00a0Global de Alcaldes\u00a0por el\u00a0Clima\u00a0y la\u00a0Energ\u00eda<\/strong>. Dialogando con el tema general del evento (<em>\u00abAlianzas para la ciencia y la innovaci\u00f3n para ciudades inclusivas, resilientes y clim\u00e1ticamente neutrales\u00bb<strong>), <\/strong><\/em><strong>\u00a0la sesi\u00f3n paralela\u00a0tiene como objetivo arrojar luz sobre los diferentes enfoques y herramientas que ofrece el Derecho a la Ciudad. construir una agenda clim\u00e1tica basada en los derechos y comprometida con el logro de la justicia clim\u00e1tica.<\/strong><\/p>\n<p>Bajo el t\u00edtulo <strong>\u00abLa relevancia del derecho a la ciudad para enfrentar el cambio clim\u00e1tico, el calentamiento global y la justicia ambiental a nivel local y m\u00e1s all\u00e1\u00bb<\/strong>, el evento proporcionar\u00e1 una descripci\u00f3n general del marco del <strong>Derecho a la Ciudad<\/strong>, centr\u00e1ndose en su potencial para orientar una agenda clim\u00e1tica basada en los derechos, particularmente a nivel local. Tomando como base la publicaci\u00f3n <strong><a href=\"https:\/\/www.right2city.org\/es\/derecho-a-la-ciudad-hoja-de-ruta-por-la-justicia-climatica\/\" target=\"_blank\" rel=\"noopener noreferrer\">\u00abDerecho a la Ciudad: una hoja de ruta para la Justicia Clim\u00e1tica\u00bb,<\/a><\/strong> publicada por la PGDC este a\u00f1o, la idea es poder compartir\u00a0propuestas y recomendaciones concretas para crear entornos propicios para la acci\u00f3n local, el papel de los gobiernos locales y una selecci\u00f3n de buenas pr\u00e1cticas e iniciativas que integren con \u00e9xito los principios del derecho a la ciudad en la acci\u00f3n clim\u00e1tica.<\/p>\n<p><strong>Ponentes:<\/strong><\/p>\n<ul>\n<li>Lorena Z\u00e1rate, Equipo de Apoyo de la PGDC<\/li>\n<li>\u00c1lvaro Puertas, Autor \u00abEl Derecho a la Ciudad: una hoja de ruta para la Justicia Clim\u00e1tica\u00bb<\/li>\n<li>Eleanor Chapman, ICLEI Europa (Local Governments for Sustainability)<\/li>\n<li>Isadora Hastings, Cooperaci\u00f3n Comunitaria<\/li>\n<li>J\u00f4 Pereira, Ciclocidade<\/li>\n<\/ul>\n<p><strong>La sesi\u00f3n contar\u00e1 con interpretaci\u00f3n al ingl\u00e9s y al espa\u00f1ol y tendr\u00e1 lugar en l\u00ednea el viernes 15 de Octubre, de 16h a 17:30h CET. <\/strong><\/p>\n<p><strong><a href=\"https:\/\/i4c.conference.evey.live\/conferences\/innovate-4-cities\/stage\/parallel-session\/session\/153\" target=\"_blank\" rel=\"noopener noreferrer\">Puedes acceder la sesi\u00f3n aqu\u00ed.<\/a><\/strong><\/p>\n<p><strong><a href=\"https:\/\/i4c.conference.evey.live\/conferences\/innovate-4-cities\" target=\"_blank\" rel=\"noopener noreferrer\">Para reg\u00edstrate al foro, clica aqu\u00ed.<\/a><\/strong><\/p>\n<p><span style=\"font-size: 12pt; color: #993366;\"><strong>Contexto<\/strong><\/span><\/p>\n<p>El <strong>Derecho a la Ciudad<\/strong> es un marco de referencia clave para orientar la acci\u00f3n clim\u00e1tica equitativa y crear conjuntamente agendas pr\u00e1cticas para mitigar el cambio clim\u00e1tico. A trav\u00e9s de su enfoque colectivo y territorial de los Derechos Humanos, el Derecho a la Ciudad est\u00e1 plenamente alineado con los conceptos de Justicia Clim\u00e1tica y Ambiental, lo que permite desarrollar una agenda clim\u00e1tica que protege a los m\u00e1s vulnerables y garantiza la restituci\u00f3n de los derechos perdidos. en el pasado, preservando estos derechos para las generaciones futuras.<\/p>\n<p><span style=\"font-weight: 400;\">Conscientes de la urgencia de los problemas medioambientales en sus ciudades y territorios y de la necesidad de que las estrategias locales apoyen los planes globales y nacionales, los gobiernos locales y regionales han impulsado pol\u00edticas de sostenibilidad tanto en coordinaci\u00f3n con los gobiernos nacionales como de forma independiente. A pesar de los retos relacionados con la disponibilidad de recursos y las competencias limitadas, el nivel local muestra un fuerte potencial no s\u00f3lo para contribuir a una agenda de acci\u00f3n clim\u00e1tica a largo plazo, sino para garantizar que dicha agenda est\u00e9 comprometida y alineada con los Derechos Humanos.\u00a0<\/span><\/p>\n<p><span style=\"font-size: 12pt; color: #993366;\"><strong>M\u00e1s informaci\u00f3n sobre Innovate4Cities<\/strong><\/span><\/p>\n<p><strong>ONU-Habitat<\/strong> y el<strong> Pacto Mundial de Alcaldes por el Clima y la Energ\u00eda (GCoM)<\/strong> lo invitan a participar en Innovate4Cities 2021 en octubre. Tambi\u00e9n conocido como I4C, Innovate4Cities 2021 es un evento virtual global y regional que promete unir ciencia e innovaci\u00f3n, pol\u00edticas y pr\u00e1cticas unidas por un objetivo com\u00fan: permitir que las ciudades tomen acciones clim\u00e1ticas aceleradas y m\u00e1s ambiciosas.<\/p>\n<p>En todo el mundo, mientras las sociedades luchan seriamente con la recuperaci\u00f3n del COVID-19, existe una oportunidad real de reconstruir mejor: construir sociedades m\u00e1s limpias, m\u00e1s resilientes, m\u00e1s sostenibles y un mundo m\u00e1s justo.<\/p>\n<p>Alineado con otras conferencias, eventos y consultas internacionales enfocados en temas complementarios, Innovate4Cities 2021 est\u00e1 estrat\u00e9gicamente programado. Seguir\u00e1 eventos emblem\u00e1ticos, como <a href=\"https:\/\/racetozero.unfccc.int\/\"><b>Race to Zero<\/b><\/a>, <a href=\"https:\/\/racetozero.unfccc.int\/race-to-resilience\/\"><b>Race to Resilience<\/b><\/a>, el <a href=\"https:\/\/sustainabledevelopment.un.org\/hlpf\"><b>High-level Political Forum on Sustainable Development (HLPF)<\/b><\/a>, y la <a href=\"https:\/\/www.cbd.int\/\"><b>Convention on Biological Diversity<\/b><\/a>. Sin duda, preceder\u00e1 al mayor evento de cambio clim\u00e1tico que tendr\u00e1 lugar este a\u00f1o, de forma virtual y en persona limitada en Glasgow, a saber, la 26\u00aa Conferencia de las Partes de las Naciones Unidas sobre el Cambio Clim\u00e1tico (COP) en noviembre.<\/p>\n","protected":false},"featured_media":61484,"template":"","meta":{"_acf_changed":false,"_et_pb_use_builder":"","_et_pb_old_content":"","_et_gb_content_width":"","cybocfi_hide_featured_image":""},"themes":[122,121,126,114],"agendas_globales":[],"class_list":["post-60992","events","type-events","status-publish","has-post-thumbnail","hentry","themes-calidad-de-espacios-publicos-y-servicios","themes-economias-diversas-e-inclusivas","themes-funcion-social","themes-mayor-participacion-politica"],"acf":[],"yoast_head":"<!-- This site is optimized with the Yoast SEO plugin v27.5 - https:\/\/yoast.com\/product\/yoast-seo-wordpress\/ -->\n<title>La PGDC organiza una sesi\u00f3n paralela en la Innovate 4 Cities 2021 - Right to the city<\/title>\n<meta name=\"robots\" content=\"index, follow, max-snippet:-1, max-image-preview:large, max-video-preview:-1\" \/>\n<link rel=\"canonical\" href=\"https:\/\/www.right2city.org\/es\/events\/sesion-paralela-de-pgdc-en-la-conferencia-innovate-4-cities\/\" \/>\n<meta property=\"og:locale\" content=\"es_ES\" \/>\n<meta property=\"og:type\" content=\"article\" \/>\n<meta property=\"og:title\" content=\"La PGDC organiza una sesi\u00f3n paralela en la Innovate 4 Cities 2021 - Right to the city\" \/>\n<meta property=\"og:description\" content=\"El 15 de Octubre de 2021, la Plataforma Global por el Derecho a la Ciudad (PGDC) organiza una sesi\u00f3n paralela en ocasi\u00f3n de la Conferencia Innovate4Cities, iniciativa de ONU-H\u00e1bitat y del Pacto\u00a0Global de Alcaldes\u00a0por el\u00a0Clima\u00a0y la\u00a0Energ\u00eda. Dialogando con el tema general del evento (\u00abAlianzas para la ciencia y la innovaci\u00f3n para ciudades inclusivas, resilientes y [&hellip;]\" \/>\n<meta property=\"og:url\" content=\"https:\/\/www.right2city.org\/es\/events\/sesion-paralela-de-pgdc-en-la-conferencia-innovate-4-cities\/\" \/>\n<meta property=\"og:site_name\" content=\"Right to the city\" \/>\n<meta property=\"article:modified_time\" content=\"2021-10-11T07:37:50+00:00\" \/>\n<meta property=\"og:image\" content=\"https:\/\/www.right2city.org\/wp-content\/uploads\/2021\/09\/Innovate4Cities_R2C_EN-2.png\" \/>\n\t<meta property=\"og:image:width\" content=\"1600\" \/>\n\t<meta property=\"og:image:height\" content=\"900\" \/>\n\t<meta property=\"og:image:type\" content=\"image\/png\" \/>\n<meta name=\"twitter:card\" content=\"summary_large_image\" \/>\n<meta name=\"twitter:label1\" content=\"Tiempo de lectura\" \/>\n\t<meta name=\"twitter:data1\" content=\"4 minutos\" \/>\n<script type=\"application\/ld+json\" class=\"yoast-schema-graph\">{\"@context\":\"https:\\\/\\\/schema.org\",\"@graph\":[{\"@type\":\"WebPage\",\"@id\":\"https:\\\/\\\/www.right2city.org\\\/es\\\/events\\\/sesion-paralela-de-pgdc-en-la-conferencia-innovate-4-cities\\\/\",\"url\":\"https:\\\/\\\/www.right2city.org\\\/es\\\/events\\\/sesion-paralela-de-pgdc-en-la-conferencia-innovate-4-cities\\\/\",\"name\":\"La PGDC organiza una sesi\u00f3n paralela en la Innovate 4 Cities 2021 - Right to the city\",\"isPartOf\":{\"@id\":\"https:\\\/\\\/www.right2city.org\\\/es\\\/#website\"},\"primaryImageOfPage\":{\"@id\":\"https:\\\/\\\/www.right2city.org\\\/es\\\/events\\\/sesion-paralela-de-pgdc-en-la-conferencia-innovate-4-cities\\\/#primaryimage\"},\"image\":{\"@id\":\"https:\\\/\\\/www.right2city.org\\\/es\\\/events\\\/sesion-paralela-de-pgdc-en-la-conferencia-innovate-4-cities\\\/#primaryimage\"},\"thumbnailUrl\":\"https:\\\/\\\/www.right2city.org\\\/wp-content\\\/uploads\\\/2021\\\/09\\\/Innovate4Cities_R2C_EN-2.png\",\"datePublished\":\"2021-09-23T18:53:48+00:00\",\"dateModified\":\"2021-10-11T07:37:50+00:00\",\"breadcrumb\":{\"@id\":\"https:\\\/\\\/www.right2city.org\\\/es\\\/events\\\/sesion-paralela-de-pgdc-en-la-conferencia-innovate-4-cities\\\/#breadcrumb\"},\"inLanguage\":\"es\",\"potentialAction\":[{\"@type\":\"ReadAction\",\"target\":[\"https:\\\/\\\/www.right2city.org\\\/es\\\/events\\\/sesion-paralela-de-pgdc-en-la-conferencia-innovate-4-cities\\\/\"]}]},{\"@type\":\"ImageObject\",\"inLanguage\":\"es\",\"@id\":\"https:\\\/\\\/www.right2city.org\\\/es\\\/events\\\/sesion-paralela-de-pgdc-en-la-conferencia-innovate-4-cities\\\/#primaryimage\",\"url\":\"https:\\\/\\\/www.right2city.org\\\/wp-content\\\/uploads\\\/2021\\\/09\\\/Innovate4Cities_R2C_EN-2.png\",\"contentUrl\":\"https:\\\/\\\/www.right2city.org\\\/wp-content\\\/uploads\\\/2021\\\/09\\\/Innovate4Cities_R2C_EN-2.png\",\"width\":1600,\"height\":900},{\"@type\":\"BreadcrumbList\",\"@id\":\"https:\\\/\\\/www.right2city.org\\\/es\\\/events\\\/sesion-paralela-de-pgdc-en-la-conferencia-innovate-4-cities\\\/#breadcrumb\",\"itemListElement\":[{\"@type\":\"ListItem\",\"position\":1,\"name\":\"Home\",\"item\":\"https:\\\/\\\/www.right2city.org\\\/es\\\/\"},{\"@type\":\"ListItem\",\"position\":2,\"name\":\"La PGDC organiza una sesi\u00f3n paralela en la Innovate 4 Cities 2021\"}]},{\"@type\":\"WebSite\",\"@id\":\"https:\\\/\\\/www.right2city.org\\\/es\\\/#website\",\"url\":\"https:\\\/\\\/www.right2city.org\\\/es\\\/\",\"name\":\"Right to the city\",\"description\":\"Global Platform for the Right to the City\",\"potentialAction\":[{\"@type\":\"SearchAction\",\"target\":{\"@type\":\"EntryPoint\",\"urlTemplate\":\"https:\\\/\\\/www.right2city.org\\\/es\\\/?s={search_term_string}\"},\"query-input\":{\"@type\":\"PropertyValueSpecification\",\"valueRequired\":true,\"valueName\":\"search_term_string\"}}],\"inLanguage\":\"es\"}]}<\/script>\n<!-- \/ Yoast SEO plugin. -->","yoast_head_json":{"title":"La PGDC organiza una sesi\u00f3n paralela en la Innovate 4 Cities 2021 - Right to the city","robots":{"index":"index","follow":"follow","max-snippet":"max-snippet:-1","max-image-preview":"max-image-preview:large","max-video-preview":"max-video-preview:-1"},"canonical":"https:\/\/www.right2city.org\/es\/events\/sesion-paralela-de-pgdc-en-la-conferencia-innovate-4-cities\/","og_locale":"es_ES","og_type":"article","og_title":"La PGDC organiza una sesi\u00f3n paralela en la Innovate 4 Cities 2021 - Right to the city","og_description":"El 15 de Octubre de 2021, la Plataforma Global por el Derecho a la Ciudad (PGDC) organiza una sesi\u00f3n paralela en ocasi\u00f3n de la Conferencia Innovate4Cities, iniciativa de ONU-H\u00e1bitat y del Pacto\u00a0Global de Alcaldes\u00a0por el\u00a0Clima\u00a0y la\u00a0Energ\u00eda. Dialogando con el tema general del evento (\u00abAlianzas para la ciencia y la innovaci\u00f3n para ciudades inclusivas, resilientes y [&hellip;]","og_url":"https:\/\/www.right2city.org\/es\/events\/sesion-paralela-de-pgdc-en-la-conferencia-innovate-4-cities\/","og_site_name":"Right to the city","article_modified_time":"2021-10-11T07:37:50+00:00","og_image":[{"width":1600,"height":900,"url":"https:\/\/www.right2city.org\/wp-content\/uploads\/2021\/09\/Innovate4Cities_R2C_EN-2.png","type":"image\/png"}],"twitter_card":"summary_large_image","twitter_misc":{"Tiempo de lectura":"4 minutos"},"schema":{"@context":"https:\/\/schema.org","@graph":[{"@type":"WebPage","@id":"https:\/\/www.right2city.org\/es\/events\/sesion-paralela-de-pgdc-en-la-conferencia-innovate-4-cities\/","url":"https:\/\/www.right2city.org\/es\/events\/sesion-paralela-de-pgdc-en-la-conferencia-innovate-4-cities\/","name":"La PGDC organiza una sesi\u00f3n paralela en la Innovate 4 Cities 2021 - Right to the city","isPartOf":{"@id":"https:\/\/www.right2city.org\/es\/#website"},"primaryImageOfPage":{"@id":"https:\/\/www.right2city.org\/es\/events\/sesion-paralela-de-pgdc-en-la-conferencia-innovate-4-cities\/#primaryimage"},"image":{"@id":"https:\/\/www.right2city.org\/es\/events\/sesion-paralela-de-pgdc-en-la-conferencia-innovate-4-cities\/#primaryimage"},"thumbnailUrl":"https:\/\/www.right2city.org\/wp-content\/uploads\/2021\/09\/Innovate4Cities_R2C_EN-2.png","datePublished":"2021-09-23T18:53:48+00:00","dateModified":"2021-10-11T07:37:50+00:00","breadcrumb":{"@id":"https:\/\/www.right2city.org\/es\/events\/sesion-paralela-de-pgdc-en-la-conferencia-innovate-4-cities\/#breadcrumb"},"inLanguage":"es","potentialAction":[{"@type":"ReadAction","target":["https:\/\/www.right2city.org\/es\/events\/sesion-paralela-de-pgdc-en-la-conferencia-innovate-4-cities\/"]}]},{"@type":"ImageObject","inLanguage":"es","@id":"https:\/\/www.right2city.org\/es\/events\/sesion-paralela-de-pgdc-en-la-conferencia-innovate-4-cities\/#primaryimage","url":"https:\/\/www.right2city.org\/wp-content\/uploads\/2021\/09\/Innovate4Cities_R2C_EN-2.png","contentUrl":"https:\/\/www.right2city.org\/wp-content\/uploads\/2021\/09\/Innovate4Cities_R2C_EN-2.png","width":1600,"height":900},{"@type":"BreadcrumbList","@id":"https:\/\/www.right2city.org\/es\/events\/sesion-paralela-de-pgdc-en-la-conferencia-innovate-4-cities\/#breadcrumb","itemListElement":[{"@type":"ListItem","position":1,"name":"Home","item":"https:\/\/www.right2city.org\/es\/"},{"@type":"ListItem","position":2,"name":"La PGDC organiza una sesi\u00f3n paralela en la Innovate 4 Cities 2021"}]},{"@type":"WebSite","@id":"https:\/\/www.right2city.org\/es\/#website","url":"https:\/\/www.right2city.org\/es\/","name":"Right to the city","description":"Global Platform for the Right to the City","potentialAction":[{"@type":"SearchAction","target":{"@type":"EntryPoint","urlTemplate":"https:\/\/www.right2city.org\/es\/?s={search_term_string}"},"query-input":{"@type":"PropertyValueSpecification","valueRequired":true,"valueName":"search_term_string"}}],"inLanguage":"es"}]}},"_links":{"self":[{"href":"https:\/\/www.right2city.org\/es\/wp-json\/wp\/v2\/events\/60992","targetHints":{"allow":["GET"]}}],"collection":[{"href":"https:\/\/www.right2city.org\/es\/wp-json\/wp\/v2\/events"}],"about":[{"href":"https:\/\/www.right2city.org\/es\/wp-json\/wp\/v2\/types\/events"}],"wp:featuredmedia":[{"embeddable":true,"href":"https:\/\/www.right2city.org\/es\/wp-json\/wp\/v2\/media\/61484"}],"wp:attachment":[{"href":"https:\/\/www.right2city.org\/es\/wp-json\/wp\/v2\/media?parent=60992"}],"wp:term":[{"taxonomy":"themes","embeddable":true,"href":"https:\/\/www.right2city.org\/es\/wp-json\/wp\/v2\/themes?post=60992"},{"taxonomy":"agendas_globales","embeddable":true,"href":"https:\/\/www.right2city.org\/es\/wp-json\/wp\/v2\/agendas_globales?post=60992"}],"curies":[{"name":"wp","href":"https:\/\/api.w.org\/{rel}","templated":true}]}}