{"id":64642,"date":"2022-03-23T16:08:13","date_gmt":"2022-03-23T14:08:13","guid":{"rendered":"https:\/\/www.right2city.org\/events\/joining-forces-around-common-actions-on-the-right-to-housing-in-europe\/"},"modified":"2022-03-24T11:31:02","modified_gmt":"2022-03-24T09:31:02","slug":"joining-forces-around-common-actions-on-the-right-to-housing-in-europe","status":"publish","type":"events","link":"https:\/\/www.right2city.org\/es\/events\/joining-forces-around-common-actions-on-the-right-to-housing-in-europe\/","title":{"rendered":"Uniendo fuerzas en torno a acciones comunes sobre el Derecho a la Vivienda en Europa"},"content":{"rendered":"<p><img loading=\"lazy\" decoding=\"async\" class=\"aligncenter size-large wp-image-64661\" src=\"https:\/\/www.right2city.org\/wp-content\/uploads\/2022\/03\/ES-Flyer_-Uniendo-fuerzas-en-torno-a-acciones-comunes-sobre-el-Derecho-a-la-Vivienda-en-Europa-1-1024x576.png\" alt=\"\" width=\"1024\" height=\"576\" srcset=\"https:\/\/www.right2city.org\/wp-content\/uploads\/2022\/03\/ES-Flyer_-Uniendo-fuerzas-en-torno-a-acciones-comunes-sobre-el-Derecho-a-la-Vivienda-en-Europa-1-980x551.png 980w, https:\/\/www.right2city.org\/wp-content\/uploads\/2022\/03\/ES-Flyer_-Uniendo-fuerzas-en-torno-a-acciones-comunes-sobre-el-Derecho-a-la-Vivienda-en-Europa-1-480x270.png 480w\" sizes=\"(min-width: 0px) and (max-width: 480px) 480px, (min-width: 481px) and (max-width: 980px) 980px, (min-width: 981px) 1024px, 100vw\" \/><\/p>\n<p>Los d\u00edas 26 y 27 de marzo, los movimientos por la vivienda de toda Europa saldr\u00e1n a la calle por tercera vez durante el D\u00eda de Acci\u00f3n por la Vivienda 2022 en acciones coordinadas para exigir la protecci\u00f3n e implementaci\u00f3n del derecho a una vivienda adecuada y a la ciudad. Al igual que en otros pa\u00edses del mundo, la poblaci\u00f3n de las ciudades europeas se enfrenta a graves problemas de acceso a la vivienda. La creciente mercantilizaci\u00f3n y financiarizaci\u00f3n transnacional de la vivienda ha tenido un impacto directo en la vida de los habitantes, con altas tasas de desahucio, aumento de los precios de los alquileres, gentrificaci\u00f3n, turistificaci\u00f3n y una falta general de participaci\u00f3n en la toma de decisiones relacionadas con las pol\u00edticas de vivienda y la gesti\u00f3n democr\u00e1tica general de las ciudades y los territorios. <strong>El 31 de marzo, la Coalici\u00f3n Internacional del H\u00e1bitat, el Observatori DESC, Next Planning y la Plataforma Global por el Derecho a la Ciudad organizar\u00e1n un debate abierto con activistas por el derecho a la vivienda y el Derecho a la Ciudad de Europa para hacer balance de las diferentes protestas y acciones llevadas a cabo durante el D\u00eda de Acci\u00f3n por la Vivienda 2022 e intercambiar sobre las estrategias concretas que est\u00e1n desarrollando diferentes organizaciones y grupos comunitarios no s\u00f3lo para denunciar la situaci\u00f3n actual sino para plantear resistencias y alternativas concretas a los modelos vigentes.<\/strong><\/p>\n<p>El evento tratar\u00e1 de promover la puesta en com\u00fan de cu\u00e1les son los problemas centrales a los que se enfrentan las comunidades en diferentes ciudades europeas y se\u00f1alar las iniciativas y propuestas concretas que se est\u00e1n llevando a cabo y articulando, con el objetivo de apoyar el intercambio y la coordinaci\u00f3n entre los diferentes movimientos. Adem\u00e1s, el debate tratar\u00e1 de complementar los esfuerzos que se est\u00e1n llevando a cabo en otras regiones a trav\u00e9s de la Plataforma Global por el Derecho a la Ciudad y la Coalici\u00f3n Internacional del H\u00e1bitat para tener una posici\u00f3n regional sobre cu\u00e1les son las demandas y estrategias clave que est\u00e1n llevando a cabo los movimientos en las diferentes regiones antes de la revisi\u00f3n oficial de los 5 a\u00f1os de la aprobaci\u00f3n de la Nueva Agenda Urbana de la ONU en abril.<\/p>\n<p><strong>El acto tendr\u00e1 lugar virtualmente el jueves 31 de marzo, de 11 a 13 horas CEST. Habr\u00e1 interpretaci\u00f3n en ingl\u00e9s, franc\u00e9s y espa\u00f1ol. <\/strong><strong><a href=\"https:\/\/us06web.zoom.us\/meeting\/register\/tZctdOqrqzItEtKw5kDXKJcv9WmvRz2YkbQf\" data-saferedirecturl=\"https:\/\/www.google.com\/url?q=https:\/\/us06web.zoom.us\/meeting\/register\/tZctdOqrqzItEtKw5kDXKJcv9WmvRz2YkbQf&amp;source=gmail&amp;ust=1648121329254000&amp;usg=AOvVaw0zG4N1fI7r7RMIuxqgDqIQ\">Haga clic aqu\u00ed para inscribirse. <\/a><\/strong><\/p>\n<p>El evento contar\u00e1 con la participaci\u00f3n de<em>:<\/em><\/p>\n<ul>\n<li>Pascale Thys, Habitat et Participation, B\u00e9lgica<\/li>\n<li>David Bodinier, NextPlanning, Francia<\/li>\n<li>Iva Mar\u010deti\u0107, Right to the City Zagreb, Croatia<\/li>\n<li>Guillem Domingo, Observatori DESC, Espa\u00f1a<\/li>\n<li>Alexander Freidiani, HIC e International Institute for Environment and Development, Reino Unido<\/li>\n<li>Yolande Hendler, Coalici\u00f3n Internacional del H\u00e1bitat (HIC)<\/li>\n<li>M\u00e1s por confirmar<\/li>\n<\/ul>\n","protected":false},"featured_media":64641,"template":"","meta":{"_acf_changed":false,"_et_pb_use_builder":"","_et_pb_old_content":"","_et_gb_content_width":"","cybocfi_hide_featured_image":""},"themes":[126],"agendas_globales":[],"class_list":["post-64642","events","type-events","status-publish","has-post-thumbnail","hentry","themes-funcion-social"],"acf":[],"yoast_head":"<!-- This site is optimized with the Yoast SEO plugin v27.5 - https:\/\/yoast.com\/product\/yoast-seo-wordpress\/ -->\n<title>Uniendo fuerzas en torno a acciones comunes sobre el Derecho a la Vivienda en Europa - Right to the city<\/title>\n<meta name=\"robots\" content=\"index, follow, max-snippet:-1, max-image-preview:large, max-video-preview:-1\" \/>\n<link rel=\"canonical\" href=\"https:\/\/www.right2city.org\/es\/events\/joining-forces-around-common-actions-on-the-right-to-housing-in-europe\/\" \/>\n<meta property=\"og:locale\" content=\"es_ES\" \/>\n<meta property=\"og:type\" content=\"article\" \/>\n<meta property=\"og:title\" content=\"Uniendo fuerzas en torno a acciones comunes sobre el Derecho a la Vivienda en Europa - Right to the city\" \/>\n<meta property=\"og:description\" content=\"Los d\u00edas 26 y 27 de marzo, los movimientos por la vivienda de toda Europa saldr\u00e1n a la calle por tercera vez durante el D\u00eda de Acci\u00f3n por la Vivienda 2022 en acciones coordinadas para exigir la protecci\u00f3n e implementaci\u00f3n del derecho a una vivienda adecuada y a la ciudad. Al igual que en otros [&hellip;]\" \/>\n<meta property=\"og:url\" content=\"https:\/\/www.right2city.org\/es\/events\/joining-forces-around-common-actions-on-the-right-to-housing-in-europe\/\" \/>\n<meta property=\"og:site_name\" content=\"Right to the city\" \/>\n<meta property=\"article:modified_time\" content=\"2022-03-24T09:31:02+00:00\" \/>\n<meta property=\"og:image\" content=\"https:\/\/www.right2city.org\/wp-content\/uploads\/2022\/03\/EN-flyer-Joining-forces-around-common-actions-on-the-Right-to-Housing-in-Europe.png\" \/>\n\t<meta property=\"og:image:width\" content=\"1600\" \/>\n\t<meta property=\"og:image:height\" content=\"900\" \/>\n\t<meta property=\"og:image:type\" content=\"image\/png\" \/>\n<meta name=\"twitter:card\" content=\"summary_large_image\" \/>\n<meta name=\"twitter:label1\" content=\"Tiempo de lectura\" \/>\n\t<meta name=\"twitter:data1\" content=\"2 minutos\" \/>\n<script type=\"application\/ld+json\" class=\"yoast-schema-graph\">{\"@context\":\"https:\\\/\\\/schema.org\",\"@graph\":[{\"@type\":\"WebPage\",\"@id\":\"https:\\\/\\\/www.right2city.org\\\/es\\\/events\\\/joining-forces-around-common-actions-on-the-right-to-housing-in-europe\\\/\",\"url\":\"https:\\\/\\\/www.right2city.org\\\/es\\\/events\\\/joining-forces-around-common-actions-on-the-right-to-housing-in-europe\\\/\",\"name\":\"Uniendo fuerzas en torno a acciones comunes sobre el Derecho a la Vivienda en Europa - Right to the city\",\"isPartOf\":{\"@id\":\"https:\\\/\\\/www.right2city.org\\\/es\\\/#website\"},\"primaryImageOfPage\":{\"@id\":\"https:\\\/\\\/www.right2city.org\\\/es\\\/events\\\/joining-forces-around-common-actions-on-the-right-to-housing-in-europe\\\/#primaryimage\"},\"image\":{\"@id\":\"https:\\\/\\\/www.right2city.org\\\/es\\\/events\\\/joining-forces-around-common-actions-on-the-right-to-housing-in-europe\\\/#primaryimage\"},\"thumbnailUrl\":\"https:\\\/\\\/www.right2city.org\\\/wp-content\\\/uploads\\\/2022\\\/03\\\/EN-flyer-Joining-forces-around-common-actions-on-the-Right-to-Housing-in-Europe.png\",\"datePublished\":\"2022-03-23T14:08:13+00:00\",\"dateModified\":\"2022-03-24T09:31:02+00:00\",\"breadcrumb\":{\"@id\":\"https:\\\/\\\/www.right2city.org\\\/es\\\/events\\\/joining-forces-around-common-actions-on-the-right-to-housing-in-europe\\\/#breadcrumb\"},\"inLanguage\":\"es\",\"potentialAction\":[{\"@type\":\"ReadAction\",\"target\":[\"https:\\\/\\\/www.right2city.org\\\/es\\\/events\\\/joining-forces-around-common-actions-on-the-right-to-housing-in-europe\\\/\"]}]},{\"@type\":\"ImageObject\",\"inLanguage\":\"es\",\"@id\":\"https:\\\/\\\/www.right2city.org\\\/es\\\/events\\\/joining-forces-around-common-actions-on-the-right-to-housing-in-europe\\\/#primaryimage\",\"url\":\"https:\\\/\\\/www.right2city.org\\\/wp-content\\\/uploads\\\/2022\\\/03\\\/EN-flyer-Joining-forces-around-common-actions-on-the-Right-to-Housing-in-Europe.png\",\"contentUrl\":\"https:\\\/\\\/www.right2city.org\\\/wp-content\\\/uploads\\\/2022\\\/03\\\/EN-flyer-Joining-forces-around-common-actions-on-the-Right-to-Housing-in-Europe.png\",\"width\":1600,\"height\":900},{\"@type\":\"BreadcrumbList\",\"@id\":\"https:\\\/\\\/www.right2city.org\\\/es\\\/events\\\/joining-forces-around-common-actions-on-the-right-to-housing-in-europe\\\/#breadcrumb\",\"itemListElement\":[{\"@type\":\"ListItem\",\"position\":1,\"name\":\"Home\",\"item\":\"https:\\\/\\\/www.right2city.org\\\/es\\\/\"},{\"@type\":\"ListItem\",\"position\":2,\"name\":\"Uniendo fuerzas en torno a acciones comunes sobre el Derecho a la Vivienda en Europa\"}]},{\"@type\":\"WebSite\",\"@id\":\"https:\\\/\\\/www.right2city.org\\\/es\\\/#website\",\"url\":\"https:\\\/\\\/www.right2city.org\\\/es\\\/\",\"name\":\"Right to the city\",\"description\":\"Global Platform for the Right to the City\",\"potentialAction\":[{\"@type\":\"SearchAction\",\"target\":{\"@type\":\"EntryPoint\",\"urlTemplate\":\"https:\\\/\\\/www.right2city.org\\\/es\\\/?s={search_term_string}\"},\"query-input\":{\"@type\":\"PropertyValueSpecification\",\"valueRequired\":true,\"valueName\":\"search_term_string\"}}],\"inLanguage\":\"es\"}]}<\/script>\n<!-- \/ Yoast SEO plugin. -->","yoast_head_json":{"title":"Uniendo fuerzas en torno a acciones comunes sobre el Derecho a la Vivienda en Europa - Right to the city","robots":{"index":"index","follow":"follow","max-snippet":"max-snippet:-1","max-image-preview":"max-image-preview:large","max-video-preview":"max-video-preview:-1"},"canonical":"https:\/\/www.right2city.org\/es\/events\/joining-forces-around-common-actions-on-the-right-to-housing-in-europe\/","og_locale":"es_ES","og_type":"article","og_title":"Uniendo fuerzas en torno a acciones comunes sobre el Derecho a la Vivienda en Europa - Right to the city","og_description":"Los d\u00edas 26 y 27 de marzo, los movimientos por la vivienda de toda Europa saldr\u00e1n a la calle por tercera vez durante el D\u00eda de Acci\u00f3n por la Vivienda 2022 en acciones coordinadas para exigir la protecci\u00f3n e implementaci\u00f3n del derecho a una vivienda adecuada y a la ciudad. Al igual que en otros [&hellip;]","og_url":"https:\/\/www.right2city.org\/es\/events\/joining-forces-around-common-actions-on-the-right-to-housing-in-europe\/","og_site_name":"Right to the city","article_modified_time":"2022-03-24T09:31:02+00:00","og_image":[{"width":1600,"height":900,"url":"https:\/\/www.right2city.org\/wp-content\/uploads\/2022\/03\/EN-flyer-Joining-forces-around-common-actions-on-the-Right-to-Housing-in-Europe.png","type":"image\/png"}],"twitter_card":"summary_large_image","twitter_misc":{"Tiempo de lectura":"2 minutos"},"schema":{"@context":"https:\/\/schema.org","@graph":[{"@type":"WebPage","@id":"https:\/\/www.right2city.org\/es\/events\/joining-forces-around-common-actions-on-the-right-to-housing-in-europe\/","url":"https:\/\/www.right2city.org\/es\/events\/joining-forces-around-common-actions-on-the-right-to-housing-in-europe\/","name":"Uniendo fuerzas en torno a acciones comunes sobre el Derecho a la Vivienda en Europa - Right to the city","isPartOf":{"@id":"https:\/\/www.right2city.org\/es\/#website"},"primaryImageOfPage":{"@id":"https:\/\/www.right2city.org\/es\/events\/joining-forces-around-common-actions-on-the-right-to-housing-in-europe\/#primaryimage"},"image":{"@id":"https:\/\/www.right2city.org\/es\/events\/joining-forces-around-common-actions-on-the-right-to-housing-in-europe\/#primaryimage"},"thumbnailUrl":"https:\/\/www.right2city.org\/wp-content\/uploads\/2022\/03\/EN-flyer-Joining-forces-around-common-actions-on-the-Right-to-Housing-in-Europe.png","datePublished":"2022-03-23T14:08:13+00:00","dateModified":"2022-03-24T09:31:02+00:00","breadcrumb":{"@id":"https:\/\/www.right2city.org\/es\/events\/joining-forces-around-common-actions-on-the-right-to-housing-in-europe\/#breadcrumb"},"inLanguage":"es","potentialAction":[{"@type":"ReadAction","target":["https:\/\/www.right2city.org\/es\/events\/joining-forces-around-common-actions-on-the-right-to-housing-in-europe\/"]}]},{"@type":"ImageObject","inLanguage":"es","@id":"https:\/\/www.right2city.org\/es\/events\/joining-forces-around-common-actions-on-the-right-to-housing-in-europe\/#primaryimage","url":"https:\/\/www.right2city.org\/wp-content\/uploads\/2022\/03\/EN-flyer-Joining-forces-around-common-actions-on-the-Right-to-Housing-in-Europe.png","contentUrl":"https:\/\/www.right2city.org\/wp-content\/uploads\/2022\/03\/EN-flyer-Joining-forces-around-common-actions-on-the-Right-to-Housing-in-Europe.png","width":1600,"height":900},{"@type":"BreadcrumbList","@id":"https:\/\/www.right2city.org\/es\/events\/joining-forces-around-common-actions-on-the-right-to-housing-in-europe\/#breadcrumb","itemListElement":[{"@type":"ListItem","position":1,"name":"Home","item":"https:\/\/www.right2city.org\/es\/"},{"@type":"ListItem","position":2,"name":"Uniendo fuerzas en torno a acciones comunes sobre el Derecho a la Vivienda en Europa"}]},{"@type":"WebSite","@id":"https:\/\/www.right2city.org\/es\/#website","url":"https:\/\/www.right2city.org\/es\/","name":"Right to the city","description":"Global Platform for the Right to the City","potentialAction":[{"@type":"SearchAction","target":{"@type":"EntryPoint","urlTemplate":"https:\/\/www.right2city.org\/es\/?s={search_term_string}"},"query-input":{"@type":"PropertyValueSpecification","valueRequired":true,"valueName":"search_term_string"}}],"inLanguage":"es"}]}},"_links":{"self":[{"href":"https:\/\/www.right2city.org\/es\/wp-json\/wp\/v2\/events\/64642","targetHints":{"allow":["GET"]}}],"collection":[{"href":"https:\/\/www.right2city.org\/es\/wp-json\/wp\/v2\/events"}],"about":[{"href":"https:\/\/www.right2city.org\/es\/wp-json\/wp\/v2\/types\/events"}],"wp:featuredmedia":[{"embeddable":true,"href":"https:\/\/www.right2city.org\/es\/wp-json\/wp\/v2\/media\/64641"}],"wp:attachment":[{"href":"https:\/\/www.right2city.org\/es\/wp-json\/wp\/v2\/media?parent=64642"}],"wp:term":[{"taxonomy":"themes","embeddable":true,"href":"https:\/\/www.right2city.org\/es\/wp-json\/wp\/v2\/themes?post=64642"},{"taxonomy":"agendas_globales","embeddable":true,"href":"https:\/\/www.right2city.org\/es\/wp-json\/wp\/v2\/agendas_globales?post=64642"}],"curies":[{"name":"wp","href":"https:\/\/api.w.org\/{rel}","templated":true}]}}