{"id":65292,"date":"2022-05-30T10:34:52","date_gmt":"2022-05-30T08:34:52","guid":{"rendered":"https:\/\/www.right2city.org\/?post_type=events&#038;p=65292"},"modified":"2022-06-09T15:53:34","modified_gmt":"2022-06-09T13:53:34","slug":"foro-41-derecho-a-la-ciudad-y-defensa-del-territorio-de-la-9a-conferencia-latinoamericana-y-caribena-de-ciencias-sociales","status":"publish","type":"events","link":"https:\/\/www.right2city.org\/es\/events\/foro-41-derecho-a-la-ciudad-y-defensa-del-territorio-de-la-9a-conferencia-latinoamericana-y-caribena-de-ciencias-sociales\/","title":{"rendered":"Foro 41 \u00abDerecho a la ciudad y defensa del territorio\u00bb de la 9\u00aa Conferencia Latinoamericana y Caribe\u00f1a de Ciencias Sociales"},"content":{"rendered":"<div><img loading=\"lazy\" decoding=\"async\" class=\"aligncenter size-large wp-image-65293\" src=\"https:\/\/www.right2city.org\/wp-content\/uploads\/2022\/05\/foro_43-1024x538.jpg\" alt=\"\" width=\"1024\" height=\"538\" srcset=\"https:\/\/www.right2city.org\/wp-content\/uploads\/2022\/05\/foro_43-1024x538.jpg 1024w, https:\/\/www.right2city.org\/wp-content\/uploads\/2022\/05\/foro_43-980x515.jpg 980w, https:\/\/www.right2city.org\/wp-content\/uploads\/2022\/05\/foro_43-480x252.jpg 480w\" sizes=\"(min-width: 0px) and (max-width: 480px) 480px, (min-width: 481px) and (max-width: 980px) 980px, (min-width: 981px) 1024px, 100vw\" \/><\/div>\n<div><\/div>\n<div>\n<p>&nbsp;<\/p>\n<p>Este Foro se enmarca en la <strong>9\u00aa Conferencia Latinoamericana y Caribe\u00f1a de Ciencias Sociales se llevar\u00e1 a cabo del 7 al 10 de junio de 2022<\/strong>, en las instalaciones de la Universidad Nacional Aut\u00f3noma de M\u00e9xico (UNAM). M\u00e1s informaci\u00f3n: <a href=\"https:\/\/www.clacso.org\/clacso2022\/\">https:\/\/www.clacso.org\/clacso2022\/<\/a>.<\/p>\n<h2><strong>Foro 41 \u00abDerecho a la ciudad y defensa del territorio\u00bb<\/strong><\/h2>\n<p>&nbsp;<\/p>\n<\/div>\n<ul>\n<li>\n<h4><strong><span data-offset-key=\"1ek27-0-0\">\u00a0<\/span>Jueves 09 de junio, 09:00 a 19:00 hs | Facultad de Arquitectura &#8211; UNAM [Auditorio MUCA]<\/strong><\/h4>\n<\/li>\n<li>\n<h4><a href=\"https:\/\/conferenciaclacso.org\/vivo\/?c=143\">Siga la conferencia en Vivo aqu\u00ed<\/a><\/h4>\n<\/li>\n<\/ul>\n<div><strong>Organiza<\/strong>: Grupo de Trabajo CLACSO Desigualdades urbanas | Oficina para Am\u00e9rica Latina de Habitat International Coalition &#8211; HIC-AL | Plataforma Global por el Derecho a la Ciudad MUP\/UPREZ | La Poderosa<\/div>\n<p><strong>Coordinan<\/strong>: Lorena Z\u00e1rate | Luis Bonilla Ortiz-arrieta | Manuel Dammert | Maria Silvia Emanuelli<\/p>\n<p>Am\u00e9rica Latina es la regi\u00f3n m\u00e1s urbanizada del planeta y con profundas inequidades hist\u00f3ricas que obstaculizan un acceso digno a la ciudad y los territorios. Entre ellos destacan las limitaciones estructurales de los mercados de suelo y vivienda para garantizar arreglos residenciales para los sectores populares y de menores recursos. A esta situaci\u00f3n, se agregan procesos contempor\u00e1neos donde los territorios son espacios estrat\u00e9gicos para l\u00f3gicas de acumulaci\u00f3n y especulaci\u00f3n de capitales, traduci\u00e9ndose en procesos de financiarizaci\u00f3n, desplazamiento de poblaciones, gentrificaci\u00f3n, y mercantilizaci\u00f3n de los arreglos residenciales.<strong> El gobierno de las ciudades y territorios en la regi\u00f3n ha venido incorporando el derecho a la ciudad dentro de una apuesta por una ciudad m\u00e1s equitativa y con garant\u00eda de derechos<\/strong>. Sin embargo, su aplicaci\u00f3n a\u00fan es limitada, parcial, y con distintos niveles de compromiso. Frente a estos procesos, existen iniciativas desde las distintas poblaciones, quienes, pese a ocupar posiciones asim\u00e9tricas, disputan y negocian su participaci\u00f3n y lugares en la producci\u00f3n de las ciudades y territorios.<strong> Este Foro discute la urgencia actual de profundizar el derecho a la ciudad y la defensa de los territorios, desde instancias acad\u00e9micas, p\u00fablicas y organizaciones.<\/strong> Desde los movimientos sociales, cooperativas, organizaciones de base y de desarrollo, universidades, etc., a trav\u00e9s de la visibilizaci\u00f3n de su situaci\u00f3n e incidencia en pol\u00edtica han logrado que los gobiernos reconozcan el derecho al territorio, la ciudad, la vivienda adecuada y otros derechos relacionados. Para ello, es importante<strong> compartir y debatir experiencias innovadoras de: Acceso al suelo y desarrollo de procesos de Producci\u00f3n y Gesti\u00f3n Social del h\u00e1bitat (multidimensional, multiescalar, multiverso); Propuestas de leyes, normativas, programas; Espacios de nuevas institucionalidades (p\u00fablica &#8211; sociales) de participaci\u00f3n efectiva que abonan nuevas alternativas m\u00e1s equitativas y sustentables de desarrollo.<\/strong><\/p>\n<p><strong>Inscripci\u00f3n abierta, libre y gratuita en <a href=\"http:\/\/conferenciaclacso.org\">http:\/\/conferenciaclacso.org <\/a><\/strong><\/p>\n<p>La PGDC, junto al\u00a0<a href=\"https:\/\/www.clacso.org\/el-derecho-a-la-ciudad-frente-a-los-desafios-actuales-2\/\">Grupo de Trabajo de CLACSO de Desigualdades urbanas<\/a>, publicamos el Cuaderno de Trabajo #2\u00a0<strong>\u201cEl Derecho a la Ciudad frente a los desaf\u00edos actuales\u201d<\/strong>. <a href=\"https:\/\/www.right2city.org\/es\/document\/el-derecho-a-la-ciudad-frente-a-los-desafios-actuales\/\">Puede descargarlo, aqu\u00ed.<\/a><\/p>\n<div><img loading=\"lazy\" decoding=\"async\" class=\"aligncenter size-full wp-image-65357\" src=\"https:\/\/www.right2city.org\/wp-content\/uploads\/2022\/05\/WhatsApp-Image-2022-06-03-at-4.01.12-AM.jpeg\" alt=\"\" width=\"570\" height=\"1024\" srcset=\"https:\/\/www.right2city.org\/wp-content\/uploads\/2022\/05\/WhatsApp-Image-2022-06-03-at-4.01.12-AM.jpeg 570w, https:\/\/www.right2city.org\/wp-content\/uploads\/2022\/05\/WhatsApp-Image-2022-06-03-at-4.01.12-AM-480x862.jpeg 480w\" sizes=\"(min-width: 0px) and (max-width: 480px) 480px, (min-width: 481px) 570px, 100vw\" \/><\/div>\n","protected":false},"featured_media":0,"template":"","meta":{"_acf_changed":false,"_et_pb_use_builder":"","_et_pb_old_content":"","_et_gb_content_width":"","cybocfi_hide_featured_image":""},"themes":[126,114],"agendas_globales":[],"class_list":["post-65292","events","type-events","status-publish","hentry","themes-funcion-social","themes-mayor-participacion-politica"],"acf":[],"yoast_head":"<!-- This site is optimized with the Yoast SEO plugin v27.5 - https:\/\/yoast.com\/product\/yoast-seo-wordpress\/ -->\n<title>Foro 41 &quot;Derecho a la ciudad y defensa del territorio&quot; de la 9\u00aa Conferencia Latinoamericana y Caribe\u00f1a de Ciencias Sociales - Right to the city<\/title>\n<meta name=\"robots\" content=\"index, follow, max-snippet:-1, max-image-preview:large, max-video-preview:-1\" \/>\n<link rel=\"canonical\" href=\"https:\/\/www.right2city.org\/es\/events\/foro-41-derecho-a-la-ciudad-y-defensa-del-territorio-de-la-9a-conferencia-latinoamericana-y-caribena-de-ciencias-sociales\/\" \/>\n<meta property=\"og:locale\" content=\"es_ES\" \/>\n<meta property=\"og:type\" content=\"article\" \/>\n<meta property=\"og:title\" content=\"Foro 41 &quot;Derecho a la ciudad y defensa del territorio&quot; de la 9\u00aa Conferencia Latinoamericana y Caribe\u00f1a de Ciencias Sociales - Right to the city\" \/>\n<meta property=\"og:description\" content=\"&nbsp; Este Foro se enmarca en la 9\u00aa Conferencia Latinoamericana y Caribe\u00f1a de Ciencias Sociales se llevar\u00e1 a cabo del 7 al 10 de junio de 2022, en las instalaciones de la Universidad Nacional Aut\u00f3noma de M\u00e9xico (UNAM). M\u00e1s informaci\u00f3n: https:\/\/www.clacso.org\/clacso2022\/. Foro 41 \u00abDerecho a la ciudad y defensa del territorio\u00bb &nbsp; \u00a0Jueves 09 de [&hellip;]\" \/>\n<meta property=\"og:url\" content=\"https:\/\/www.right2city.org\/es\/events\/foro-41-derecho-a-la-ciudad-y-defensa-del-territorio-de-la-9a-conferencia-latinoamericana-y-caribena-de-ciencias-sociales\/\" \/>\n<meta property=\"og:site_name\" content=\"Right to the city\" \/>\n<meta property=\"article:modified_time\" content=\"2022-06-09T13:53:34+00:00\" \/>\n<meta property=\"og:image\" content=\"https:\/\/www.right2city.org\/wp-content\/uploads\/2022\/05\/foro_43-1024x538.jpg\" \/>\n<meta name=\"twitter:card\" content=\"summary_large_image\" \/>\n<meta name=\"twitter:label1\" content=\"Tiempo de lectura\" \/>\n\t<meta name=\"twitter:data1\" content=\"2 minutos\" \/>\n<script type=\"application\/ld+json\" class=\"yoast-schema-graph\">{\"@context\":\"https:\\\/\\\/schema.org\",\"@graph\":[{\"@type\":\"WebPage\",\"@id\":\"https:\\\/\\\/www.right2city.org\\\/es\\\/events\\\/foro-41-derecho-a-la-ciudad-y-defensa-del-territorio-de-la-9a-conferencia-latinoamericana-y-caribena-de-ciencias-sociales\\\/\",\"url\":\"https:\\\/\\\/www.right2city.org\\\/es\\\/events\\\/foro-41-derecho-a-la-ciudad-y-defensa-del-territorio-de-la-9a-conferencia-latinoamericana-y-caribena-de-ciencias-sociales\\\/\",\"name\":\"Foro 41 \\\"Derecho a la ciudad y defensa del territorio\\\" de la 9\u00aa Conferencia Latinoamericana y Caribe\u00f1a de Ciencias Sociales - Right to the city\",\"isPartOf\":{\"@id\":\"https:\\\/\\\/www.right2city.org\\\/es\\\/#website\"},\"primaryImageOfPage\":{\"@id\":\"https:\\\/\\\/www.right2city.org\\\/es\\\/events\\\/foro-41-derecho-a-la-ciudad-y-defensa-del-territorio-de-la-9a-conferencia-latinoamericana-y-caribena-de-ciencias-sociales\\\/#primaryimage\"},\"image\":{\"@id\":\"https:\\\/\\\/www.right2city.org\\\/es\\\/events\\\/foro-41-derecho-a-la-ciudad-y-defensa-del-territorio-de-la-9a-conferencia-latinoamericana-y-caribena-de-ciencias-sociales\\\/#primaryimage\"},\"thumbnailUrl\":\"https:\\\/\\\/www.right2city.org\\\/wp-content\\\/uploads\\\/2022\\\/05\\\/foro_43-1024x538.jpg\",\"datePublished\":\"2022-05-30T08:34:52+00:00\",\"dateModified\":\"2022-06-09T13:53:34+00:00\",\"breadcrumb\":{\"@id\":\"https:\\\/\\\/www.right2city.org\\\/es\\\/events\\\/foro-41-derecho-a-la-ciudad-y-defensa-del-territorio-de-la-9a-conferencia-latinoamericana-y-caribena-de-ciencias-sociales\\\/#breadcrumb\"},\"inLanguage\":\"es\",\"potentialAction\":[{\"@type\":\"ReadAction\",\"target\":[\"https:\\\/\\\/www.right2city.org\\\/es\\\/events\\\/foro-41-derecho-a-la-ciudad-y-defensa-del-territorio-de-la-9a-conferencia-latinoamericana-y-caribena-de-ciencias-sociales\\\/\"]}]},{\"@type\":\"ImageObject\",\"inLanguage\":\"es\",\"@id\":\"https:\\\/\\\/www.right2city.org\\\/es\\\/events\\\/foro-41-derecho-a-la-ciudad-y-defensa-del-territorio-de-la-9a-conferencia-latinoamericana-y-caribena-de-ciencias-sociales\\\/#primaryimage\",\"url\":\"https:\\\/\\\/www.right2city.org\\\/wp-content\\\/uploads\\\/2022\\\/05\\\/foro_43-1024x538.jpg\",\"contentUrl\":\"https:\\\/\\\/www.right2city.org\\\/wp-content\\\/uploads\\\/2022\\\/05\\\/foro_43-1024x538.jpg\"},{\"@type\":\"BreadcrumbList\",\"@id\":\"https:\\\/\\\/www.right2city.org\\\/es\\\/events\\\/foro-41-derecho-a-la-ciudad-y-defensa-del-territorio-de-la-9a-conferencia-latinoamericana-y-caribena-de-ciencias-sociales\\\/#breadcrumb\",\"itemListElement\":[{\"@type\":\"ListItem\",\"position\":1,\"name\":\"Home\",\"item\":\"https:\\\/\\\/www.right2city.org\\\/es\\\/\"},{\"@type\":\"ListItem\",\"position\":2,\"name\":\"Foro 41 \u00abDerecho a la ciudad y defensa del territorio\u00bb de la 9\u00aa Conferencia Latinoamericana y Caribe\u00f1a de Ciencias Sociales\"}]},{\"@type\":\"WebSite\",\"@id\":\"https:\\\/\\\/www.right2city.org\\\/es\\\/#website\",\"url\":\"https:\\\/\\\/www.right2city.org\\\/es\\\/\",\"name\":\"Right to the city\",\"description\":\"Global Platform for the Right to the City\",\"potentialAction\":[{\"@type\":\"SearchAction\",\"target\":{\"@type\":\"EntryPoint\",\"urlTemplate\":\"https:\\\/\\\/www.right2city.org\\\/es\\\/?s={search_term_string}\"},\"query-input\":{\"@type\":\"PropertyValueSpecification\",\"valueRequired\":true,\"valueName\":\"search_term_string\"}}],\"inLanguage\":\"es\"}]}<\/script>\n<!-- \/ Yoast SEO plugin. -->","yoast_head_json":{"title":"Foro 41 \"Derecho a la ciudad y defensa del territorio\" de la 9\u00aa Conferencia Latinoamericana y Caribe\u00f1a de Ciencias Sociales - Right to the city","robots":{"index":"index","follow":"follow","max-snippet":"max-snippet:-1","max-image-preview":"max-image-preview:large","max-video-preview":"max-video-preview:-1"},"canonical":"https:\/\/www.right2city.org\/es\/events\/foro-41-derecho-a-la-ciudad-y-defensa-del-territorio-de-la-9a-conferencia-latinoamericana-y-caribena-de-ciencias-sociales\/","og_locale":"es_ES","og_type":"article","og_title":"Foro 41 \"Derecho a la ciudad y defensa del territorio\" de la 9\u00aa Conferencia Latinoamericana y Caribe\u00f1a de Ciencias Sociales - Right to the city","og_description":"&nbsp; Este Foro se enmarca en la 9\u00aa Conferencia Latinoamericana y Caribe\u00f1a de Ciencias Sociales se llevar\u00e1 a cabo del 7 al 10 de junio de 2022, en las instalaciones de la Universidad Nacional Aut\u00f3noma de M\u00e9xico (UNAM). M\u00e1s informaci\u00f3n: https:\/\/www.clacso.org\/clacso2022\/. Foro 41 \u00abDerecho a la ciudad y defensa del territorio\u00bb &nbsp; \u00a0Jueves 09 de [&hellip;]","og_url":"https:\/\/www.right2city.org\/es\/events\/foro-41-derecho-a-la-ciudad-y-defensa-del-territorio-de-la-9a-conferencia-latinoamericana-y-caribena-de-ciencias-sociales\/","og_site_name":"Right to the city","article_modified_time":"2022-06-09T13:53:34+00:00","og_image":[{"url":"https:\/\/www.right2city.org\/wp-content\/uploads\/2022\/05\/foro_43-1024x538.jpg","type":"","width":"","height":""}],"twitter_card":"summary_large_image","twitter_misc":{"Tiempo de lectura":"2 minutos"},"schema":{"@context":"https:\/\/schema.org","@graph":[{"@type":"WebPage","@id":"https:\/\/www.right2city.org\/es\/events\/foro-41-derecho-a-la-ciudad-y-defensa-del-territorio-de-la-9a-conferencia-latinoamericana-y-caribena-de-ciencias-sociales\/","url":"https:\/\/www.right2city.org\/es\/events\/foro-41-derecho-a-la-ciudad-y-defensa-del-territorio-de-la-9a-conferencia-latinoamericana-y-caribena-de-ciencias-sociales\/","name":"Foro 41 \"Derecho a la ciudad y defensa del territorio\" de la 9\u00aa Conferencia Latinoamericana y Caribe\u00f1a de Ciencias Sociales - Right to the city","isPartOf":{"@id":"https:\/\/www.right2city.org\/es\/#website"},"primaryImageOfPage":{"@id":"https:\/\/www.right2city.org\/es\/events\/foro-41-derecho-a-la-ciudad-y-defensa-del-territorio-de-la-9a-conferencia-latinoamericana-y-caribena-de-ciencias-sociales\/#primaryimage"},"image":{"@id":"https:\/\/www.right2city.org\/es\/events\/foro-41-derecho-a-la-ciudad-y-defensa-del-territorio-de-la-9a-conferencia-latinoamericana-y-caribena-de-ciencias-sociales\/#primaryimage"},"thumbnailUrl":"https:\/\/www.right2city.org\/wp-content\/uploads\/2022\/05\/foro_43-1024x538.jpg","datePublished":"2022-05-30T08:34:52+00:00","dateModified":"2022-06-09T13:53:34+00:00","breadcrumb":{"@id":"https:\/\/www.right2city.org\/es\/events\/foro-41-derecho-a-la-ciudad-y-defensa-del-territorio-de-la-9a-conferencia-latinoamericana-y-caribena-de-ciencias-sociales\/#breadcrumb"},"inLanguage":"es","potentialAction":[{"@type":"ReadAction","target":["https:\/\/www.right2city.org\/es\/events\/foro-41-derecho-a-la-ciudad-y-defensa-del-territorio-de-la-9a-conferencia-latinoamericana-y-caribena-de-ciencias-sociales\/"]}]},{"@type":"ImageObject","inLanguage":"es","@id":"https:\/\/www.right2city.org\/es\/events\/foro-41-derecho-a-la-ciudad-y-defensa-del-territorio-de-la-9a-conferencia-latinoamericana-y-caribena-de-ciencias-sociales\/#primaryimage","url":"https:\/\/www.right2city.org\/wp-content\/uploads\/2022\/05\/foro_43-1024x538.jpg","contentUrl":"https:\/\/www.right2city.org\/wp-content\/uploads\/2022\/05\/foro_43-1024x538.jpg"},{"@type":"BreadcrumbList","@id":"https:\/\/www.right2city.org\/es\/events\/foro-41-derecho-a-la-ciudad-y-defensa-del-territorio-de-la-9a-conferencia-latinoamericana-y-caribena-de-ciencias-sociales\/#breadcrumb","itemListElement":[{"@type":"ListItem","position":1,"name":"Home","item":"https:\/\/www.right2city.org\/es\/"},{"@type":"ListItem","position":2,"name":"Foro 41 \u00abDerecho a la ciudad y defensa del territorio\u00bb de la 9\u00aa Conferencia Latinoamericana y Caribe\u00f1a de Ciencias Sociales"}]},{"@type":"WebSite","@id":"https:\/\/www.right2city.org\/es\/#website","url":"https:\/\/www.right2city.org\/es\/","name":"Right to the city","description":"Global Platform for the Right to the City","potentialAction":[{"@type":"SearchAction","target":{"@type":"EntryPoint","urlTemplate":"https:\/\/www.right2city.org\/es\/?s={search_term_string}"},"query-input":{"@type":"PropertyValueSpecification","valueRequired":true,"valueName":"search_term_string"}}],"inLanguage":"es"}]}},"_links":{"self":[{"href":"https:\/\/www.right2city.org\/es\/wp-json\/wp\/v2\/events\/65292","targetHints":{"allow":["GET"]}}],"collection":[{"href":"https:\/\/www.right2city.org\/es\/wp-json\/wp\/v2\/events"}],"about":[{"href":"https:\/\/www.right2city.org\/es\/wp-json\/wp\/v2\/types\/events"}],"wp:attachment":[{"href":"https:\/\/www.right2city.org\/es\/wp-json\/wp\/v2\/media?parent=65292"}],"wp:term":[{"taxonomy":"themes","embeddable":true,"href":"https:\/\/www.right2city.org\/es\/wp-json\/wp\/v2\/themes?post=65292"},{"taxonomy":"agendas_globales","embeddable":true,"href":"https:\/\/www.right2city.org\/es\/wp-json\/wp\/v2\/agendas_globales?post=65292"}],"curies":[{"name":"wp","href":"https:\/\/api.w.org\/{rel}","templated":true}]}}