{"id":67974,"date":"2023-05-09T11:35:49","date_gmt":"2023-05-09T09:35:49","guid":{"rendered":"https:\/\/www.right2city.org\/quarterly-newsletter-4-december-2021-2\/"},"modified":"2023-05-09T13:20:16","modified_gmt":"2023-05-09T11:20:16","slug":"quarterly-newsletter-4-december-2021-2","status":"publish","type":"page","link":"https:\/\/www.right2city.org\/es\/quarterly-newsletter-4-december-2021-2\/","title":{"rendered":"Boletin Trimestral 4 \/ Diciembre 2021"},"content":{"rendered":"<table class=\"module\" role=\"module\" border=\"0\" width=\"100%\" cellspacing=\"0\" cellpadding=\"0\" data-type=\"text\" data-muid=\"96034386-4aa4-4b69-814e-9cbecfdf720b\" data-mc-module-version=\"2019-10-22\">\n<tbody>\n<tr>\n<td style=\"text-align: center;\"><a href=\"https:\/\/right2city.org\/newsletters\/20211217\/newsletter_GPR2C-es_ES.html\" target=\"_blank\" rel=\"noopener\">Abrir este correo en tu navegador web<\/a><\/p>\n<div>\n<div style=\"text-align: right;\"><strong>\u00a0<\/strong><\/div>\n<\/div>\n<\/td>\n<\/tr>\n<tr>\n<td role=\"module-content\" valign=\"top\" bgcolor=\"\" height=\"100%\">\n<div>\n<div style=\"text-align: right;\"><strong>Bolet\u00edn trimestral 4 \/ Diciembre 2021<\/strong><\/div>\n<div><\/div>\n<\/div>\n<\/td>\n<\/tr>\n<\/tbody>\n<\/table>\n<table class=\"wrapper\" role=\"module\" border=\"0\" width=\"100%\" cellspacing=\"0\" cellpadding=\"0\" data-type=\"image\" data-muid=\"9493f7bc-1e07-434d-b3e8-e2377d7310f9\">\n<tbody>\n<tr>\n<td align=\"center\" valign=\"top\"><img decoding=\"async\" class=\"max-width\" src=\"http:\/\/cdn.mcauto-images-production.sendgrid.net\/56fdef3ccd71496a\/8ca0f850-4260-4994-9cbb-29c54b28a5aa\/8192x1876.png\" alt=\"\" width=\"600\" border=\"0\" data-proportionally-constrained=\"true\" data-responsive=\"true\" \/><\/td>\n<\/tr>\n<\/tbody>\n<\/table>\n<table class=\"wrapper\" role=\"module\" border=\"0\" width=\"100%\" cellspacing=\"0\" cellpadding=\"0\" data-type=\"image\" data-muid=\"d6ef466e-b273-4d9a-a3ef-f2f22501223c\">\n<tbody>\n<tr>\n<td align=\"center\" valign=\"top\"><a href=\"https:\/\/www.right2city.org\/es\/news\/la-pgdc-en-2021-y-mas-alla\/\" target=\"_blank\" rel=\"noopener\"><img decoding=\"async\" class=\"max-width\" src=\"http:\/\/cdn.mcauto-images-production.sendgrid.net\/56fdef3ccd71496a\/46db4b3f-e5f6-45f8-9aa4-2950ab7ea45b\/1024x768.jpeg\" alt=\"\" width=\"600\" border=\"0\" data-proportionally-constrained=\"true\" data-responsive=\"true\" \/><\/a><\/td>\n<\/tr>\n<\/tbody>\n<\/table>\n<table class=\"module\" role=\"module\" border=\"0\" width=\"100%\" cellspacing=\"0\" cellpadding=\"0\" data-type=\"text\" data-muid=\"fdcddba7-3196-4b5c-b41f-5515dd719f59\" data-mc-module-version=\"2019-10-22\">\n<tbody>\n<tr>\n<td role=\"module-content\" valign=\"top\" bgcolor=\"#ffffff\" height=\"100%\">\n<div>\n<h4 style=\"text-align: center;\"><span style=\"color: #691950;\"><strong>La PGDC en 2021 y m\u00e1s all\u00e1<\/strong><\/span><\/h4>\n<\/div>\n<\/td>\n<\/tr>\n<\/tbody>\n<\/table>\n<table class=\"module\" role=\"module\" border=\"0\" width=\"100%\" cellspacing=\"0\" cellpadding=\"0\" data-type=\"text\" data-muid=\"de03e7b4-69ce-443e-a4c6-4820d15bc3a5\" data-mc-module-version=\"2019-10-22\">\n<tbody>\n<tr>\n<td role=\"module-content\" valign=\"top\" bgcolor=\"#ffffff\" height=\"100%\">\n<div>\n<div>2021 ha sido un a\u00f1o de desaf\u00edos, avances y fuerte movilizaci\u00f3n por el Derecho a la Ciudad en todo el mundo, marcado profundamente por la prolongaci\u00f3n de la pandemia de COVID-19, el progresivo despliegue de las campa\u00f1as de vacunaci\u00f3n y la progresiva suspensi\u00f3n de las medidas de protecci\u00f3n social, con la consiguiente profundizaci\u00f3n de las desigualdades preexistentes.<br \/>\nEl a\u00f1o 2021 estuvo fuertemente definido por la movilizaci\u00f3n popular ante la emergencia y la defensa de un \u00abmundo post-covid-19\u00bb basado en los derechos humanos, en alianza con las luchas locales y globales para avanzar en la justicia clim\u00e1tica. En este sentido, el movimiento por el Derecho a la Ciudad tiene mucho que aportar, no s\u00f3lo porque la mayor\u00eda de sus componentes est\u00e1n en el centro de los debates (vivienda, servicios p\u00fablicos, econom\u00edas diversas e inclusivas, funci\u00f3n social de la ciudad, espacios p\u00fablicos y otros); sino tambi\u00e9n por su enfoque en la dimensi\u00f3n territorial de los derechos humanos y el fortalecimiento de la democracia local.<\/div>\n<div><\/div>\n<div><a href=\"https:\/\/www.right2city.org\/es\/news\/la-pgdc-en-2021-y-mas-alla\/\" target=\"_blank\" rel=\"noopener\">Leer m\u00e1s&gt;<\/a><\/div>\n<div><\/div>\n<\/div>\n<\/td>\n<\/tr>\n<\/tbody>\n<\/table>\n<table class=\"module\" role=\"module\" border=\"0\" width=\"100%\" cellspacing=\"0\" cellpadding=\"0\" data-type=\"text\" data-muid=\"d89c20e0-8191-4ef4-b687-2ade45774302\" data-mc-module-version=\"2019-10-22\">\n<tbody>\n<tr>\n<td role=\"module-content\" valign=\"top\" bgcolor=\"#6d1a55\" height=\"100%\">\n<div>\n<h4 style=\"text-align: center;\"><span style=\"color: #ffffff;\"><strong>Campa\u00f1a: Ciudadan\u00eda inclusiva en ciudades y asentamientos humanos<\/strong><\/span><\/h4>\n<\/div>\n<\/td>\n<\/tr>\n<\/tbody>\n<\/table>\n<table role=\"module\" border=\"0\" width=\"100%\" cellspacing=\"0\" cellpadding=\"0\" align=\"center\" bgcolor=\"#FFFFFF\" data-type=\"columns\" data-distribution=\"1,1\">\n<tbody>\n<tr role=\"module-content\">\n<td valign=\"top\" height=\"100%\">\n<table style=\"border-collapse: collapse; width: 100%;\">\n<tbody>\n<tr>\n<td style=\"width: 50%;\">\n<div>Con motivo del D\u00eda Internacional del Migrante 2021, la PGDC reclama una concepci\u00f3n alternativa de la ciudadan\u00eda que sea inclusiva y comunitaria. Creemos firmemente que el actual contexto mundial de migraciones exige formas jur\u00eddicas diferenciadas de ciudadan\u00eda que protejan los Derechos Humanos de todes.\u00a0<strong>La movilizaci\u00f3n de los derechos de ciudadan\u00eda a trav\u00e9s del nivel local es esencial para lograr el Derecho a la Ciudad como perspectiva de justicia social y clim\u00e1tica a nivel global.<\/strong><\/div>\n<div><a href=\"https:\/\/www.right2city.org\/es\/inclusive-citizenship-in-cities-and-human-settlements\/\" target=\"_blank\" rel=\"noopener\">Leer m\u00e1s &gt;<\/a><\/div>\n<\/td>\n<td style=\"width: 50%;\"><a href=\"https:\/\/www.right2city.org\/es\/inclusive-citizenship-in-cities-and-human-settlements\/\" target=\"_blank\" rel=\"noopener\"><img decoding=\"async\" class=\"max-width aligncenter\" src=\"http:\/\/cdn.mcauto-images-production.sendgrid.net\/56fdef3ccd71496a\/831ede00-59c7-4992-98e8-0c295735a703\/2480x1890.jpg\" alt=\"\" width=\"290\" border=\"0\" data-proportionally-constrained=\"true\" data-responsive=\"true\" \/><\/a><\/td>\n<\/tr>\n<\/tbody>\n<\/table>\n<\/td>\n<\/tr>\n<\/tbody>\n<\/table>\n<table class=\"module\" role=\"module\" border=\"0\" width=\"100%\" cellspacing=\"0\" cellpadding=\"0\" data-type=\"text\" data-muid=\"9c9d64e9-9698-4d59-9320-e73e03888f46\" data-mc-module-version=\"2019-10-22\">\n<tbody>\n<tr>\n<td role=\"module-content\" valign=\"top\" bgcolor=\"#6d1a55\" height=\"100%\">\n<div>\n<h4 style=\"text-align: center;\"><span style=\"color: #ffffff;\"><strong>Noticias del Derecho a la Ciudad<\/strong><\/span><\/h4>\n<\/div>\n<\/td>\n<\/tr>\n<\/tbody>\n<\/table>\n<table role=\"module\" border=\"0\" width=\"100%\" cellspacing=\"0\" cellpadding=\"0\" align=\"center\" bgcolor=\"#ffffff\" data-type=\"columns\" data-distribution=\"1,1,1\">\n<tbody>\n<tr role=\"module-content\">\n<td valign=\"top\" height=\"100%\">\n<table style=\"border-collapse: collapse; width: 100%;\">\n<tbody>\n<tr>\n<td style=\"width: 33.3333%;\"><a href=\"https:\/\/www.right2city.org\/es\/news\/gpr2cs-contribution-to-the-quadrennial-progress-report-on-the-implementation-of-the-new-urban-agenda\/\" target=\"_blank\" rel=\"noopener\"><img decoding=\"async\" class=\"max-width\" src=\"http:\/\/cdn.mcauto-images-production.sendgrid.net\/56fdef3ccd71496a\/74f00dc5-dd63-4832-a3fe-9a27a2cecb27\/2480x1890.jpg\" alt=\"\" width=\"186\" border=\"0\" data-proportionally-constrained=\"true\" data-responsive=\"true\" \/><\/a><\/td>\n<td style=\"width: 33.3333%;\"><a href=\"https:\/\/www.right2city.org\/es\/news\/open-call-for-the-fourth-edition-of-the-transformative-cities-award-2021-2022\/\" target=\"_blank\" rel=\"noopener\"><img decoding=\"async\" class=\"max-width\" src=\"http:\/\/cdn.mcauto-images-production.sendgrid.net\/56fdef3ccd71496a\/22c0df60-15dd-4a4b-8e7d-25a4f80bc7c9\/595x454.jpg\" alt=\"\" width=\"186\" border=\"0\" data-proportionally-constrained=\"true\" data-responsive=\"true\" \/><\/a><\/td>\n<td style=\"width: 33.3333%;\"><a href=\"https:\/\/www.right2city.org\/es\/news\/ciclo-de-debates-avances-del-derecho-a-la-ciudad-en-america-latina-poniendo-a-debatir-el-estatuto-de-la-ciudad-la-nueva-agenda-urbana-nuevas-disposiciones-constitucionales-leyes-y-politic\/\" target=\"_blank\" rel=\"noopener\"><img decoding=\"async\" class=\"max-width\" src=\"http:\/\/cdn.mcauto-images-production.sendgrid.net\/56fdef3ccd71496a\/ec715728-ff83-4b5a-86e5-07f2196fce93\/2976x2267.jpg\" alt=\"\" width=\"186\" border=\"0\" data-proportionally-constrained=\"true\" data-responsive=\"true\" \/><\/a><\/td>\n<\/tr>\n<tr>\n<td style=\"width: 33.3333%;\"><a href=\"https:\/\/www.right2city.org\/es\/news\/gpr2cs-contribution-to-the-quadrennial-progress-report-on-the-implementation-of-the-new-urban-agenda\/\" target=\"_blank\" rel=\"noopener\"><strong>Contribuci\u00f3n de la PGDC al Informe sobre los avances en la NAU<\/strong><\/a><\/td>\n<td style=\"width: 33.3333%;\"><a href=\"https:\/\/www.right2city.org\/es\/news\/open-call-for-the-fourth-edition-of-the-transformative-cities-award-2021-2022\/\" target=\"_blank\" rel=\"noopener\"><strong>Convocatoria abierta para la el Premio Ciudades Transformadoras<\/strong><\/a><\/td>\n<td style=\"width: 33.3333%;\"><a href=\"https:\/\/www.right2city.org\/es\/news\/ciclo-de-debates-avances-del-derecho-a-la-ciudad-en-america-latina-poniendo-a-debatir-el-estatuto-de-la-ciudad-la-nueva-agenda-urbana-nuevas-disposiciones-constitucionales-leyes-y-politic\/\" target=\"_blank\" rel=\"noopener\"><strong>Ciclo de debates \u201cAvances del derecho a la ciudad en Am\u00e9rica Latina\u201d<\/strong><\/a><\/td>\n<\/tr>\n<tr>\n<td style=\"width: 33.3333%;\"><strong>\u00a0<\/strong><\/td>\n<td style=\"width: 33.3333%;\"><strong>\u00a0<\/strong><\/td>\n<td style=\"width: 33.3333%;\"><strong>\u00a0<\/strong><\/td>\n<\/tr>\n<\/tbody>\n<\/table>\n<\/td>\n<\/tr>\n<\/tbody>\n<\/table>\n<table class=\"module\" role=\"module\" border=\"0\" width=\"100%\" cellspacing=\"0\" cellpadding=\"0\" data-type=\"text\" data-muid=\"831328e6-3b93-456e-a66f-e111cf5f8c10\" data-mc-module-version=\"2019-10-22\">\n<tbody>\n<tr>\n<td role=\"module-content\" valign=\"top\" bgcolor=\"#6d1a55\" height=\"100%\">\n<div>\n<h4 style=\"text-align: center;\"><span style=\"color: #ffffff;\"><strong>Documentos Tem\u00e1ticos y Regionales del Derecho a la Ciudad<\/strong><\/span><\/h4>\n<\/div>\n<\/td>\n<\/tr>\n<\/tbody>\n<\/table>\n<table role=\"module\" border=\"0\" width=\"100%\" cellspacing=\"0\" cellpadding=\"0\" align=\"center\" bgcolor=\"#FFFFFF\" data-type=\"columns\" data-distribution=\"1,1,1,1\">\n<tbody>\n<tr role=\"module-content\">\n<td valign=\"top\" height=\"100%\">\n<table style=\"border-collapse: collapse; width: 100%;\">\n<tbody>\n<tr>\n<td style=\"width: 25%;\"><a href=\"https:\/\/www.right2city.org\/es\/document\/derecho-a-la-ciudad-hoja-de-ruta-por-la-justicia-climatica\/\" target=\"_blank\" rel=\"noopener\"><img loading=\"lazy\" decoding=\"async\" class=\"max-width\" src=\"http:\/\/cdn.mcauto-images-production.sendgrid.net\/56fdef3ccd71496a\/dedcdb46-8faf-406e-ad0e-2e51064c15d8\/595x842.jpg\" alt=\"\" width=\"227\" height=\"321\" border=\"0\" data-proportionally-constrained=\"true\" data-responsive=\"true\" \/><\/a><\/td>\n<td style=\"width: 25%;\"><a href=\"https:\/\/www.right2city.org\/es\/document\/el-impacto-de-la-covid-19-en-el-derecho-a-la-ciudad\/\" target=\"_blank\" rel=\"noopener\"><img loading=\"lazy\" decoding=\"async\" class=\"max-width\" src=\"http:\/\/cdn.mcauto-images-production.sendgrid.net\/56fdef3ccd71496a\/540e4fa3-57a8-4286-a09b-0b0099d5731f\/1054x1484.png\" alt=\"\" width=\"221\" height=\"311\" border=\"0\" data-proportionally-constrained=\"true\" data-responsive=\"true\" \/><\/a><\/td>\n<td style=\"width: 25%;\"><a href=\"https:\/\/www.right2city.org\/es\/document\/la-ciudad-como-un-bien-comun-un-pilar-del-derecho-a-la-ciudad\/\" target=\"_blank\" rel=\"noopener\"><img loading=\"lazy\" decoding=\"async\" class=\"max-width\" src=\"http:\/\/cdn.mcauto-images-production.sendgrid.net\/56fdef3ccd71496a\/48c09a05-0dd2-4ae8-930f-e3a826f53b86\/1654x2339.png\" alt=\"\" width=\"215\" height=\"304\" border=\"0\" data-proportionally-constrained=\"true\" data-responsive=\"true\" \/><\/a><\/td>\n<td style=\"width: 25%;\"><a href=\"https:\/\/www.right2city.org\/document\/the-right-to-the-city-in-asia-region-stories-from-the-invisible\/\" target=\"_blank\" rel=\"noopener\"><img loading=\"lazy\" decoding=\"async\" class=\"max-width\" src=\"http:\/\/cdn.mcauto-images-production.sendgrid.net\/56fdef3ccd71496a\/7d4f3f2f-cdf6-400e-9116-21e7f6733d06\/2079x2953.jpg\" alt=\"\" width=\"212\" height=\"301\" border=\"0\" data-proportionally-constrained=\"true\" data-responsive=\"true\" \/><\/a><\/td>\n<\/tr>\n<\/tbody>\n<\/table>\n<\/td>\n<\/tr>\n<\/tbody>\n<\/table>\n<table class=\"module\" role=\"module\" border=\"0\" width=\"100%\" cellspacing=\"0\" cellpadding=\"0\" data-type=\"text\" data-muid=\"af370fa3-b5cb-4783-ac93-3d06495a5c15\" data-mc-module-version=\"2019-10-22\">\n<tbody>\n<tr>\n<td role=\"module-content\" valign=\"top\" bgcolor=\"#6D1A55\" height=\"100%\">\n<div>\n<div style=\"text-align: center;\"><span style=\"color: #ffffff;\">\u00abEl derecho a la ciudad es el derecho de todas-os las-os habitantes, presentes y<\/span><\/div>\n<div style=\"text-align: center;\"><span style=\"color: #ffffff;\">futuras-os, permanentes y temporales, a habitar, utilizar, ocupar, producir,<\/span><\/div>\n<div style=\"text-align: center;\"><span style=\"color: #ffffff;\">gobernar y disfrutar ciudades, pueblos y asentamientos humanos justos,<\/span><\/div>\n<div style=\"text-align: center;\"><span style=\"color: #ffffff;\">inclusivos, seguros y sostenibles, definidos como bienes comunes esenciales<\/span><\/div>\n<div style=\"text-align: center;\"><span style=\"color: #ffffff;\">para una vida plena y digna\u00bb<\/span><br \/>\n<span style=\"color: #ffffff;\"><a style=\"color: #ffffff;\" href=\"http:\/\/contact@right2city.org\/\" target=\"_blank\" rel=\"noopener\">contact@right2city.org \u00a0<\/a>\u00a0\u00a0\u00a0\u00a0\u00a0<a style=\"color: #ffffff;\" href=\"http:\/\/www.right2city.org\/\" target=\"_blank\" rel=\"noopener\">www.right2city.org<\/a><\/span><\/div>\n<\/div>\n<\/td>\n<\/tr>\n<\/tbody>\n<\/table>\n","protected":false},"excerpt":{"rendered":"<p>Abrir este correo en tu navegador web \u00a0 Bolet\u00edn trimestral 4 \/ Diciembre 2021 La PGDC en 2021 y m\u00e1s all\u00e1 2021 ha sido un a\u00f1o de desaf\u00edos, avances y fuerte movilizaci\u00f3n por el Derecho a la Ciudad en todo el mundo, marcado profundamente por la prolongaci\u00f3n de la pandemia de COVID-19, el progresivo despliegue [&hellip;]<\/p>\n","protected":false},"author":4,"featured_media":67959,"parent":0,"menu_order":0,"comment_status":"closed","ping_status":"closed","template":"","meta":{"_acf_changed":false,"_et_pb_use_builder":"","_et_pb_old_content":"","_et_gb_content_width":"","cybocfi_hide_featured_image":"","footnotes":""},"themes":[1047,122,1021,125,121,126,127,1022,114,123,124],"agendas_globales":[],"class_list":["post-67974","page","type-page","status-publish","has-post-thumbnail","hentry","themes-commons-es","themes-calidad-de-espacios-publicos-y-servicios","themes-city-as-a-common-good-es","themes-ciudadania-inclusiva","themes-economias-diversas-e-inclusivas","themes-funcion-social","themes-igualdad-de-genero","themes-climate-justice-es","themes-mayor-participacion-politica","themes-no-discriminacion","themes-vinculos-rurales-locales"],"acf":[],"yoast_head":"<!-- This site is optimized with the Yoast SEO plugin v27.5 - https:\/\/yoast.com\/product\/yoast-seo-wordpress\/ -->\n<title>Boletin Trimestral 4 \/ Diciembre 2021 - Right to the city<\/title>\n<meta name=\"robots\" content=\"index, follow, max-snippet:-1, max-image-preview:large, max-video-preview:-1\" \/>\n<link rel=\"canonical\" href=\"https:\/\/www.right2city.org\/es\/quarterly-newsletter-4-december-2021-2\/\" \/>\n<meta property=\"og:locale\" content=\"es_ES\" \/>\n<meta property=\"og:type\" content=\"article\" \/>\n<meta property=\"og:title\" content=\"Boletin Trimestral 4 \/ Diciembre 2021 - Right to the city\" \/>\n<meta property=\"og:description\" content=\"Abrir este correo en tu navegador web \u00a0 Bolet\u00edn trimestral 4 \/ Diciembre 2021 La PGDC en 2021 y m\u00e1s all\u00e1 2021 ha sido un a\u00f1o de desaf\u00edos, avances y fuerte movilizaci\u00f3n por el Derecho a la Ciudad en todo el mundo, marcado profundamente por la prolongaci\u00f3n de la pandemia de COVID-19, el progresivo despliegue [&hellip;]\" \/>\n<meta property=\"og:url\" content=\"https:\/\/www.right2city.org\/es\/quarterly-newsletter-4-december-2021-2\/\" \/>\n<meta property=\"og:site_name\" content=\"Right to the city\" \/>\n<meta property=\"article:modified_time\" content=\"2023-05-09T11:20:16+00:00\" \/>\n<meta property=\"og:image\" content=\"https:\/\/www.right2city.org\/wp-content\/uploads\/2023\/05\/1024x768.jpeg\" \/>\n\t<meta property=\"og:image:width\" content=\"1024\" \/>\n\t<meta property=\"og:image:height\" content=\"768\" \/>\n\t<meta property=\"og:image:type\" content=\"image\/jpeg\" \/>\n<meta name=\"twitter:card\" content=\"summary_large_image\" \/>\n<meta name=\"twitter:label1\" content=\"Tiempo de lectura\" \/>\n\t<meta name=\"twitter:data1\" content=\"4 minutos\" \/>\n<script type=\"application\/ld+json\" class=\"yoast-schema-graph\">{\"@context\":\"https:\\\/\\\/schema.org\",\"@graph\":[{\"@type\":\"WebPage\",\"@id\":\"https:\\\/\\\/www.right2city.org\\\/es\\\/quarterly-newsletter-4-december-2021-2\\\/\",\"url\":\"https:\\\/\\\/www.right2city.org\\\/es\\\/quarterly-newsletter-4-december-2021-2\\\/\",\"name\":\"Boletin Trimestral 4 \\\/ Diciembre 2021 - Right to the city\",\"isPartOf\":{\"@id\":\"https:\\\/\\\/www.right2city.org\\\/es\\\/#website\"},\"primaryImageOfPage\":{\"@id\":\"https:\\\/\\\/www.right2city.org\\\/es\\\/quarterly-newsletter-4-december-2021-2\\\/#primaryimage\"},\"image\":{\"@id\":\"https:\\\/\\\/www.right2city.org\\\/es\\\/quarterly-newsletter-4-december-2021-2\\\/#primaryimage\"},\"thumbnailUrl\":\"https:\\\/\\\/www.right2city.org\\\/wp-content\\\/uploads\\\/2023\\\/05\\\/1024x768.jpeg\",\"datePublished\":\"2023-05-09T09:35:49+00:00\",\"dateModified\":\"2023-05-09T11:20:16+00:00\",\"breadcrumb\":{\"@id\":\"https:\\\/\\\/www.right2city.org\\\/es\\\/quarterly-newsletter-4-december-2021-2\\\/#breadcrumb\"},\"inLanguage\":\"es\",\"potentialAction\":[{\"@type\":\"ReadAction\",\"target\":[\"https:\\\/\\\/www.right2city.org\\\/es\\\/quarterly-newsletter-4-december-2021-2\\\/\"]}]},{\"@type\":\"ImageObject\",\"inLanguage\":\"es\",\"@id\":\"https:\\\/\\\/www.right2city.org\\\/es\\\/quarterly-newsletter-4-december-2021-2\\\/#primaryimage\",\"url\":\"https:\\\/\\\/www.right2city.org\\\/wp-content\\\/uploads\\\/2023\\\/05\\\/1024x768.jpeg\",\"contentUrl\":\"https:\\\/\\\/www.right2city.org\\\/wp-content\\\/uploads\\\/2023\\\/05\\\/1024x768.jpeg\",\"width\":1024,\"height\":768},{\"@type\":\"BreadcrumbList\",\"@id\":\"https:\\\/\\\/www.right2city.org\\\/es\\\/quarterly-newsletter-4-december-2021-2\\\/#breadcrumb\",\"itemListElement\":[{\"@type\":\"ListItem\",\"position\":1,\"name\":\"Home\",\"item\":\"https:\\\/\\\/www.right2city.org\\\/es\\\/\"},{\"@type\":\"ListItem\",\"position\":2,\"name\":\"Boletin Trimestral 4 \\\/ Diciembre 2021\"}]},{\"@type\":\"WebSite\",\"@id\":\"https:\\\/\\\/www.right2city.org\\\/es\\\/#website\",\"url\":\"https:\\\/\\\/www.right2city.org\\\/es\\\/\",\"name\":\"Right to the city\",\"description\":\"Global Platform for the Right to the City\",\"potentialAction\":[{\"@type\":\"SearchAction\",\"target\":{\"@type\":\"EntryPoint\",\"urlTemplate\":\"https:\\\/\\\/www.right2city.org\\\/es\\\/?s={search_term_string}\"},\"query-input\":{\"@type\":\"PropertyValueSpecification\",\"valueRequired\":true,\"valueName\":\"search_term_string\"}}],\"inLanguage\":\"es\"}]}<\/script>\n<!-- \/ Yoast SEO plugin. -->","yoast_head_json":{"title":"Boletin Trimestral 4 \/ Diciembre 2021 - Right to the city","robots":{"index":"index","follow":"follow","max-snippet":"max-snippet:-1","max-image-preview":"max-image-preview:large","max-video-preview":"max-video-preview:-1"},"canonical":"https:\/\/www.right2city.org\/es\/quarterly-newsletter-4-december-2021-2\/","og_locale":"es_ES","og_type":"article","og_title":"Boletin Trimestral 4 \/ Diciembre 2021 - Right to the city","og_description":"Abrir este correo en tu navegador web \u00a0 Bolet\u00edn trimestral 4 \/ Diciembre 2021 La PGDC en 2021 y m\u00e1s all\u00e1 2021 ha sido un a\u00f1o de desaf\u00edos, avances y fuerte movilizaci\u00f3n por el Derecho a la Ciudad en todo el mundo, marcado profundamente por la prolongaci\u00f3n de la pandemia de COVID-19, el progresivo despliegue [&hellip;]","og_url":"https:\/\/www.right2city.org\/es\/quarterly-newsletter-4-december-2021-2\/","og_site_name":"Right to the city","article_modified_time":"2023-05-09T11:20:16+00:00","og_image":[{"width":1024,"height":768,"url":"https:\/\/www.right2city.org\/wp-content\/uploads\/2023\/05\/1024x768.jpeg","type":"image\/jpeg"}],"twitter_card":"summary_large_image","twitter_misc":{"Tiempo de lectura":"4 minutos"},"schema":{"@context":"https:\/\/schema.org","@graph":[{"@type":"WebPage","@id":"https:\/\/www.right2city.org\/es\/quarterly-newsletter-4-december-2021-2\/","url":"https:\/\/www.right2city.org\/es\/quarterly-newsletter-4-december-2021-2\/","name":"Boletin Trimestral 4 \/ Diciembre 2021 - Right to the city","isPartOf":{"@id":"https:\/\/www.right2city.org\/es\/#website"},"primaryImageOfPage":{"@id":"https:\/\/www.right2city.org\/es\/quarterly-newsletter-4-december-2021-2\/#primaryimage"},"image":{"@id":"https:\/\/www.right2city.org\/es\/quarterly-newsletter-4-december-2021-2\/#primaryimage"},"thumbnailUrl":"https:\/\/www.right2city.org\/wp-content\/uploads\/2023\/05\/1024x768.jpeg","datePublished":"2023-05-09T09:35:49+00:00","dateModified":"2023-05-09T11:20:16+00:00","breadcrumb":{"@id":"https:\/\/www.right2city.org\/es\/quarterly-newsletter-4-december-2021-2\/#breadcrumb"},"inLanguage":"es","potentialAction":[{"@type":"ReadAction","target":["https:\/\/www.right2city.org\/es\/quarterly-newsletter-4-december-2021-2\/"]}]},{"@type":"ImageObject","inLanguage":"es","@id":"https:\/\/www.right2city.org\/es\/quarterly-newsletter-4-december-2021-2\/#primaryimage","url":"https:\/\/www.right2city.org\/wp-content\/uploads\/2023\/05\/1024x768.jpeg","contentUrl":"https:\/\/www.right2city.org\/wp-content\/uploads\/2023\/05\/1024x768.jpeg","width":1024,"height":768},{"@type":"BreadcrumbList","@id":"https:\/\/www.right2city.org\/es\/quarterly-newsletter-4-december-2021-2\/#breadcrumb","itemListElement":[{"@type":"ListItem","position":1,"name":"Home","item":"https:\/\/www.right2city.org\/es\/"},{"@type":"ListItem","position":2,"name":"Boletin Trimestral 4 \/ Diciembre 2021"}]},{"@type":"WebSite","@id":"https:\/\/www.right2city.org\/es\/#website","url":"https:\/\/www.right2city.org\/es\/","name":"Right to the city","description":"Global Platform for the Right to the City","potentialAction":[{"@type":"SearchAction","target":{"@type":"EntryPoint","urlTemplate":"https:\/\/www.right2city.org\/es\/?s={search_term_string}"},"query-input":{"@type":"PropertyValueSpecification","valueRequired":true,"valueName":"search_term_string"}}],"inLanguage":"es"}]}},"_links":{"self":[{"href":"https:\/\/www.right2city.org\/es\/wp-json\/wp\/v2\/pages\/67974","targetHints":{"allow":["GET"]}}],"collection":[{"href":"https:\/\/www.right2city.org\/es\/wp-json\/wp\/v2\/pages"}],"about":[{"href":"https:\/\/www.right2city.org\/es\/wp-json\/wp\/v2\/types\/page"}],"author":[{"embeddable":true,"href":"https:\/\/www.right2city.org\/es\/wp-json\/wp\/v2\/users\/4"}],"replies":[{"embeddable":true,"href":"https:\/\/www.right2city.org\/es\/wp-json\/wp\/v2\/comments?post=67974"}],"version-history":[{"count":4,"href":"https:\/\/www.right2city.org\/es\/wp-json\/wp\/v2\/pages\/67974\/revisions"}],"predecessor-version":[{"id":67978,"href":"https:\/\/www.right2city.org\/es\/wp-json\/wp\/v2\/pages\/67974\/revisions\/67978"}],"wp:featuredmedia":[{"embeddable":true,"href":"https:\/\/www.right2city.org\/es\/wp-json\/wp\/v2\/media\/67959"}],"wp:attachment":[{"href":"https:\/\/www.right2city.org\/es\/wp-json\/wp\/v2\/media?parent=67974"}],"wp:term":[{"taxonomy":"themes","embeddable":true,"href":"https:\/\/www.right2city.org\/es\/wp-json\/wp\/v2\/themes?post=67974"},{"taxonomy":"agendas_globales","embeddable":true,"href":"https:\/\/www.right2city.org\/es\/wp-json\/wp\/v2\/agendas_globales?post=67974"}],"curies":[{"name":"wp","href":"https:\/\/api.w.org\/{rel}","templated":true}]}}