{"id":55850,"date":"2020-07-24T12:02:24","date_gmt":"2020-07-24T10:02:24","guid":{"rendered":"https:\/\/www.right2city.org\/?post_type=events&#038;p=55850"},"modified":"2020-07-24T12:02:24","modified_gmt":"2020-07-24T10:02:24","slug":"premiere-assemblee-mondiale-virtuelle-des-habitant-e-s-dans-lhistoire","status":"publish","type":"events","link":"https:\/\/www.right2city.org\/fr\/events\/premiere-assemblee-mondiale-virtuelle-des-habitant-e-s-dans-lhistoire\/","title":{"rendered":"PREMI\u00c8RE ASSEMBL\u00c9E MONDIALE VIRTUELLE DES HABITANT-E-S DANS L&rsquo;HISTOIRE!"},"content":{"rendered":"<div class=\"kvgmc6g5 cxmmr5t8 oygrvhab hcukyx3x c1et5uql ii04i59q\">\n<div dir=\"auto\"><\/div>\n<div dir=\"auto\"><a class=\"oajrlxb2 g5ia77u1 qu0x051f esr5mh6w e9989ue4 r7d6kgcz rq0escxv nhd2j8a9 nc684nl6 p7hjln8o kvgmc6g5 cxmmr5t8 oygrvhab hcukyx3x jb3vyjys rz4wbd8a qt6c0cv9 a8nywdso i1ao9s8h esuyzwwr f1sip0of lzcic4wl py34i1dx gpro0wi8\" tabindex=\"0\" role=\"link\" href=\"https:\/\/l.facebook.com\/l.php?u=https%3A%2F%2Fdrive.google.com%2Ffile%2Fd%2F1r4b11-DGgJOh2Fl7KVvRvsrn9bYWr4CX%2Fview%3Fusp%3Dsharing%26fbclid%3DIwAR1gjOdKafPuT_TkU5YR8fkv_dEa2I0OKfO0CqVL6kWqVa6goFyld19RcA0&amp;h=AT2hgkbqYyhLN-YiUEpZ-WK1D3OIv9D3whWqUUAKHbYoc5pVP5wk1UN04lA1HiMSn3CLtiDrfmwDuIHMSLWvi6QpbGReHr9BJXh3OKBljgmyWwPkZeItbDga7qNXc_GOzl7s45U&amp;__tn__=-UK-R&amp;c[0]=AT0usMmYPSN2Vd3mRcp0XpSeyX9S7iTXA1LFPn2T6bpNUUGnb5vAR4hNYg-0aNqaNg0v6GmUc-D1XS52R7NQnFZiMWu1dzkQ-IBpqLU-h-W_ZfKwYYvuAjIgqBCOURxV6u9mAlnONGFysSbUSak-Xors3kK2Y7MIH9FF5wRtIz9RMeG7wSo9QWoBaQ\" target=\"_blank\" rel=\"nofollow noopener noreferrer\"><img loading=\"lazy\" decoding=\"async\" class=\"aligncenter wp-image-55851\" src=\"https:\/\/www.right2city.org\/wp-content\/uploads\/2020\/07\/109952070_120336536427297_2637577601296120955_o.jpg\" alt=\"\" width=\"340\" height=\"440\" \/><\/a><\/div>\n<div dir=\"auto\"><\/div>\n<div dir=\"auto\" style=\"text-align: center;\"><strong>PARTICIPEZ \u00c0 LA PREMI\u00c8RE ASSEMBL\u00c9E MONDIALE VIRTUELLE DES HABITANT-E-S DANS L&rsquo;HISTOIRE!<\/strong><\/div>\n<\/div>\n<div dir=\"auto\"><\/div>\n<div dir=\"auto\">Organisations et r\u00e9seaux d&rsquo;habitant-e-s du monde entier, convoquent \u00e0 la premi\u00e8re <strong>Assembl\u00e9e Mondiale Virtuelle des Habitant-e-s de l&rsquo;histoire<\/strong>, un espace pour la <strong>convergence n\u00e9cessaire des re-existences solidaires en temps de pand\u00e9mie.<\/strong><\/div>\n<div dir=\"auto\"><\/div>\n<div dir=\"auto\">Le r\u00e9seau prend un r\u00f4le de premier plan dans la<strong> d\u00e9fense de nos id\u00e9aux pour la construction d&rsquo;une alternative bas\u00e9e sur les droits humains et de l&rsquo;environnement et la redistribution \u00e9quitable des ressources.<\/strong><\/div>\n<div dir=\"auto\"><\/div>\n<div dir=\"auto\"><span style=\"font-size: 14pt;\"><strong>Lisez l&rsquo;<a href=\"https:\/\/drive.google.com\/file\/d\/1r4b11-DGgJOh2Fl7KVvRvsrn9bYWr4CX\/view?usp=sharing\">appel<\/a> et signez <a href=\"https:\/\/forms.gle\/vwJ8b6kY2FY1t4g96\">ici<\/a><\/strong><\/span><\/div>\n<div class=\"kvgmc6g5 cxmmr5t8 oygrvhab hcukyx3x c1et5uql ii04i59q\">\n<div dir=\"auto\"><\/div>\n<div dir=\"auto\"><span style=\"font-size: 14pt;\"><strong>La premi\u00e8re Assembl\u00e9e Mondiale Virtuelle des Habitant-e-s dans l&rsquo;histoire aura lieu : le vendredi 31 juillet de 13h30 \u00e0 15h30 (GMT) votre heure locale <a href=\"https:\/\/www.timeanddate.com\/worldclock\/fixedtime.html?msg=Virtual+World+Assembly+of+Inhabitants&amp;iso=20200731T1530&amp;p1=215&amp;ah=3\">ici\u00a0<\/a><\/strong><\/span><\/div>\n<div dir=\"auto\"><\/div>\n<\/div>\n<div class=\"o9v6fnle cxmmr5t8 oygrvhab hcukyx3x c1et5uql ii04i59q\">\n<div dir=\"auto\">&#8212;&#8212;&#8212;&#8212;&#8212;&#8212;&#8212;&#8212;&#8212;&#8212;&#8212;&#8212;&#8212;&#8212;&#8212;&#8212;&#8212;&#8212;&#8212;&#8212;&#8212;&#8212;&#8212;&#8212;&#8212;&#8212;&#8212;&#8212;&#8212;&#8212;&#8212;&#8212;&#8212;&#8212;&#8212;&#8212;-<\/div>\n<div dir=\"auto\">Plus d&rsquo;information sur les Assembl\u00e9es Mondiales des Habitant-e-s ici :\u00a0<a class=\"oajrlxb2 g5ia77u1 qu0x051f esr5mh6w e9989ue4 r7d6kgcz rq0escxv nhd2j8a9 nc684nl6 p7hjln8o kvgmc6g5 cxmmr5t8 oygrvhab hcukyx3x jb3vyjys rz4wbd8a qt6c0cv9 a8nywdso i1ao9s8h esuyzwwr f1sip0of lzcic4wl py34i1dx gpro0wi8\" tabindex=\"0\" role=\"link\" href=\"https:\/\/l.facebook.com\/l.php?u=https%3A%2F%2Ffre.habitants.org%2Fla_voie_urbaine%3Ffbclid%3DIwAR0QvHlnQpIh5BywMkoPcRhP2y1geO1HLcIITkeGrP7qByZMhTrxFDjOP78&amp;h=AT1K4ajLF4bErYVvzwiKuVt8i3GVtHFMALaNKuuQ2rZJhS2adE_A0jfFOgxP-thnEF9FF3SN6dOXaYBHkd3DRsNGiqZ1vKLvos_Kw9aI_dM5PkDyv9EUIOEVcok8Gse974hDHJo&amp;__tn__=-UK-R&amp;c[0]=AT0usMmYPSN2Vd3mRcp0XpSeyX9S7iTXA1LFPn2T6bpNUUGnb5vAR4hNYg-0aNqaNg0v6GmUc-D1XS52R7NQnFZiMWu1dzkQ-IBpqLU-h-W_ZfKwYYvuAjIgqBCOURxV6u9mAlnONGFysSbUSak-Xors3kK2Y7MIH9FF5wRtIz9RMeG7wSo9QWoBaQ\" target=\"_blank\" rel=\"nofollow noopener noreferrer\">https:\/\/fre.habitants.org\/la_voie_urbaine<\/a><\/div>\n<div dir=\"auto\">Plus d&rsquo;information sur la Campagne Z\u00e9ro Expulsions pour le Coronavirus ici :\u00a0<a class=\"oajrlxb2 g5ia77u1 qu0x051f esr5mh6w e9989ue4 r7d6kgcz rq0escxv nhd2j8a9 nc684nl6 p7hjln8o kvgmc6g5 cxmmr5t8 oygrvhab hcukyx3x jb3vyjys rz4wbd8a qt6c0cv9 a8nywdso i1ao9s8h esuyzwwr f1sip0of lzcic4wl py34i1dx gpro0wi8\" tabindex=\"0\" role=\"link\" href=\"https:\/\/l.facebook.com\/l.php?u=https%3A%2F%2Ffre.habitants.org%2Fcampagne_zero_expulsion%2Fzero_expulsion_a_cause_du_coronavirus%3Ffbclid%3DIwAR2GbA9tN_R9VlMp84HbJpfxNWosF9FlKpN_yQpVGO2YbFfX0nzhcc4zE34&amp;h=AT2RwfKCw54B4flUl0irvhH0Y6WlJt8i4waN85VJ-wH7CjRGaI1WIVhp1304-Wr6lIKCuaFlg1rRDslqfpxg8wb9ih7mNdEeSjOKisHrJ6a3TR5_D8fFwI2FufvKaIXkKfGx82Y&amp;__tn__=-UK-R&amp;c[0]=AT0usMmYPSN2Vd3mRcp0XpSeyX9S7iTXA1LFPn2T6bpNUUGnb5vAR4hNYg-0aNqaNg0v6GmUc-D1XS52R7NQnFZiMWu1dzkQ-IBpqLU-h-W_ZfKwYYvuAjIgqBCOURxV6u9mAlnONGFysSbUSak-Xors3kK2Y7MIH9FF5wRtIz9RMeG7wSo9QWoBaQ\" target=\"_blank\" rel=\"nofollow noopener noreferrer\">https:\/\/fre.habitants.org\/campagne_zero_expulsion\/zero_expulsion_a_cause_du_coronavirus<\/a><\/div>\n<\/div>\n<div class=\"o9v6fnle cxmmr5t8 oygrvhab hcukyx3x c1et5uql ii04i59q\">\n<div dir=\"auto\"><\/div>\n<\/div>\n","protected":false},"featured_media":55851,"template":"","meta":{"_acf_changed":false,"_et_pb_use_builder":"","_et_pb_old_content":"","_et_gb_content_width":"","cybocfi_hide_featured_image":""},"themes":[118],"agendas_globales":[],"class_list":["post-55850","events","type-events","status-publish","has-post-thumbnail","hentry","themes-participation-politique"],"acf":[],"yoast_head":"<!-- This site is optimized with the Yoast SEO plugin v27.5 - https:\/\/yoast.com\/product\/yoast-seo-wordpress\/ -->\n<title>PREMI\u00c8RE ASSEMBL\u00c9E MONDIALE VIRTUELLE DES HABITANT-E-S DANS L&#039;HISTOIRE! - Right to the city<\/title>\n<meta name=\"robots\" content=\"index, follow, max-snippet:-1, max-image-preview:large, max-video-preview:-1\" \/>\n<link rel=\"canonical\" href=\"https:\/\/www.right2city.org\/fr\/events\/premiere-assemblee-mondiale-virtuelle-des-habitant-e-s-dans-lhistoire\/\" \/>\n<meta property=\"og:locale\" content=\"fr_FR\" \/>\n<meta property=\"og:type\" content=\"article\" \/>\n<meta property=\"og:title\" content=\"PREMI\u00c8RE ASSEMBL\u00c9E MONDIALE VIRTUELLE DES HABITANT-E-S DANS L&#039;HISTOIRE! - Right to the city\" \/>\n<meta property=\"og:description\" content=\"PARTICIPEZ \u00c0 LA PREMI\u00c8RE ASSEMBL\u00c9E MONDIALE VIRTUELLE DES HABITANT-E-S DANS L&rsquo;HISTOIRE! Organisations et r\u00e9seaux d&rsquo;habitant-e-s du monde entier, convoquent \u00e0 la premi\u00e8re Assembl\u00e9e Mondiale Virtuelle des Habitant-e-s de l&rsquo;histoire, un espace pour la convergence n\u00e9cessaire des re-existences solidaires en temps de pand\u00e9mie. Le r\u00e9seau prend un r\u00f4le de premier plan dans la d\u00e9fense de nos [&hellip;]\" \/>\n<meta property=\"og:url\" content=\"https:\/\/www.right2city.org\/fr\/events\/premiere-assemblee-mondiale-virtuelle-des-habitant-e-s-dans-lhistoire\/\" \/>\n<meta property=\"og:site_name\" content=\"Right to the city\" \/>\n<meta property=\"og:image\" content=\"https:\/\/www.right2city.org\/wp-content\/uploads\/2020\/07\/109952070_120336536427297_2637577601296120955_o.jpg\" \/>\n\t<meta property=\"og:image:width\" content=\"526\" \/>\n\t<meta property=\"og:image:height\" content=\"680\" \/>\n\t<meta property=\"og:image:type\" content=\"image\/jpeg\" \/>\n<meta name=\"twitter:card\" content=\"summary_large_image\" \/>\n<meta name=\"twitter:label1\" content=\"Dur\u00e9e de lecture estim\u00e9e\" \/>\n\t<meta name=\"twitter:data1\" content=\"1 minute\" \/>\n<script type=\"application\/ld+json\" class=\"yoast-schema-graph\">{\"@context\":\"https:\\\/\\\/schema.org\",\"@graph\":[{\"@type\":\"WebPage\",\"@id\":\"https:\\\/\\\/www.right2city.org\\\/fr\\\/events\\\/premiere-assemblee-mondiale-virtuelle-des-habitant-e-s-dans-lhistoire\\\/\",\"url\":\"https:\\\/\\\/www.right2city.org\\\/fr\\\/events\\\/premiere-assemblee-mondiale-virtuelle-des-habitant-e-s-dans-lhistoire\\\/\",\"name\":\"PREMI\u00c8RE ASSEMBL\u00c9E MONDIALE VIRTUELLE DES HABITANT-E-S DANS L'HISTOIRE! - Right to the city\",\"isPartOf\":{\"@id\":\"https:\\\/\\\/www.right2city.org\\\/fr\\\/#website\"},\"primaryImageOfPage\":{\"@id\":\"https:\\\/\\\/www.right2city.org\\\/fr\\\/events\\\/premiere-assemblee-mondiale-virtuelle-des-habitant-e-s-dans-lhistoire\\\/#primaryimage\"},\"image\":{\"@id\":\"https:\\\/\\\/www.right2city.org\\\/fr\\\/events\\\/premiere-assemblee-mondiale-virtuelle-des-habitant-e-s-dans-lhistoire\\\/#primaryimage\"},\"thumbnailUrl\":\"https:\\\/\\\/www.right2city.org\\\/wp-content\\\/uploads\\\/2020\\\/07\\\/109952070_120336536427297_2637577601296120955_o.jpg\",\"datePublished\":\"2020-07-24T10:02:24+00:00\",\"breadcrumb\":{\"@id\":\"https:\\\/\\\/www.right2city.org\\\/fr\\\/events\\\/premiere-assemblee-mondiale-virtuelle-des-habitant-e-s-dans-lhistoire\\\/#breadcrumb\"},\"inLanguage\":\"fr-FR\",\"potentialAction\":[{\"@type\":\"ReadAction\",\"target\":[\"https:\\\/\\\/www.right2city.org\\\/fr\\\/events\\\/premiere-assemblee-mondiale-virtuelle-des-habitant-e-s-dans-lhistoire\\\/\"]}]},{\"@type\":\"ImageObject\",\"inLanguage\":\"fr-FR\",\"@id\":\"https:\\\/\\\/www.right2city.org\\\/fr\\\/events\\\/premiere-assemblee-mondiale-virtuelle-des-habitant-e-s-dans-lhistoire\\\/#primaryimage\",\"url\":\"https:\\\/\\\/www.right2city.org\\\/wp-content\\\/uploads\\\/2020\\\/07\\\/109952070_120336536427297_2637577601296120955_o.jpg\",\"contentUrl\":\"https:\\\/\\\/www.right2city.org\\\/wp-content\\\/uploads\\\/2020\\\/07\\\/109952070_120336536427297_2637577601296120955_o.jpg\",\"width\":526,\"height\":680},{\"@type\":\"BreadcrumbList\",\"@id\":\"https:\\\/\\\/www.right2city.org\\\/fr\\\/events\\\/premiere-assemblee-mondiale-virtuelle-des-habitant-e-s-dans-lhistoire\\\/#breadcrumb\",\"itemListElement\":[{\"@type\":\"ListItem\",\"position\":1,\"name\":\"Home\",\"item\":\"https:\\\/\\\/www.right2city.org\\\/fr\\\/\"},{\"@type\":\"ListItem\",\"position\":2,\"name\":\"PREMI\u00c8RE ASSEMBL\u00c9E MONDIALE VIRTUELLE DES HABITANT-E-S DANS L&rsquo;HISTOIRE!\"}]},{\"@type\":\"WebSite\",\"@id\":\"https:\\\/\\\/www.right2city.org\\\/fr\\\/#website\",\"url\":\"https:\\\/\\\/www.right2city.org\\\/fr\\\/\",\"name\":\"Right to the city\",\"description\":\"Global Platform for the Right to the City\",\"potentialAction\":[{\"@type\":\"SearchAction\",\"target\":{\"@type\":\"EntryPoint\",\"urlTemplate\":\"https:\\\/\\\/www.right2city.org\\\/fr\\\/?s={search_term_string}\"},\"query-input\":{\"@type\":\"PropertyValueSpecification\",\"valueRequired\":true,\"valueName\":\"search_term_string\"}}],\"inLanguage\":\"fr-FR\"}]}<\/script>\n<!-- \/ Yoast SEO plugin. -->","yoast_head_json":{"title":"PREMI\u00c8RE ASSEMBL\u00c9E MONDIALE VIRTUELLE DES HABITANT-E-S DANS L'HISTOIRE! - Right to the city","robots":{"index":"index","follow":"follow","max-snippet":"max-snippet:-1","max-image-preview":"max-image-preview:large","max-video-preview":"max-video-preview:-1"},"canonical":"https:\/\/www.right2city.org\/fr\/events\/premiere-assemblee-mondiale-virtuelle-des-habitant-e-s-dans-lhistoire\/","og_locale":"fr_FR","og_type":"article","og_title":"PREMI\u00c8RE ASSEMBL\u00c9E MONDIALE VIRTUELLE DES HABITANT-E-S DANS L'HISTOIRE! - Right to the city","og_description":"PARTICIPEZ \u00c0 LA PREMI\u00c8RE ASSEMBL\u00c9E MONDIALE VIRTUELLE DES HABITANT-E-S DANS L&rsquo;HISTOIRE! Organisations et r\u00e9seaux d&rsquo;habitant-e-s du monde entier, convoquent \u00e0 la premi\u00e8re Assembl\u00e9e Mondiale Virtuelle des Habitant-e-s de l&rsquo;histoire, un espace pour la convergence n\u00e9cessaire des re-existences solidaires en temps de pand\u00e9mie. Le r\u00e9seau prend un r\u00f4le de premier plan dans la d\u00e9fense de nos [&hellip;]","og_url":"https:\/\/www.right2city.org\/fr\/events\/premiere-assemblee-mondiale-virtuelle-des-habitant-e-s-dans-lhistoire\/","og_site_name":"Right to the city","og_image":[{"width":526,"height":680,"url":"https:\/\/www.right2city.org\/wp-content\/uploads\/2020\/07\/109952070_120336536427297_2637577601296120955_o.jpg","type":"image\/jpeg"}],"twitter_card":"summary_large_image","twitter_misc":{"Dur\u00e9e de lecture estim\u00e9e":"1 minute"},"schema":{"@context":"https:\/\/schema.org","@graph":[{"@type":"WebPage","@id":"https:\/\/www.right2city.org\/fr\/events\/premiere-assemblee-mondiale-virtuelle-des-habitant-e-s-dans-lhistoire\/","url":"https:\/\/www.right2city.org\/fr\/events\/premiere-assemblee-mondiale-virtuelle-des-habitant-e-s-dans-lhistoire\/","name":"PREMI\u00c8RE ASSEMBL\u00c9E MONDIALE VIRTUELLE DES HABITANT-E-S DANS L'HISTOIRE! - Right to the city","isPartOf":{"@id":"https:\/\/www.right2city.org\/fr\/#website"},"primaryImageOfPage":{"@id":"https:\/\/www.right2city.org\/fr\/events\/premiere-assemblee-mondiale-virtuelle-des-habitant-e-s-dans-lhistoire\/#primaryimage"},"image":{"@id":"https:\/\/www.right2city.org\/fr\/events\/premiere-assemblee-mondiale-virtuelle-des-habitant-e-s-dans-lhistoire\/#primaryimage"},"thumbnailUrl":"https:\/\/www.right2city.org\/wp-content\/uploads\/2020\/07\/109952070_120336536427297_2637577601296120955_o.jpg","datePublished":"2020-07-24T10:02:24+00:00","breadcrumb":{"@id":"https:\/\/www.right2city.org\/fr\/events\/premiere-assemblee-mondiale-virtuelle-des-habitant-e-s-dans-lhistoire\/#breadcrumb"},"inLanguage":"fr-FR","potentialAction":[{"@type":"ReadAction","target":["https:\/\/www.right2city.org\/fr\/events\/premiere-assemblee-mondiale-virtuelle-des-habitant-e-s-dans-lhistoire\/"]}]},{"@type":"ImageObject","inLanguage":"fr-FR","@id":"https:\/\/www.right2city.org\/fr\/events\/premiere-assemblee-mondiale-virtuelle-des-habitant-e-s-dans-lhistoire\/#primaryimage","url":"https:\/\/www.right2city.org\/wp-content\/uploads\/2020\/07\/109952070_120336536427297_2637577601296120955_o.jpg","contentUrl":"https:\/\/www.right2city.org\/wp-content\/uploads\/2020\/07\/109952070_120336536427297_2637577601296120955_o.jpg","width":526,"height":680},{"@type":"BreadcrumbList","@id":"https:\/\/www.right2city.org\/fr\/events\/premiere-assemblee-mondiale-virtuelle-des-habitant-e-s-dans-lhistoire\/#breadcrumb","itemListElement":[{"@type":"ListItem","position":1,"name":"Home","item":"https:\/\/www.right2city.org\/fr\/"},{"@type":"ListItem","position":2,"name":"PREMI\u00c8RE ASSEMBL\u00c9E MONDIALE VIRTUELLE DES HABITANT-E-S DANS L&rsquo;HISTOIRE!"}]},{"@type":"WebSite","@id":"https:\/\/www.right2city.org\/fr\/#website","url":"https:\/\/www.right2city.org\/fr\/","name":"Right to the city","description":"Global Platform for the Right to the City","potentialAction":[{"@type":"SearchAction","target":{"@type":"EntryPoint","urlTemplate":"https:\/\/www.right2city.org\/fr\/?s={search_term_string}"},"query-input":{"@type":"PropertyValueSpecification","valueRequired":true,"valueName":"search_term_string"}}],"inLanguage":"fr-FR"}]}},"_links":{"self":[{"href":"https:\/\/www.right2city.org\/fr\/wp-json\/wp\/v2\/events\/55850","targetHints":{"allow":["GET"]}}],"collection":[{"href":"https:\/\/www.right2city.org\/fr\/wp-json\/wp\/v2\/events"}],"about":[{"href":"https:\/\/www.right2city.org\/fr\/wp-json\/wp\/v2\/types\/events"}],"wp:featuredmedia":[{"embeddable":true,"href":"https:\/\/www.right2city.org\/fr\/wp-json\/wp\/v2\/media\/55851"}],"wp:attachment":[{"href":"https:\/\/www.right2city.org\/fr\/wp-json\/wp\/v2\/media?parent=55850"}],"wp:term":[{"taxonomy":"themes","embeddable":true,"href":"https:\/\/www.right2city.org\/fr\/wp-json\/wp\/v2\/themes?post=55850"},{"taxonomy":"agendas_globales","embeddable":true,"href":"https:\/\/www.right2city.org\/fr\/wp-json\/wp\/v2\/agendas_globales?post=55850"}],"curies":[{"name":"wp","href":"https:\/\/api.w.org\/{rel}","templated":true}]}}