{"id":56412,"date":"2020-08-24T10:31:45","date_gmt":"2020-08-24T08:31:45","guid":{"rendered":"https:\/\/www.right2city.org\/?post_type=events&#038;p=56412"},"modified":"2020-08-24T10:31:45","modified_gmt":"2020-08-24T08:31:45","slug":"assemblee-mondiale-virtuelle-des-habitant-e-s-2eme-partie","status":"publish","type":"events","link":"https:\/\/www.right2city.org\/fr\/events\/assemblee-mondiale-virtuelle-des-habitant-e-s-2eme-partie\/","title":{"rendered":"Assembl\u00e9e Mondiale Virtuelle des Habitant-e-s (2\u00e8me partie)"},"content":{"rendered":"<div class=\"kvgmc6g5 cxmmr5t8 oygrvhab hcukyx3x c1et5uql ii04i59q\">\n<div dir=\"auto\"><img loading=\"lazy\" decoding=\"async\" class=\"aligncenter  wp-image-56408\" src=\"https:\/\/www.right2city.org\/wp-content\/uploads\/2020\/08\/IAIFR2.jpg\" alt=\"\" width=\"765\" height=\"591\" \/><\/div>\n<div dir=\"auto\"><\/div>\n<div dir=\"auto\"><\/div>\n<div dir=\"auto\"><span style=\"font-size: 12pt;\"><strong>Appel \u00e0 l&rsquo;Assembl\u00e9e Mondiale Virtuelle des Habitant-e-s (2\u00e8me partie)<\/strong><\/span><\/div>\n<div dir=\"auto\">Lundi 31\/08\/2020 (13:30-16:30 GMT &#8211; <a href=\"https:\/\/www.timeanddate.com\/worldclock\/fixedtime.html?p1=1440&amp;iso=20200831T1330&amp;msg=VIRTUAL%20WORLD%20ASSEMBLY%20INHABITANTS&amp;ah=3&amp;low=4)\">cliquez pour votre heure locale<\/a>)<\/div>\n<div dir=\"auto\"><\/div>\n<\/div>\n<div class=\"o9v6fnle cxmmr5t8 oygrvhab hcukyx3x c1et5uql ii04i59q\">\n<div dir=\"auto\">Comme organisations et r\u00e9seaux d&rsquo;habitant-e-s du monde entier, nous convoquons <strong>la 2\u00e8me partie de l&rsquo; Assembl\u00e9e Mondiale Virtuelle des Habitant-e-s pour \u00e9tablir l&rsquo;Agenda Solidaire des Habitant-e-s pour la convergence des re-existences en temps de pand\u00e9mie.<\/strong><\/div>\n<div dir=\"auto\"><\/div>\n<\/div>\n<div class=\"o9v6fnle cxmmr5t8 oygrvhab hcukyx3x c1et5uql ii04i59q\">\n<div dir=\"auto\">122 femmes et 155 hommes de 48 pays enregistr\u00e9-e-s pour participer \u00e0 la premi\u00e8re Assembl\u00e9e Mondiale Virtuelle des Habitant-e-s de l&rsquo;histoire le 31\/07\/2020, pr\u00e8s de 4 heures d&rsquo;interventions pr\u00e9cises et passionn\u00e9es, la solidarit\u00e9 exprim\u00e9e avec les militant-e-s au risque de leur sant\u00e9 et de leur vie, la d\u00e9cision de poursuivre: tout cela souligne l&rsquo;importance et le succes de l&rsquo;initiative men\u00e9e dans le cadre de la mobilisation mondiale Z\u00e9ro Expulsions pour le Coronavirus promue par l&rsquo;Alliance Internationale des Habitants.<\/div>\n<\/div>\n<div class=\"o9v6fnle cxmmr5t8 oygrvhab hcukyx3x c1et5uql ii04i59q\">\n<div dir=\"auto\">En Afrique, en Asie, en Am\u00e9rique latine, en Am\u00e9rique du Nord, en Europe, des milliers d&rsquo;organisations de base sont mobilis\u00e9es dans le secours \u00e0 la sant\u00e9, l&rsquo;alimentation et dans l&rsquo;aide sociale, pour d\u00e9fendre le droit au logement et \u00e0 la terre contre les expulsions et leur co\u00fbt. Les habitant-e-s ne sont pas an\u00e9anti-e-s par le virus, ni par les politiques r\u00e9pressives des r\u00e9gimes autoritaires, ni par les politiques de \u201cr\u00e9silience\u201d des gouvernements et des institutions qui voudraient le retour \u00e0 la \u201cnormalit\u00e9\u201d du n\u00e9olib\u00e9ralisme, cause profonde de la crise r\u00e9v\u00e9l\u00e9e par la pand\u00e9mie.<\/div>\n<\/div>\n<div class=\"o9v6fnle cxmmr5t8 oygrvhab hcukyx3x c1et5uql ii04i59q\">\n<div dir=\"auto\">Nous discutons, proposons et luttons ensemble, en renfor\u00e7ant les alliances avec les r\u00e9seaux internationaux, les syndicats des travailleurs, les autorit\u00e9s locales et les gouvernements progressistes, en d\u00e9finissant des strat\u00e9gies pour gagner, et pas seulement t\u00e9moigner.<\/div>\n<\/div>\n<div class=\"o9v6fnle cxmmr5t8 oygrvhab hcukyx3x c1et5uql ii04i59q\">\n<div dir=\"auto\">C&rsquo;est pourquoi nous sommes tous fier-e-s, \u00e0 juste titre, d&rsquo;avoir particip\u00e9 \u00e0 l&rsquo;AMVH et confiants dans la Voie Urbaine et Communautaire que nous avons emprunt\u00e9e, c&rsquo;est-\u00e0-dire la convergence des r\u00e9-existences dans tous les continents, afin de parvenir \u00e0 des changements politiques concrets.<\/div>\n<\/div>\n<div class=\"o9v6fnle cxmmr5t8 oygrvhab hcukyx3x c1et5uql ii04i59q\">\n<div dir=\"auto\"><\/div>\n<\/div>\n<div class=\"o9v6fnle cxmmr5t8 oygrvhab hcukyx3x c1et5uql ii04i59q\">\n<div dir=\"auto\"><strong>Participez \u00e0 la deuxi\u00e8me partie de l&rsquo; Assembl\u00e9e Mondiale Virtuelle des Habitant-e-s le 31\/08\/20 pour \u00e9tablir ensemble l&rsquo;Agenda Solidaire des Habitant-e-s!<\/strong><\/div>\n<\/div>\n<div class=\"o9v6fnle cxmmr5t8 oygrvhab hcukyx3x c1et5uql ii04i59q\">\n<ul style=\"list-style-type: square;\">\n<li dir=\"auto\">Pour d\u00e9finir l&rsquo;Agenda Solidaire des Habitant-e-s, la convergence des re-existences en temps de pand\u00e9mie<\/li>\n<li dir=\"auto\">Pour construire une alternative bas\u00e9e sur les droits humains et de l&rsquo;environnement et la redistribution \u00e9quitable des ressources<\/li>\n<li dir=\"auto\">Premi\u00e8re \u00e9tape, les Journ\u00e9es Mondiales Z\u00e9ro Expulsions en octobre<\/li>\n<\/ul>\n<\/div>\n<div class=\"o9v6fnle cxmmr5t8 oygrvhab hcukyx3x c1et5uql ii04i59q\">\n<div dir=\"auto\"><strong> Invit\u00e9 sp\u00e9cial<\/strong> : Balakrishnan Rajagopal, Rapporteur de l&rsquo;ONU sur le Droit au Logement<\/div>\n<div dir=\"auto\"><\/div>\n<\/div>\n<div class=\"o9v6fnle cxmmr5t8 oygrvhab hcukyx3x c1et5uql ii04i59q\">\n<div dir=\"auto\"><a href=\"https:\/\/forms.gle\/4Wva2vLZUZS375eD9\">Cliquez-ici\u00a0pour signer l\u2019Appel et recevoir le lien Zoom pour participer \u00e0 l\u2019Assembl\u00e9e!<\/a><\/div>\n<div dir=\"auto\"><\/div>\n<\/div>\n<div class=\"o9v6fnle cxmmr5t8 oygrvhab hcukyx3x c1et5uql ii04i59q\">\n<div dir=\"auto\"><\/div>\n<div dir=\"auto\">Afin de fournir au Comit\u00e9 Promoteur de l&rsquo;AMVH un tableau complet et de partager les responsabilit\u00e9s dans la construction de l&rsquo;Agenda Solidaire des Habitant-e-s, nous invitons toutes et tous de<a href=\"https:\/\/forms.gle\/bH4MSngaFoVRbkx68\"> remplir ce questionnaire en ligne<\/a><\/div>\n<div dir=\"auto\"><\/div>\n<\/div>\n<div class=\"o9v6fnle cxmmr5t8 oygrvhab hcukyx3x c1et5uql ii04i59q\">\n<div dir=\"auto\">Plus d&rsquo;information : vwai2020@habitants.org &amp; <a href=\"https:\/\/www.facebook.com\/habitants.org\">FB Virtual World Assembly of Inhabitants<\/a><\/div>\n<div dir=\"auto\"><\/div>\n<\/div>\n<div dir=\"auto\"><em>Comit\u00e9 Promoteur de l&rsquo;Assembl\u00e9e Mondiale Virtuelle des Habitant-e-s<\/em><\/div>\n","protected":false},"featured_media":56408,"template":"","meta":{"_acf_changed":false,"_et_pb_use_builder":"","_et_pb_old_content":"","_et_gb_content_width":"","cybocfi_hide_featured_image":""},"themes":[170,118],"agendas_globales":[],"class_list":["post-56412","events","type-events","status-publish","has-post-thumbnail","hentry","themes-citoyennete-inclusive","themes-participation-politique"],"acf":[],"yoast_head":"<!-- This site is optimized with the Yoast SEO plugin v27.4 - https:\/\/yoast.com\/product\/yoast-seo-wordpress\/ -->\n<title>Assembl\u00e9e Mondiale Virtuelle des Habitant-e-s (2\u00e8me partie) - Right to the city<\/title>\n<meta name=\"robots\" content=\"index, follow, max-snippet:-1, max-image-preview:large, max-video-preview:-1\" \/>\n<link rel=\"canonical\" href=\"https:\/\/www.right2city.org\/fr\/events\/assemblee-mondiale-virtuelle-des-habitant-e-s-2eme-partie\/\" \/>\n<meta property=\"og:locale\" content=\"fr_FR\" \/>\n<meta property=\"og:type\" content=\"article\" \/>\n<meta property=\"og:title\" content=\"Assembl\u00e9e Mondiale Virtuelle des Habitant-e-s (2\u00e8me partie) - Right to the city\" \/>\n<meta property=\"og:description\" content=\"Appel \u00e0 l&rsquo;Assembl\u00e9e Mondiale Virtuelle des Habitant-e-s (2\u00e8me partie) Lundi 31\/08\/2020 (13:30-16:30 GMT &#8211; cliquez pour votre heure locale) Comme organisations et r\u00e9seaux d&rsquo;habitant-e-s du monde entier, nous convoquons la 2\u00e8me partie de l&rsquo; Assembl\u00e9e Mondiale Virtuelle des Habitant-e-s pour \u00e9tablir l&rsquo;Agenda Solidaire des Habitant-e-s pour la convergence des re-existences en temps de pand\u00e9mie. 122 [&hellip;]\" \/>\n<meta property=\"og:url\" content=\"https:\/\/www.right2city.org\/fr\/events\/assemblee-mondiale-virtuelle-des-habitant-e-s-2eme-partie\/\" \/>\n<meta property=\"og:site_name\" content=\"Right to the city\" \/>\n<meta property=\"og:image\" content=\"https:\/\/www.right2city.org\/wp-content\/uploads\/2020\/08\/IAIFR2.jpg\" \/>\n\t<meta property=\"og:image:width\" content=\"1056\" \/>\n\t<meta property=\"og:image:height\" content=\"816\" \/>\n\t<meta property=\"og:image:type\" content=\"image\/jpeg\" \/>\n<meta name=\"twitter:card\" content=\"summary_large_image\" \/>\n<meta name=\"twitter:label1\" content=\"Dur\u00e9e de lecture estim\u00e9e\" \/>\n\t<meta name=\"twitter:data1\" content=\"2 minutes\" \/>\n<script type=\"application\/ld+json\" class=\"yoast-schema-graph\">{\"@context\":\"https:\\\/\\\/schema.org\",\"@graph\":[{\"@type\":\"WebPage\",\"@id\":\"https:\\\/\\\/www.right2city.org\\\/fr\\\/events\\\/assemblee-mondiale-virtuelle-des-habitant-e-s-2eme-partie\\\/\",\"url\":\"https:\\\/\\\/www.right2city.org\\\/fr\\\/events\\\/assemblee-mondiale-virtuelle-des-habitant-e-s-2eme-partie\\\/\",\"name\":\"Assembl\u00e9e Mondiale Virtuelle des Habitant-e-s (2\u00e8me partie) - Right to the city\",\"isPartOf\":{\"@id\":\"https:\\\/\\\/www.right2city.org\\\/fr\\\/#website\"},\"primaryImageOfPage\":{\"@id\":\"https:\\\/\\\/www.right2city.org\\\/fr\\\/events\\\/assemblee-mondiale-virtuelle-des-habitant-e-s-2eme-partie\\\/#primaryimage\"},\"image\":{\"@id\":\"https:\\\/\\\/www.right2city.org\\\/fr\\\/events\\\/assemblee-mondiale-virtuelle-des-habitant-e-s-2eme-partie\\\/#primaryimage\"},\"thumbnailUrl\":\"https:\\\/\\\/www.right2city.org\\\/wp-content\\\/uploads\\\/2020\\\/08\\\/IAIFR2.jpg\",\"datePublished\":\"2020-08-24T08:31:45+00:00\",\"breadcrumb\":{\"@id\":\"https:\\\/\\\/www.right2city.org\\\/fr\\\/events\\\/assemblee-mondiale-virtuelle-des-habitant-e-s-2eme-partie\\\/#breadcrumb\"},\"inLanguage\":\"fr-FR\",\"potentialAction\":[{\"@type\":\"ReadAction\",\"target\":[\"https:\\\/\\\/www.right2city.org\\\/fr\\\/events\\\/assemblee-mondiale-virtuelle-des-habitant-e-s-2eme-partie\\\/\"]}]},{\"@type\":\"ImageObject\",\"inLanguage\":\"fr-FR\",\"@id\":\"https:\\\/\\\/www.right2city.org\\\/fr\\\/events\\\/assemblee-mondiale-virtuelle-des-habitant-e-s-2eme-partie\\\/#primaryimage\",\"url\":\"https:\\\/\\\/www.right2city.org\\\/wp-content\\\/uploads\\\/2020\\\/08\\\/IAIFR2.jpg\",\"contentUrl\":\"https:\\\/\\\/www.right2city.org\\\/wp-content\\\/uploads\\\/2020\\\/08\\\/IAIFR2.jpg\",\"width\":1056,\"height\":816},{\"@type\":\"BreadcrumbList\",\"@id\":\"https:\\\/\\\/www.right2city.org\\\/fr\\\/events\\\/assemblee-mondiale-virtuelle-des-habitant-e-s-2eme-partie\\\/#breadcrumb\",\"itemListElement\":[{\"@type\":\"ListItem\",\"position\":1,\"name\":\"Home\",\"item\":\"https:\\\/\\\/www.right2city.org\\\/fr\\\/\"},{\"@type\":\"ListItem\",\"position\":2,\"name\":\"Assembl\u00e9e Mondiale Virtuelle des Habitant-e-s (2\u00e8me partie)\"}]},{\"@type\":\"WebSite\",\"@id\":\"https:\\\/\\\/www.right2city.org\\\/fr\\\/#website\",\"url\":\"https:\\\/\\\/www.right2city.org\\\/fr\\\/\",\"name\":\"Right to the city\",\"description\":\"Global Platform for the Right to the City\",\"potentialAction\":[{\"@type\":\"SearchAction\",\"target\":{\"@type\":\"EntryPoint\",\"urlTemplate\":\"https:\\\/\\\/www.right2city.org\\\/fr\\\/?s={search_term_string}\"},\"query-input\":{\"@type\":\"PropertyValueSpecification\",\"valueRequired\":true,\"valueName\":\"search_term_string\"}}],\"inLanguage\":\"fr-FR\"}]}<\/script>\n<!-- \/ Yoast SEO plugin. -->","yoast_head_json":{"title":"Assembl\u00e9e Mondiale Virtuelle des Habitant-e-s (2\u00e8me partie) - Right to the city","robots":{"index":"index","follow":"follow","max-snippet":"max-snippet:-1","max-image-preview":"max-image-preview:large","max-video-preview":"max-video-preview:-1"},"canonical":"https:\/\/www.right2city.org\/fr\/events\/assemblee-mondiale-virtuelle-des-habitant-e-s-2eme-partie\/","og_locale":"fr_FR","og_type":"article","og_title":"Assembl\u00e9e Mondiale Virtuelle des Habitant-e-s (2\u00e8me partie) - Right to the city","og_description":"Appel \u00e0 l&rsquo;Assembl\u00e9e Mondiale Virtuelle des Habitant-e-s (2\u00e8me partie) Lundi 31\/08\/2020 (13:30-16:30 GMT &#8211; cliquez pour votre heure locale) Comme organisations et r\u00e9seaux d&rsquo;habitant-e-s du monde entier, nous convoquons la 2\u00e8me partie de l&rsquo; Assembl\u00e9e Mondiale Virtuelle des Habitant-e-s pour \u00e9tablir l&rsquo;Agenda Solidaire des Habitant-e-s pour la convergence des re-existences en temps de pand\u00e9mie. 122 [&hellip;]","og_url":"https:\/\/www.right2city.org\/fr\/events\/assemblee-mondiale-virtuelle-des-habitant-e-s-2eme-partie\/","og_site_name":"Right to the city","og_image":[{"width":1056,"height":816,"url":"https:\/\/www.right2city.org\/wp-content\/uploads\/2020\/08\/IAIFR2.jpg","type":"image\/jpeg"}],"twitter_card":"summary_large_image","twitter_misc":{"Dur\u00e9e de lecture estim\u00e9e":"2 minutes"},"schema":{"@context":"https:\/\/schema.org","@graph":[{"@type":"WebPage","@id":"https:\/\/www.right2city.org\/fr\/events\/assemblee-mondiale-virtuelle-des-habitant-e-s-2eme-partie\/","url":"https:\/\/www.right2city.org\/fr\/events\/assemblee-mondiale-virtuelle-des-habitant-e-s-2eme-partie\/","name":"Assembl\u00e9e Mondiale Virtuelle des Habitant-e-s (2\u00e8me partie) - Right to the city","isPartOf":{"@id":"https:\/\/www.right2city.org\/fr\/#website"},"primaryImageOfPage":{"@id":"https:\/\/www.right2city.org\/fr\/events\/assemblee-mondiale-virtuelle-des-habitant-e-s-2eme-partie\/#primaryimage"},"image":{"@id":"https:\/\/www.right2city.org\/fr\/events\/assemblee-mondiale-virtuelle-des-habitant-e-s-2eme-partie\/#primaryimage"},"thumbnailUrl":"https:\/\/www.right2city.org\/wp-content\/uploads\/2020\/08\/IAIFR2.jpg","datePublished":"2020-08-24T08:31:45+00:00","breadcrumb":{"@id":"https:\/\/www.right2city.org\/fr\/events\/assemblee-mondiale-virtuelle-des-habitant-e-s-2eme-partie\/#breadcrumb"},"inLanguage":"fr-FR","potentialAction":[{"@type":"ReadAction","target":["https:\/\/www.right2city.org\/fr\/events\/assemblee-mondiale-virtuelle-des-habitant-e-s-2eme-partie\/"]}]},{"@type":"ImageObject","inLanguage":"fr-FR","@id":"https:\/\/www.right2city.org\/fr\/events\/assemblee-mondiale-virtuelle-des-habitant-e-s-2eme-partie\/#primaryimage","url":"https:\/\/www.right2city.org\/wp-content\/uploads\/2020\/08\/IAIFR2.jpg","contentUrl":"https:\/\/www.right2city.org\/wp-content\/uploads\/2020\/08\/IAIFR2.jpg","width":1056,"height":816},{"@type":"BreadcrumbList","@id":"https:\/\/www.right2city.org\/fr\/events\/assemblee-mondiale-virtuelle-des-habitant-e-s-2eme-partie\/#breadcrumb","itemListElement":[{"@type":"ListItem","position":1,"name":"Home","item":"https:\/\/www.right2city.org\/fr\/"},{"@type":"ListItem","position":2,"name":"Assembl\u00e9e Mondiale Virtuelle des Habitant-e-s (2\u00e8me partie)"}]},{"@type":"WebSite","@id":"https:\/\/www.right2city.org\/fr\/#website","url":"https:\/\/www.right2city.org\/fr\/","name":"Right to the city","description":"Global Platform for the Right to the City","potentialAction":[{"@type":"SearchAction","target":{"@type":"EntryPoint","urlTemplate":"https:\/\/www.right2city.org\/fr\/?s={search_term_string}"},"query-input":{"@type":"PropertyValueSpecification","valueRequired":true,"valueName":"search_term_string"}}],"inLanguage":"fr-FR"}]}},"_links":{"self":[{"href":"https:\/\/www.right2city.org\/fr\/wp-json\/wp\/v2\/events\/56412","targetHints":{"allow":["GET"]}}],"collection":[{"href":"https:\/\/www.right2city.org\/fr\/wp-json\/wp\/v2\/events"}],"about":[{"href":"https:\/\/www.right2city.org\/fr\/wp-json\/wp\/v2\/types\/events"}],"wp:featuredmedia":[{"embeddable":true,"href":"https:\/\/www.right2city.org\/fr\/wp-json\/wp\/v2\/media\/56408"}],"wp:attachment":[{"href":"https:\/\/www.right2city.org\/fr\/wp-json\/wp\/v2\/media?parent=56412"}],"wp:term":[{"taxonomy":"themes","embeddable":true,"href":"https:\/\/www.right2city.org\/fr\/wp-json\/wp\/v2\/themes?post=56412"},{"taxonomy":"agendas_globales","embeddable":true,"href":"https:\/\/www.right2city.org\/fr\/wp-json\/wp\/v2\/agendas_globales?post=56412"}],"curies":[{"name":"wp","href":"https:\/\/api.w.org\/{rel}","templated":true}]}}