{"id":58067,"date":"2021-01-28T15:37:22","date_gmt":"2021-01-28T13:37:22","guid":{"rendered":"https:\/\/www.right2city.org\/?post_type=events&#038;p=58067"},"modified":"2021-01-29T11:35:12","modified_gmt":"2021-01-29T09:35:12","slug":"table-ronde-entre-rapporteurs-speciaux-des-nations-unies-organisations-de-la-societe-civile-et-gouvernements-locaux","status":"publish","type":"events","link":"https:\/\/www.right2city.org\/fr\/events\/table-ronde-entre-rapporteurs-speciaux-des-nations-unies-organisations-de-la-societe-civile-et-gouvernements-locaux\/","title":{"rendered":"Table ronde entre rapporteurs sp\u00e9ciaux des Nations Unies, organisations de la soci\u00e9t\u00e9 civile et gouvernements locaux"},"content":{"rendered":"<h2><span style=\"color: #993366;\"><strong><em>Interconnexions \u00e0 travers des Droits relatifs \u00e0 l\u2019Habitat et le Droit \u00e0 la Ville<\/em><\/strong><\/span><\/h2>\n<p><img loading=\"lazy\" decoding=\"async\" class=\"aligncenter size-full wp-image-58069\" src=\"https:\/\/www.right2city.org\/wp-content\/uploads\/2021\/01\/CRL-SRs_fr.png\" alt=\"\" width=\"1024\" height=\"512\" srcset=\"https:\/\/www.right2city.org\/wp-content\/uploads\/2021\/01\/CRL-SRs_fr.png 1024w, https:\/\/www.right2city.org\/wp-content\/uploads\/2021\/01\/CRL-SRs_fr-980x490.png 980w, https:\/\/www.right2city.org\/wp-content\/uploads\/2021\/01\/CRL-SRs_fr-480x240.png 480w\" sizes=\"(min-width: 0px) and (max-width: 480px) 480px, (min-width: 481px) and (max-width: 980px) 980px, (min-width: 981px) 1024px, 100vw\" \/><\/p>\n<p><span style=\"font-size: 14pt;\"><em><strong>Apr\u00e8s la <a href=\"https:\/\/www.right2city.org\/fr\/news\/interconnexions-a-travers-des-droits-relatifs-a-lhabitat-et-le-droit-a-la-ville\/\" target=\"_blank\" rel=\"noopener noreferrer\">premi\u00e8re table ronde<\/a> en d\u00e9cembre 2020, ce dialogue collectif entre les rapporteurs sp\u00e9ciaux des Nations Unies, organisations de la soci\u00e9t\u00e9 civile et gouvernements locaux et r\u00e9gionaux se poursuit le mercredi 3 f\u00e9vrier 2021, afin de continuer \u00e0 explorer les liens entre les Droits \u00e0 l&rsquo;Habitat et le Droit \u00e0 la Ville<\/strong><\/em><\/span><\/p>\n<p><b>La pand\u00e9mie du COVID-19<\/b>\u00a0a montr\u00e9 qu\u2019il n\u2019est pas possible de s\u00e9parer la protection de la sant\u00e9 de l\u2019acc\u00e8s \u00e0 l\u2019eau et \u00e0 l\u2019assainissement, au logement, \u00e0 l\u2019alimentation, \u00e0 l\u2019\u00e9ducation, au travail et autres, ce qui met en \u00e9vidence\u00a0<b>l\u2019universalit\u00e9 et l\u2019interd\u00e9pendance des droits<\/b>. Le contexte actuel a \u00e9galement ouvert de nouveaux\u00a0<b>espaces de collaboration<\/b>\u00a0entre des acteurs travaillant \u00e0 diff\u00e9rents niveaux et dans diff\u00e9rents domaines pour r\u00e9pondre ensemble \u00e0 des\u00a0<b>d\u00e9fis communs<\/b>.<\/p>\n<p>Dans ce cadre, la\u00a0<a href=\"https:\/\/www.right2city.org\/\" target=\"_blank\" rel=\"noopener noreferrer\">Plateforme Globale pour le Droit \u00e0 la Ville<\/a>, la\u00a0<a href=\"https:\/\/www.hic-net.org\/fr\/\" target=\"_blank\" rel=\"noopener noreferrer\">Coalition Internationale de l\u2019Habitat<\/a>\u00a0et l\u2019<a href=\"https:\/\/www.uclg.org\/fr\/\" target=\"_blank\" rel=\"noopener noreferrer\">Organisation mondiale de Cit\u00e9s et Gouvernements Locaux Unis<\/a> joignent leurs forces pour organiser un <b>dialogue collectif entre rapporteurs sp\u00e9ciaux des Nations Unies, organisations de la soci\u00e9t\u00e9 civile et gouvernements locaux et r\u00e9gionaux<\/b>. S\u2019appuyant sur des collaborations ant\u00e9rieures que les trois co-organisateurs et leurs membres ont men\u00e9es avec diff\u00e9rents titulaires de mandats, l\u2019initiative vise \u00e0 renforcer et \u00e0 soutenir leur<b>\u00a0travail, en identifiant les domaines et les canaux de coop\u00e9ration et de collaboration possibles avec les organisations de la soci\u00e9t\u00e9 civile et les gouvernements locaux dans le cadre des droits relatifs \u00e0 l\u2019habitat et du droit \u00e0 la ville.<\/b><\/p>\n<p>Le deuxi\u00e8me dialogue se d\u00e9roulera le<b> mercredi 3 f\u00e9vrier 2021, entre 15h et 17h CET <\/b>(<a href=\"https:\/\/www.timeanddate.com\/worldclock\/fixedtime.html?msg=Roundtable+between+Special+Rapporteurs%2C+civil+society+organizations+and+local+govs&amp;iso=20201204T15&amp;p1=31&amp;ah=2\">v\u00e9rifiez votre heure locale ici<\/a>) avec les titulaires de mandats suivants:<\/p>\n<p>&nbsp;<\/p>\n<ul>\n<li aria-level=\"1\">\n<h3><span style=\"font-size: 12pt;\"><span style=\"color: #800080;\"><strong><a style=\"color: #800080;\" href=\"https:\/\/www.ohchr.org\/FR\/Issues\/Environment\/SREnvironment\/Pages\/DavidBoyd.aspx\" target=\"_blank\" rel=\"noopener noreferrer\">M. David Boyd<\/a>,\u00a0<\/strong><\/span><\/span><span style=\"font-size: 12pt;\"><strong>Rapporteur sp\u00e9cial sur les droits de l\u2019homme et l\u2019environnement<\/strong><\/span><\/h3>\n<\/li>\n<li aria-level=\"1\">\n<h3><span style=\"font-size: 12pt;\"><strong><a href=\"https:\/\/www.ohchr.org\/FR\/Issues\/Food\/Pages\/Michael_Fakhri.aspx\" target=\"_blank\" rel=\"noopener noreferrer\"><span style=\"color: #800080;\">M. Michael Fahkri,<\/span> <\/a><\/strong><strong>Rapporteur sp\u00e9cial sur le droit \u00e0 l\u2019alimentation<\/strong><\/span><\/h3>\n<\/li>\n<li aria-level=\"1\">\n<h3><span style=\"font-size: 12pt;\"><span style=\"color: #800080;\"><strong><a style=\"color: #800080;\" href=\"https:\/\/www.ohchr.org\/SP\/Issues\/poverty\/Pages\/OlivierDeSchutter.aspx\" target=\"_blank\" rel=\"noopener noreferrer\">M. Olivier de Schutter<\/a>,\u00a0<\/strong><\/span><\/span><span style=\"font-size: 12pt;\"><strong>Rapporteur sp\u00e9cial sur les droits de l&rsquo;homme et l&rsquo;extr\u00eame pauvret\u00e9<\/strong><\/span><\/h3>\n<\/li>\n<li aria-level=\"1\">\n<h3><span style=\"color: #800080;\"><strong><a style=\"color: #800080;\" href=\"https:\/\/www.ohchr.org\/SP\/Issues\/Women\/SRWomen\/Pages\/SRWomenIndex.aspx\" target=\"_blank\" rel=\"noopener noreferrer\"><span style=\"font-size: 12pt;\">Mlle. Dubravka \u0160imonovi\u0107, <\/span><\/a><\/strong><\/span><strong><span style=\"font-size: 12pt;\">Rapporteuse sp\u00e9ciale sur la violence contre les femmes, ses causes et ses cons\u00e9quences<\/span><\/strong><\/h3>\n<h3><\/h3>\n<\/li>\n<\/ul>\n","protected":false},"featured_media":58069,"template":"","meta":{"_acf_changed":false,"_et_pb_use_builder":"","_et_pb_old_content":"","_et_gb_content_width":"","cybocfi_hide_featured_image":""},"themes":[170,161,169,164,172,175],"agendas_globales":[],"class_list":["post-58067","events","type-events","status-publish","has-post-thumbnail","hentry","themes-citoyennete-inclusive","themes-economies-diversifiees-et-inclusives","themes-egalite-de-genre","themes-fonctions-sociales-remplies","themes-liens-urbains-ruraux","themes-non-discrimination"],"acf":[],"yoast_head":"<!-- This site is optimized with the Yoast SEO plugin v27.5 - https:\/\/yoast.com\/product\/yoast-seo-wordpress\/ -->\n<title>Table ronde entre rapporteurs sp\u00e9ciaux des Nations Unies, organisations de la soci\u00e9t\u00e9 civile et gouvernements locaux - Right to the city<\/title>\n<meta name=\"robots\" content=\"index, follow, max-snippet:-1, max-image-preview:large, max-video-preview:-1\" \/>\n<link rel=\"canonical\" href=\"https:\/\/www.right2city.org\/fr\/events\/table-ronde-entre-rapporteurs-speciaux-des-nations-unies-organisations-de-la-societe-civile-et-gouvernements-locaux\/\" \/>\n<meta property=\"og:locale\" content=\"fr_FR\" \/>\n<meta property=\"og:type\" content=\"article\" \/>\n<meta property=\"og:title\" content=\"Table ronde entre rapporteurs sp\u00e9ciaux des Nations Unies, organisations de la soci\u00e9t\u00e9 civile et gouvernements locaux - Right to the city\" \/>\n<meta property=\"og:description\" content=\"Interconnexions \u00e0 travers des Droits relatifs \u00e0 l\u2019Habitat et le Droit \u00e0 la Ville Apr\u00e8s la premi\u00e8re table ronde en d\u00e9cembre 2020, ce dialogue collectif entre les rapporteurs sp\u00e9ciaux des Nations Unies, organisations de la soci\u00e9t\u00e9 civile et gouvernements locaux et r\u00e9gionaux se poursuit le mercredi 3 f\u00e9vrier 2021, afin de continuer \u00e0 explorer les [&hellip;]\" \/>\n<meta property=\"og:url\" content=\"https:\/\/www.right2city.org\/fr\/events\/table-ronde-entre-rapporteurs-speciaux-des-nations-unies-organisations-de-la-societe-civile-et-gouvernements-locaux\/\" \/>\n<meta property=\"og:site_name\" content=\"Right to the city\" \/>\n<meta property=\"article:modified_time\" content=\"2021-01-29T09:35:12+00:00\" \/>\n<meta property=\"og:image\" content=\"https:\/\/www.right2city.org\/wp-content\/uploads\/2021\/01\/CRL-SRs_fr.png\" \/>\n\t<meta property=\"og:image:width\" content=\"1024\" \/>\n\t<meta property=\"og:image:height\" content=\"512\" \/>\n\t<meta property=\"og:image:type\" content=\"image\/png\" \/>\n<meta name=\"twitter:card\" content=\"summary_large_image\" \/>\n<meta name=\"twitter:label1\" content=\"Dur\u00e9e de lecture estim\u00e9e\" \/>\n\t<meta name=\"twitter:data1\" content=\"2 minutes\" \/>\n<script type=\"application\/ld+json\" class=\"yoast-schema-graph\">{\"@context\":\"https:\\\/\\\/schema.org\",\"@graph\":[{\"@type\":\"WebPage\",\"@id\":\"https:\\\/\\\/www.right2city.org\\\/fr\\\/events\\\/table-ronde-entre-rapporteurs-speciaux-des-nations-unies-organisations-de-la-societe-civile-et-gouvernements-locaux\\\/\",\"url\":\"https:\\\/\\\/www.right2city.org\\\/fr\\\/events\\\/table-ronde-entre-rapporteurs-speciaux-des-nations-unies-organisations-de-la-societe-civile-et-gouvernements-locaux\\\/\",\"name\":\"Table ronde entre rapporteurs sp\u00e9ciaux des Nations Unies, organisations de la soci\u00e9t\u00e9 civile et gouvernements locaux - Right to the city\",\"isPartOf\":{\"@id\":\"https:\\\/\\\/www.right2city.org\\\/fr\\\/#website\"},\"primaryImageOfPage\":{\"@id\":\"https:\\\/\\\/www.right2city.org\\\/fr\\\/events\\\/table-ronde-entre-rapporteurs-speciaux-des-nations-unies-organisations-de-la-societe-civile-et-gouvernements-locaux\\\/#primaryimage\"},\"image\":{\"@id\":\"https:\\\/\\\/www.right2city.org\\\/fr\\\/events\\\/table-ronde-entre-rapporteurs-speciaux-des-nations-unies-organisations-de-la-societe-civile-et-gouvernements-locaux\\\/#primaryimage\"},\"thumbnailUrl\":\"https:\\\/\\\/www.right2city.org\\\/wp-content\\\/uploads\\\/2021\\\/01\\\/CRL-SRs_fr.png\",\"datePublished\":\"2021-01-28T13:37:22+00:00\",\"dateModified\":\"2021-01-29T09:35:12+00:00\",\"breadcrumb\":{\"@id\":\"https:\\\/\\\/www.right2city.org\\\/fr\\\/events\\\/table-ronde-entre-rapporteurs-speciaux-des-nations-unies-organisations-de-la-societe-civile-et-gouvernements-locaux\\\/#breadcrumb\"},\"inLanguage\":\"fr-FR\",\"potentialAction\":[{\"@type\":\"ReadAction\",\"target\":[\"https:\\\/\\\/www.right2city.org\\\/fr\\\/events\\\/table-ronde-entre-rapporteurs-speciaux-des-nations-unies-organisations-de-la-societe-civile-et-gouvernements-locaux\\\/\"]}]},{\"@type\":\"ImageObject\",\"inLanguage\":\"fr-FR\",\"@id\":\"https:\\\/\\\/www.right2city.org\\\/fr\\\/events\\\/table-ronde-entre-rapporteurs-speciaux-des-nations-unies-organisations-de-la-societe-civile-et-gouvernements-locaux\\\/#primaryimage\",\"url\":\"https:\\\/\\\/www.right2city.org\\\/wp-content\\\/uploads\\\/2021\\\/01\\\/CRL-SRs_fr.png\",\"contentUrl\":\"https:\\\/\\\/www.right2city.org\\\/wp-content\\\/uploads\\\/2021\\\/01\\\/CRL-SRs_fr.png\",\"width\":1024,\"height\":512},{\"@type\":\"BreadcrumbList\",\"@id\":\"https:\\\/\\\/www.right2city.org\\\/fr\\\/events\\\/table-ronde-entre-rapporteurs-speciaux-des-nations-unies-organisations-de-la-societe-civile-et-gouvernements-locaux\\\/#breadcrumb\",\"itemListElement\":[{\"@type\":\"ListItem\",\"position\":1,\"name\":\"Home\",\"item\":\"https:\\\/\\\/www.right2city.org\\\/fr\\\/\"},{\"@type\":\"ListItem\",\"position\":2,\"name\":\"Table ronde entre rapporteurs sp\u00e9ciaux des Nations Unies, organisations de la soci\u00e9t\u00e9 civile et gouvernements locaux\"}]},{\"@type\":\"WebSite\",\"@id\":\"https:\\\/\\\/www.right2city.org\\\/fr\\\/#website\",\"url\":\"https:\\\/\\\/www.right2city.org\\\/fr\\\/\",\"name\":\"Right to the city\",\"description\":\"Global Platform for the Right to the City\",\"potentialAction\":[{\"@type\":\"SearchAction\",\"target\":{\"@type\":\"EntryPoint\",\"urlTemplate\":\"https:\\\/\\\/www.right2city.org\\\/fr\\\/?s={search_term_string}\"},\"query-input\":{\"@type\":\"PropertyValueSpecification\",\"valueRequired\":true,\"valueName\":\"search_term_string\"}}],\"inLanguage\":\"fr-FR\"}]}<\/script>\n<!-- \/ Yoast SEO plugin. -->","yoast_head_json":{"title":"Table ronde entre rapporteurs sp\u00e9ciaux des Nations Unies, organisations de la soci\u00e9t\u00e9 civile et gouvernements locaux - Right to the city","robots":{"index":"index","follow":"follow","max-snippet":"max-snippet:-1","max-image-preview":"max-image-preview:large","max-video-preview":"max-video-preview:-1"},"canonical":"https:\/\/www.right2city.org\/fr\/events\/table-ronde-entre-rapporteurs-speciaux-des-nations-unies-organisations-de-la-societe-civile-et-gouvernements-locaux\/","og_locale":"fr_FR","og_type":"article","og_title":"Table ronde entre rapporteurs sp\u00e9ciaux des Nations Unies, organisations de la soci\u00e9t\u00e9 civile et gouvernements locaux - Right to the city","og_description":"Interconnexions \u00e0 travers des Droits relatifs \u00e0 l\u2019Habitat et le Droit \u00e0 la Ville Apr\u00e8s la premi\u00e8re table ronde en d\u00e9cembre 2020, ce dialogue collectif entre les rapporteurs sp\u00e9ciaux des Nations Unies, organisations de la soci\u00e9t\u00e9 civile et gouvernements locaux et r\u00e9gionaux se poursuit le mercredi 3 f\u00e9vrier 2021, afin de continuer \u00e0 explorer les [&hellip;]","og_url":"https:\/\/www.right2city.org\/fr\/events\/table-ronde-entre-rapporteurs-speciaux-des-nations-unies-organisations-de-la-societe-civile-et-gouvernements-locaux\/","og_site_name":"Right to the city","article_modified_time":"2021-01-29T09:35:12+00:00","og_image":[{"width":1024,"height":512,"url":"https:\/\/www.right2city.org\/wp-content\/uploads\/2021\/01\/CRL-SRs_fr.png","type":"image\/png"}],"twitter_card":"summary_large_image","twitter_misc":{"Dur\u00e9e de lecture estim\u00e9e":"2 minutes"},"schema":{"@context":"https:\/\/schema.org","@graph":[{"@type":"WebPage","@id":"https:\/\/www.right2city.org\/fr\/events\/table-ronde-entre-rapporteurs-speciaux-des-nations-unies-organisations-de-la-societe-civile-et-gouvernements-locaux\/","url":"https:\/\/www.right2city.org\/fr\/events\/table-ronde-entre-rapporteurs-speciaux-des-nations-unies-organisations-de-la-societe-civile-et-gouvernements-locaux\/","name":"Table ronde entre rapporteurs sp\u00e9ciaux des Nations Unies, organisations de la soci\u00e9t\u00e9 civile et gouvernements locaux - Right to the city","isPartOf":{"@id":"https:\/\/www.right2city.org\/fr\/#website"},"primaryImageOfPage":{"@id":"https:\/\/www.right2city.org\/fr\/events\/table-ronde-entre-rapporteurs-speciaux-des-nations-unies-organisations-de-la-societe-civile-et-gouvernements-locaux\/#primaryimage"},"image":{"@id":"https:\/\/www.right2city.org\/fr\/events\/table-ronde-entre-rapporteurs-speciaux-des-nations-unies-organisations-de-la-societe-civile-et-gouvernements-locaux\/#primaryimage"},"thumbnailUrl":"https:\/\/www.right2city.org\/wp-content\/uploads\/2021\/01\/CRL-SRs_fr.png","datePublished":"2021-01-28T13:37:22+00:00","dateModified":"2021-01-29T09:35:12+00:00","breadcrumb":{"@id":"https:\/\/www.right2city.org\/fr\/events\/table-ronde-entre-rapporteurs-speciaux-des-nations-unies-organisations-de-la-societe-civile-et-gouvernements-locaux\/#breadcrumb"},"inLanguage":"fr-FR","potentialAction":[{"@type":"ReadAction","target":["https:\/\/www.right2city.org\/fr\/events\/table-ronde-entre-rapporteurs-speciaux-des-nations-unies-organisations-de-la-societe-civile-et-gouvernements-locaux\/"]}]},{"@type":"ImageObject","inLanguage":"fr-FR","@id":"https:\/\/www.right2city.org\/fr\/events\/table-ronde-entre-rapporteurs-speciaux-des-nations-unies-organisations-de-la-societe-civile-et-gouvernements-locaux\/#primaryimage","url":"https:\/\/www.right2city.org\/wp-content\/uploads\/2021\/01\/CRL-SRs_fr.png","contentUrl":"https:\/\/www.right2city.org\/wp-content\/uploads\/2021\/01\/CRL-SRs_fr.png","width":1024,"height":512},{"@type":"BreadcrumbList","@id":"https:\/\/www.right2city.org\/fr\/events\/table-ronde-entre-rapporteurs-speciaux-des-nations-unies-organisations-de-la-societe-civile-et-gouvernements-locaux\/#breadcrumb","itemListElement":[{"@type":"ListItem","position":1,"name":"Home","item":"https:\/\/www.right2city.org\/fr\/"},{"@type":"ListItem","position":2,"name":"Table ronde entre rapporteurs sp\u00e9ciaux des Nations Unies, organisations de la soci\u00e9t\u00e9 civile et gouvernements locaux"}]},{"@type":"WebSite","@id":"https:\/\/www.right2city.org\/fr\/#website","url":"https:\/\/www.right2city.org\/fr\/","name":"Right to the city","description":"Global Platform for the Right to the City","potentialAction":[{"@type":"SearchAction","target":{"@type":"EntryPoint","urlTemplate":"https:\/\/www.right2city.org\/fr\/?s={search_term_string}"},"query-input":{"@type":"PropertyValueSpecification","valueRequired":true,"valueName":"search_term_string"}}],"inLanguage":"fr-FR"}]}},"_links":{"self":[{"href":"https:\/\/www.right2city.org\/fr\/wp-json\/wp\/v2\/events\/58067","targetHints":{"allow":["GET"]}}],"collection":[{"href":"https:\/\/www.right2city.org\/fr\/wp-json\/wp\/v2\/events"}],"about":[{"href":"https:\/\/www.right2city.org\/fr\/wp-json\/wp\/v2\/types\/events"}],"wp:featuredmedia":[{"embeddable":true,"href":"https:\/\/www.right2city.org\/fr\/wp-json\/wp\/v2\/media\/58069"}],"wp:attachment":[{"href":"https:\/\/www.right2city.org\/fr\/wp-json\/wp\/v2\/media?parent=58067"}],"wp:term":[{"taxonomy":"themes","embeddable":true,"href":"https:\/\/www.right2city.org\/fr\/wp-json\/wp\/v2\/themes?post=58067"},{"taxonomy":"agendas_globales","embeddable":true,"href":"https:\/\/www.right2city.org\/fr\/wp-json\/wp\/v2\/agendas_globales?post=58067"}],"curies":[{"name":"wp","href":"https:\/\/api.w.org\/{rel}","templated":true}]}}