{"id":56581,"date":"2020-08-28T10:57:22","date_gmt":"2020-08-28T08:57:22","guid":{"rendered":"https:\/\/www.right2city.org\/organizations\/centro-de-desarrollo-urbano-sustentable-cedeus\/"},"modified":"2020-08-28T11:01:37","modified_gmt":"2020-08-28T09:01:37","slug":"centro-de-desarrollo-urbano-sustentable-cedeus","status":"publish","type":"organizations","link":"https:\/\/www.right2city.org\/fr\/organizations\/centro-de-desarrollo-urbano-sustentable-cedeus\/","title":{"rendered":"Centro de Desarrollo Urbano Sustentable -CEDEUS"},"content":{"rendered":"<p><img loading=\"lazy\" decoding=\"async\" class=\"alignleft wp-image-56575 \" src=\"https:\/\/www.right2city.org\/wp-content\/uploads\/2020\/08\/Capture-d\u2019e\u0301cran-2020-08-28-a\u0300-10.38.42-300x300.png\" alt=\"\" width=\"176\" height=\"176\" srcset=\"https:\/\/www.right2city.org\/wp-content\/uploads\/2020\/08\/Capture-d\u2019e\u0301cran-2020-08-28-a\u0300-10.38.42-300x300.png 300w, https:\/\/www.right2city.org\/wp-content\/uploads\/2020\/08\/Capture-d\u2019e\u0301cran-2020-08-28-a\u0300-10.38.42-150x150.png 150w, https:\/\/www.right2city.org\/wp-content\/uploads\/2020\/08\/Capture-d\u2019e\u0301cran-2020-08-28-a\u0300-10.38.42-480x481.png 480w, https:\/\/www.right2city.org\/wp-content\/uploads\/2020\/08\/Capture-d\u2019e\u0301cran-2020-08-28-a\u0300-10.38.42.png 600w\" sizes=\"(max-width: 176px) 100vw, 176px\" \/><\/p>\n<p>&nbsp;<\/p>\n<p>&nbsp;<\/p>\n<p>&nbsp;<\/p>\n<p>&nbsp;<\/p>\n<p><strong>Description :<\/strong> Recherche interdisciplinaire orient\u00e9e vers les politiques publiques<\/p>\n<p><strong>Mission<\/strong> : g\u00e9n\u00e9rer des connaissances scientifiques interdisciplinaires pour sensibiliser et renforcer la politique et la pratique du d\u00e9veloppement urbain durable au Chili.<\/p>\n<p><b>Port\u00e9\u00e9: <\/b><span>Internacionale\/ Nacionale\/ Locale<\/span><\/p>\n<p><b>Composantes du Droit \u00e0 la Ville:<\/b><\/p>\n<ul>\n<li style=\"font-weight: 400;\"><span style=\"font-weight: 400;\">1. Non-discrimination<\/span><\/li>\n<li style=\"font-weight: 400;\"><span style=\"font-weight: 400;\">2. \u00c9galit\u00e9 de genre<\/span><\/li>\n<li style=\"font-weight: 400;\"><span style=\"font-weight: 400;\">3. Citoyennet\u00e9 inclusive<\/span><\/li>\n<li style=\"font-weight: 400;\"><span style=\"font-weight: 400;\">4. Participation politique<\/span><\/li>\n<li style=\"font-weight: 400;\"><span style=\"font-weight: 400;\">5. Fonctions sociales remplies<\/span><\/li>\n<li style=\"font-weight: 400;\"><span style=\"font-weight: 400;\">6. Espaces et services publics de qualit\u00e9<\/span><\/li>\n<li style=\"font-weight: 400;\"><span style=\"font-weight: 400;\">7. Des \u00e9conomies diversifi\u00e9es et inclusives<\/span><\/li>\n<li style=\"font-weight: 400;\"><span style=\"font-weight: 400;\">8. Villes durables avec des liens inclusifs entre les zones rurales et urbaines<\/span><\/li>\n<\/ul>\n<p><b>Groupes de Travail:<\/b><\/p>\n<ul>\n<li style=\"font-weight: 400;\"><span style=\"font-weight: 400;\">Plaidoyer<\/span><\/li>\n<li style=\"font-weight: 400;\"><span style=\"font-weight: 400;\">Recherche et formation<\/span><\/li>\n<li style=\"font-weight: 400;\"><span style=\"font-weight: 400;\">Communication<\/span><\/li>\n<\/ul>\n<p><b>Site Web: <\/b><a href=\"http:\/\/www.cedeus.cl\">www.cedeus.cl<\/a> ; <a href=\"http:\/\/www.redeuslac.org\">www.redeuslac.org<\/a><\/p>\n<p><b>Facebook:<\/b><a href=\"https:\/\/www.facebook.com\/CedeusChile\"><span style=\"font-weight: 400;\"> @CedeusChile\u00a0<\/span><\/a><\/p>\n<p><b>Twitter:<\/b><a href=\"https:\/\/twitter.com\/CedeusChile\"><span style=\"font-weight: 400;\"> @CedeusChile<\/span><\/a><\/p>\n<p>&nbsp;<\/p>\n","protected":false},"featured_media":56577,"template":"","meta":{"_acf_changed":false,"_et_pb_use_builder":"","_et_pb_old_content":"","_et_gb_content_width":"","cybocfi_hide_featured_image":""},"categories":[],"tags":[],"themes":[170,161,169,177,164,172,175,118],"agendas_globales":[],"class_list":["post-56581","organizations","type-organizations","status-publish","has-post-thumbnail","hentry","themes-citoyennete-inclusive","themes-economies-diversifiees-et-inclusives","themes-egalite-de-genre","themes-espaces-publics-de-qualite","themes-fonctions-sociales-remplies","themes-liens-urbains-ruraux","themes-non-discrimination","themes-participation-politique"],"acf":[],"yoast_head":"<!-- This site is optimized with the Yoast SEO plugin v27.5 - https:\/\/yoast.com\/product\/yoast-seo-wordpress\/ -->\n<title>Centro de Desarrollo Urbano Sustentable -CEDEUS - Right to the city<\/title>\n<meta name=\"robots\" content=\"index, follow, max-snippet:-1, max-image-preview:large, max-video-preview:-1\" \/>\n<link rel=\"canonical\" href=\"https:\/\/www.right2city.org\/fr\/organizations\/centro-de-desarrollo-urbano-sustentable-cedeus\/\" \/>\n<meta property=\"og:locale\" content=\"fr_FR\" \/>\n<meta property=\"og:type\" content=\"article\" \/>\n<meta property=\"og:title\" content=\"Centro de Desarrollo Urbano Sustentable -CEDEUS - Right to the city\" \/>\n<meta property=\"og:description\" content=\"&nbsp; &nbsp; &nbsp; &nbsp; Description : Recherche interdisciplinaire orient\u00e9e vers les politiques publiques Mission : g\u00e9n\u00e9rer des connaissances scientifiques interdisciplinaires pour sensibiliser et renforcer la politique et la pratique du d\u00e9veloppement urbain durable au Chili. Port\u00e9\u00e9: Internacionale\/ Nacionale\/ Locale Composantes du Droit \u00e0 la Ville: 1. Non-discrimination 2. \u00c9galit\u00e9 de genre 3. Citoyennet\u00e9 inclusive 4. [&hellip;]\" \/>\n<meta property=\"og:url\" content=\"https:\/\/www.right2city.org\/fr\/organizations\/centro-de-desarrollo-urbano-sustentable-cedeus\/\" \/>\n<meta property=\"og:site_name\" content=\"Right to the city\" \/>\n<meta property=\"article:modified_time\" content=\"2020-08-28T09:01:37+00:00\" \/>\n<meta property=\"og:image\" content=\"https:\/\/www.right2city.org\/wp-content\/uploads\/2020\/08\/Capture-d\u2019e\u0301cran-2020-08-28-a\u0300-10.38.42.png\" \/>\n\t<meta property=\"og:image:width\" content=\"600\" \/>\n\t<meta property=\"og:image:height\" content=\"601\" \/>\n\t<meta property=\"og:image:type\" content=\"image\/png\" \/>\n<meta name=\"twitter:card\" content=\"summary_large_image\" \/>\n<meta name=\"twitter:label1\" content=\"Dur\u00e9e de lecture estim\u00e9e\" \/>\n\t<meta name=\"twitter:data1\" content=\"1 minute\" \/>\n<script type=\"application\/ld+json\" class=\"yoast-schema-graph\">{\"@context\":\"https:\\\/\\\/schema.org\",\"@graph\":[{\"@type\":\"WebPage\",\"@id\":\"https:\\\/\\\/www.right2city.org\\\/fr\\\/organizations\\\/centro-de-desarrollo-urbano-sustentable-cedeus\\\/\",\"url\":\"https:\\\/\\\/www.right2city.org\\\/fr\\\/organizations\\\/centro-de-desarrollo-urbano-sustentable-cedeus\\\/\",\"name\":\"Centro de Desarrollo Urbano Sustentable -CEDEUS - Right to the city\",\"isPartOf\":{\"@id\":\"https:\\\/\\\/www.right2city.org\\\/fr\\\/#website\"},\"primaryImageOfPage\":{\"@id\":\"https:\\\/\\\/www.right2city.org\\\/fr\\\/organizations\\\/centro-de-desarrollo-urbano-sustentable-cedeus\\\/#primaryimage\"},\"image\":{\"@id\":\"https:\\\/\\\/www.right2city.org\\\/fr\\\/organizations\\\/centro-de-desarrollo-urbano-sustentable-cedeus\\\/#primaryimage\"},\"thumbnailUrl\":\"https:\\\/\\\/www.right2city.org\\\/wp-content\\\/uploads\\\/2020\\\/08\\\/Capture-d\u2019e\u0301cran-2020-08-28-a\u0300-10.38.42.png\",\"datePublished\":\"2020-08-28T08:57:22+00:00\",\"dateModified\":\"2020-08-28T09:01:37+00:00\",\"breadcrumb\":{\"@id\":\"https:\\\/\\\/www.right2city.org\\\/fr\\\/organizations\\\/centro-de-desarrollo-urbano-sustentable-cedeus\\\/#breadcrumb\"},\"inLanguage\":\"fr-FR\",\"potentialAction\":[{\"@type\":\"ReadAction\",\"target\":[\"https:\\\/\\\/www.right2city.org\\\/fr\\\/organizations\\\/centro-de-desarrollo-urbano-sustentable-cedeus\\\/\"]}]},{\"@type\":\"ImageObject\",\"inLanguage\":\"fr-FR\",\"@id\":\"https:\\\/\\\/www.right2city.org\\\/fr\\\/organizations\\\/centro-de-desarrollo-urbano-sustentable-cedeus\\\/#primaryimage\",\"url\":\"https:\\\/\\\/www.right2city.org\\\/wp-content\\\/uploads\\\/2020\\\/08\\\/Capture-d\u2019e\u0301cran-2020-08-28-a\u0300-10.38.42.png\",\"contentUrl\":\"https:\\\/\\\/www.right2city.org\\\/wp-content\\\/uploads\\\/2020\\\/08\\\/Capture-d\u2019e\u0301cran-2020-08-28-a\u0300-10.38.42.png\",\"width\":600,\"height\":601},{\"@type\":\"BreadcrumbList\",\"@id\":\"https:\\\/\\\/www.right2city.org\\\/fr\\\/organizations\\\/centro-de-desarrollo-urbano-sustentable-cedeus\\\/#breadcrumb\",\"itemListElement\":[{\"@type\":\"ListItem\",\"position\":1,\"name\":\"Home\",\"item\":\"https:\\\/\\\/www.right2city.org\\\/fr\\\/\"},{\"@type\":\"ListItem\",\"position\":2,\"name\":\"Centro de Desarrollo Urbano Sustentable -CEDEUS\"}]},{\"@type\":\"WebSite\",\"@id\":\"https:\\\/\\\/www.right2city.org\\\/fr\\\/#website\",\"url\":\"https:\\\/\\\/www.right2city.org\\\/fr\\\/\",\"name\":\"Right to the city\",\"description\":\"Global Platform for the Right to the City\",\"potentialAction\":[{\"@type\":\"SearchAction\",\"target\":{\"@type\":\"EntryPoint\",\"urlTemplate\":\"https:\\\/\\\/www.right2city.org\\\/fr\\\/?s={search_term_string}\"},\"query-input\":{\"@type\":\"PropertyValueSpecification\",\"valueRequired\":true,\"valueName\":\"search_term_string\"}}],\"inLanguage\":\"fr-FR\"}]}<\/script>\n<!-- \/ Yoast SEO plugin. -->","yoast_head_json":{"title":"Centro de Desarrollo Urbano Sustentable -CEDEUS - Right to the city","robots":{"index":"index","follow":"follow","max-snippet":"max-snippet:-1","max-image-preview":"max-image-preview:large","max-video-preview":"max-video-preview:-1"},"canonical":"https:\/\/www.right2city.org\/fr\/organizations\/centro-de-desarrollo-urbano-sustentable-cedeus\/","og_locale":"fr_FR","og_type":"article","og_title":"Centro de Desarrollo Urbano Sustentable -CEDEUS - Right to the city","og_description":"&nbsp; &nbsp; &nbsp; &nbsp; Description : Recherche interdisciplinaire orient\u00e9e vers les politiques publiques Mission : g\u00e9n\u00e9rer des connaissances scientifiques interdisciplinaires pour sensibiliser et renforcer la politique et la pratique du d\u00e9veloppement urbain durable au Chili. Port\u00e9\u00e9: Internacionale\/ Nacionale\/ Locale Composantes du Droit \u00e0 la Ville: 1. Non-discrimination 2. \u00c9galit\u00e9 de genre 3. Citoyennet\u00e9 inclusive 4. [&hellip;]","og_url":"https:\/\/www.right2city.org\/fr\/organizations\/centro-de-desarrollo-urbano-sustentable-cedeus\/","og_site_name":"Right to the city","article_modified_time":"2020-08-28T09:01:37+00:00","og_image":[{"width":600,"height":601,"url":"https:\/\/www.right2city.org\/wp-content\/uploads\/2020\/08\/Capture-d\u2019e\u0301cran-2020-08-28-a\u0300-10.38.42.png","type":"image\/png"}],"twitter_card":"summary_large_image","twitter_misc":{"Dur\u00e9e de lecture estim\u00e9e":"1 minute"},"schema":{"@context":"https:\/\/schema.org","@graph":[{"@type":"WebPage","@id":"https:\/\/www.right2city.org\/fr\/organizations\/centro-de-desarrollo-urbano-sustentable-cedeus\/","url":"https:\/\/www.right2city.org\/fr\/organizations\/centro-de-desarrollo-urbano-sustentable-cedeus\/","name":"Centro de Desarrollo Urbano Sustentable -CEDEUS - Right to the city","isPartOf":{"@id":"https:\/\/www.right2city.org\/fr\/#website"},"primaryImageOfPage":{"@id":"https:\/\/www.right2city.org\/fr\/organizations\/centro-de-desarrollo-urbano-sustentable-cedeus\/#primaryimage"},"image":{"@id":"https:\/\/www.right2city.org\/fr\/organizations\/centro-de-desarrollo-urbano-sustentable-cedeus\/#primaryimage"},"thumbnailUrl":"https:\/\/www.right2city.org\/wp-content\/uploads\/2020\/08\/Capture-d\u2019e\u0301cran-2020-08-28-a\u0300-10.38.42.png","datePublished":"2020-08-28T08:57:22+00:00","dateModified":"2020-08-28T09:01:37+00:00","breadcrumb":{"@id":"https:\/\/www.right2city.org\/fr\/organizations\/centro-de-desarrollo-urbano-sustentable-cedeus\/#breadcrumb"},"inLanguage":"fr-FR","potentialAction":[{"@type":"ReadAction","target":["https:\/\/www.right2city.org\/fr\/organizations\/centro-de-desarrollo-urbano-sustentable-cedeus\/"]}]},{"@type":"ImageObject","inLanguage":"fr-FR","@id":"https:\/\/www.right2city.org\/fr\/organizations\/centro-de-desarrollo-urbano-sustentable-cedeus\/#primaryimage","url":"https:\/\/www.right2city.org\/wp-content\/uploads\/2020\/08\/Capture-d\u2019e\u0301cran-2020-08-28-a\u0300-10.38.42.png","contentUrl":"https:\/\/www.right2city.org\/wp-content\/uploads\/2020\/08\/Capture-d\u2019e\u0301cran-2020-08-28-a\u0300-10.38.42.png","width":600,"height":601},{"@type":"BreadcrumbList","@id":"https:\/\/www.right2city.org\/fr\/organizations\/centro-de-desarrollo-urbano-sustentable-cedeus\/#breadcrumb","itemListElement":[{"@type":"ListItem","position":1,"name":"Home","item":"https:\/\/www.right2city.org\/fr\/"},{"@type":"ListItem","position":2,"name":"Centro de Desarrollo Urbano Sustentable -CEDEUS"}]},{"@type":"WebSite","@id":"https:\/\/www.right2city.org\/fr\/#website","url":"https:\/\/www.right2city.org\/fr\/","name":"Right to the city","description":"Global Platform for the Right to the City","potentialAction":[{"@type":"SearchAction","target":{"@type":"EntryPoint","urlTemplate":"https:\/\/www.right2city.org\/fr\/?s={search_term_string}"},"query-input":{"@type":"PropertyValueSpecification","valueRequired":true,"valueName":"search_term_string"}}],"inLanguage":"fr-FR"}]}},"_links":{"self":[{"href":"https:\/\/www.right2city.org\/fr\/wp-json\/wp\/v2\/organizations\/56581","targetHints":{"allow":["GET"]}}],"collection":[{"href":"https:\/\/www.right2city.org\/fr\/wp-json\/wp\/v2\/organizations"}],"about":[{"href":"https:\/\/www.right2city.org\/fr\/wp-json\/wp\/v2\/types\/organizations"}],"wp:featuredmedia":[{"embeddable":true,"href":"https:\/\/www.right2city.org\/fr\/wp-json\/wp\/v2\/media\/56577"}],"wp:attachment":[{"href":"https:\/\/www.right2city.org\/fr\/wp-json\/wp\/v2\/media?parent=56581"}],"wp:term":[{"taxonomy":"category","embeddable":true,"href":"https:\/\/www.right2city.org\/fr\/wp-json\/wp\/v2\/categories?post=56581"},{"taxonomy":"post_tag","embeddable":true,"href":"https:\/\/www.right2city.org\/fr\/wp-json\/wp\/v2\/tags?post=56581"},{"taxonomy":"themes","embeddable":true,"href":"https:\/\/www.right2city.org\/fr\/wp-json\/wp\/v2\/themes?post=56581"},{"taxonomy":"agendas_globales","embeddable":true,"href":"https:\/\/www.right2city.org\/fr\/wp-json\/wp\/v2\/agendas_globales?post=56581"}],"curies":[{"name":"wp","href":"https:\/\/api.w.org\/{rel}","templated":true}]}}