{"id":49764,"date":"2019-08-09T20:05:34","date_gmt":"2019-08-09T18:05:34","guid":{"rendered":"https:\/\/www.right2city.org\/?page_id=49764"},"modified":"2021-12-27T13:12:01","modified_gmt":"2021-12-27T11:12:01","slug":"vision-mission","status":"publish","type":"page","link":"https:\/\/www.right2city.org\/fr\/vision-mission\/","title":{"rendered":"Vision + Mission"},"content":{"rendered":"<h2><b>Vision<\/b><\/h2>\n<p><span style=\"font-weight: 400;\">Des villes, des villages et des \u00e9tablissements humains <strong>d\u00e9mocratiques<\/strong>, <strong>pluriels<\/strong>, <strong>solidaires<\/strong> et <strong>durables<\/strong>, qui sont reconnus en tant que <strong>biens communs<\/strong>, et que tous les habitants &#8211; pr\u00e9sents et futurs, permanents et temporaires &#8211; ont le droit d&rsquo;habiter, d\u2019utiliser, d\u2019occuper, de fa\u00e7onner, de gouverner, et o\u00f9 ils peuvent mener une existence paisible et digne.<\/span><\/p>\n<p><span style=\"font-weight: 400;\">Nous aspirons \u00e0 des communaut\u00e9s\u00a0:<\/span><\/p>\n<ul>\n<li><span style=\"font-weight: 400;\"><strong>qui luttent contre la colonisation, le patriarcat, le racisme, l&rsquo;homophobie et la discrimination<\/strong>;<\/span><\/li>\n<li><span style=\"font-weight: 400;\">qui encouragent et soutiennent les populations \u00e0 mener leur vie librement dans la dignit\u00e9, et \u00e0 exprimer leur culture, leurs valeurs et principes politiques, leur spiritualit\u00e9, leur amour et leur affection, dans la paix et le respect ;<\/span><\/li>\n<li><span style=\"font-weight: 400;\"><strong>qui promeuvent la participation de toutes et de tous \u00e0 la vie politique<\/strong>, \u00e0 travers des processus de prise de d\u00e9cision d\u00e9mocratique, la promotion d&rsquo;une citoyennet\u00e9 active et la pluralit\u00e9 des formes d&rsquo;organisation et d&rsquo;action politique ;<\/span><\/li>\n<li><span style=\"font-weight: 400;\">qui mettent l&rsquo;accent sur le <strong>droit \u00e0 des processus autog\u00e9r\u00e9s<\/strong>, \u00e0 la co-gestion et \u00e0 la co-cr\u00e9ation dans le secteur public et le domaine des biens communs;<\/span><\/li>\n<li><span style=\"font-weight: 400;\">qui con\u00e7oivent et instaurent une \u00e9conomie pour les individus et pour la collectivit\u00e9 &#8211; une <strong>\u00e9conomie humaine, sociale, diversifi\u00e9e et solidaire<\/strong>;<\/span><\/li>\n<li><span style=\"font-weight: 400;\"><strong>qui reconnaissent l&rsquo;urgence de prot\u00e9ger et de prendre soin de la plan\u00e8te<\/strong>, sachant que les processus \u00e9cologiques et environnementaux peuvent \u00eatre \u00e0 la fois stimul\u00e9s mais aussi menac\u00e9s de mani\u00e8re disproportionn\u00e9e par l\u2019urbanisation; qui mettent les \u00eatres humains et les relations de ces \u00eatres entre eux et avec la nature au centre de leur r\u00e9flexion et de leurs actions;<\/span><\/li>\n<li><span style=\"font-weight: 400;\"><strong>qui pr\u00e9servent les pratiques et m\u00e9moires socioculturelles collectives et \u00e9mancipatrices<\/strong>;<\/span><\/li>\n<li><span style=\"font-weight: 400;\"><strong>qui envisagent leur trajectoire future \u00e0 partir de leur histoire pass\u00e9e<\/strong>, en se la rem\u00e9morant, en la r\u00e9interpr\u00e9tant et en la r\u00e9\u00e9crivant.\u00a0<\/span><\/li>\n<\/ul>\n<h2><\/h2>\n<h2><b>Mission<\/b><\/h2>\n<p><span style=\"font-weight: 400;\"><strong>Nous sommes un r\u00e9seau ouvert, flexible et pluriel d&rsquo;organisations de la soci\u00e9t\u00e9 civile et de gouvernements locaux<\/strong> engag\u00e9es dans l&rsquo;action politique et le changement social pour la promotion, la d\u00e9fense et la r\u00e9alisation du <strong>Droit \u00e0 la Ville<\/strong> aux niveaux globaux, r\u00e9gional et local, donnant une voix particuli\u00e8re aux individus et aux communaut\u00e9s en situation d&rsquo;exclusion et de marginalisation.<\/span><\/p>\n<p><span style=\"font-weight: 400;\">La Plateforme aspire \u00e0 contribuer \u00e0 l&rsquo;\u00e9mergence, dans nos soci\u00e9t\u00e9s, de nouvelles utopies \u00e9mancipatrices et pactes sociaux, vers un avenir meilleur dans tous les \u00e9tablissements humains. Ensemble, nous cherchons \u00e0 rendre visible et \u00e0 stimuler le dialogue entre les diff\u00e9rentes visions du monde existantes, afin d\u2019ouvrir la voie vers de nouveaux imaginaires collectifs possibles.\u00a0<\/span><\/p>\n<p><span style=\"font-weight: 400;\">Afin de faire \u00e9voluer de mani\u00e8re effective les communaut\u00e9s \u00e0 travers le monde, la PGDV est engag\u00e9e \u00e0 la fois sur les plans politique, social et culturel, et en priorit\u00e9 sur les axes suivants:<\/span><\/p>\n<p style=\"padding-left: 40px;\"><b>a) Construire une communaut\u00e9 de pratiques et de connaissances sur le Droit \u00e0 la Ville.<\/b><span style=\"font-weight: 400;\"> Dans ce but, nous cherchons \u00e0 constituer un espace de partage de connaissances, d\u2019id\u00e9es et de strat\u00e9gies pour am\u00e9liorer la recherche en cours, la mobilisation et la mise en \u0153uvre de l\u2019agenda politique du <strong>Droit \u00e0 la Ville<\/strong>. Pour mener \u00e0 bien cet objectif, la collaboration entre acteurs est cruciale\u00a0: nous devons nous assurer que les savoirs et les strat\u00e9gies qui sont transmis sont suffisamment souples pour pouvoir \u00eatre applicables aux diff\u00e9rents contextes locaux, en identifiant, en traduisant et surtout en respectant les diff\u00e9rentes interpr\u00e9tations qui sont faites du Droit \u00e0 la Ville.<\/span><\/p>\n<p style=\"padding-left: 40px;\"><b>b) Renforcer les actions\/luttes sociales locales et nationales et les mobilisations internationales men\u00e9es dans le cadre du Droit \u00e0 la Ville<\/b><span style=\"font-weight: 400;\">, promouvoir leur visibilit\u00e9 dans les forums internationaux et renforcer les liens de solidarit\u00e9 entre les diff\u00e9rentes campagnes et initiatives.<\/span><\/p>\n<p style=\"padding-left: 40px;\"><b>c) Plaider en faveur de changements au niveau international (agendas mondiaux et acteurs internationaux) en mesure de constituer\/engendrer\/promouvoir un impact positif aux niveaux local, r\u00e9gional et national,<\/b><span style=\"font-weight: 400;\"> en identifiant les opportunit\u00e9s pertinentes, en \u00e9tablissant des messages cl\u00e9s \u00e0 destination des diff\u00e9rents acteurs et en fixant des objectifs de plaidoyer \u00e0 court, moyen et long terme.<\/span><\/p>\n<p style=\"padding-left: 40px;\"><b>d) Garantir la mise en \u0153uvre du Droit \u00e0 la Ville<\/b><span style=\"font-weight: 400;\"> en l\u2019int\u00e9grant aux actions, initiatives, engagements, politiques, projets et l\u00e9gislations mises en \u0153uvre aux niveaux local, r\u00e9gional, national et international ; veiller \u00e0 son application, et d\u00e9noncer toute d\u00e9faillance ou violation de ce droit, y compris au niveau de la responsabilit\u00e9 sociale et environnementale des secteurs priv\u00e9 et public.<\/span><\/p>\n","protected":false},"excerpt":{"rendered":"<p>Vision Des villes, des villages et des \u00e9tablissements humains d\u00e9mocratiques, pluriels, solidaires et durables, qui sont reconnus en tant que biens communs, et que tous les habitants &#8211; pr\u00e9sents et futurs, permanents et temporaires &#8211; ont le droit d&rsquo;habiter, d\u2019utiliser, d\u2019occuper, de fa\u00e7onner, de gouverner, et o\u00f9 ils peuvent mener une existence paisible et digne. [&hellip;]<\/p>\n","protected":false},"author":4,"featured_media":0,"parent":0,"menu_order":0,"comment_status":"closed","ping_status":"closed","template":"","meta":{"_acf_changed":false,"_et_pb_use_builder":"off","_et_pb_old_content":"","_et_gb_content_width":"","cybocfi_hide_featured_image":"","footnotes":""},"themes":[],"agendas_globales":[],"class_list":["post-49764","page","type-page","status-publish","hentry"],"acf":[],"yoast_head":"<!-- This site is optimized with the Yoast SEO plugin v27.4 - https:\/\/yoast.com\/product\/yoast-seo-wordpress\/ -->\n<title>Vision + Mission - Right to the city<\/title>\n<meta name=\"robots\" content=\"index, follow, max-snippet:-1, max-image-preview:large, max-video-preview:-1\" \/>\n<link rel=\"canonical\" href=\"https:\/\/www.right2city.org\/fr\/vision-mission\/\" \/>\n<meta property=\"og:locale\" content=\"fr_FR\" \/>\n<meta property=\"og:type\" content=\"article\" \/>\n<meta property=\"og:title\" content=\"Vision + Mission - Right to the city\" \/>\n<meta property=\"og:description\" content=\"Vision Des villes, des villages et des \u00e9tablissements humains d\u00e9mocratiques, pluriels, solidaires et durables, qui sont reconnus en tant que biens communs, et que tous les habitants &#8211; pr\u00e9sents et futurs, permanents et temporaires &#8211; ont le droit d&rsquo;habiter, d\u2019utiliser, d\u2019occuper, de fa\u00e7onner, de gouverner, et o\u00f9 ils peuvent mener une existence paisible et digne. [&hellip;]\" \/>\n<meta property=\"og:url\" content=\"https:\/\/www.right2city.org\/fr\/vision-mission\/\" \/>\n<meta property=\"og:site_name\" content=\"Right to the city\" \/>\n<meta property=\"article:modified_time\" content=\"2021-12-27T11:12:01+00:00\" \/>\n<meta name=\"twitter:card\" content=\"summary_large_image\" \/>\n<meta name=\"twitter:label1\" content=\"Dur\u00e9e de lecture estim\u00e9e\" \/>\n\t<meta name=\"twitter:data1\" content=\"4 minutes\" \/>\n<script type=\"application\/ld+json\" class=\"yoast-schema-graph\">{\"@context\":\"https:\\\/\\\/schema.org\",\"@graph\":[{\"@type\":\"WebPage\",\"@id\":\"https:\\\/\\\/www.right2city.org\\\/fr\\\/vision-mission\\\/\",\"url\":\"https:\\\/\\\/www.right2city.org\\\/fr\\\/vision-mission\\\/\",\"name\":\"Vision + Mission - Right to the city\",\"isPartOf\":{\"@id\":\"https:\\\/\\\/www.right2city.org\\\/fr\\\/#website\"},\"datePublished\":\"2019-08-09T18:05:34+00:00\",\"dateModified\":\"2021-12-27T11:12:01+00:00\",\"breadcrumb\":{\"@id\":\"https:\\\/\\\/www.right2city.org\\\/fr\\\/vision-mission\\\/#breadcrumb\"},\"inLanguage\":\"fr-FR\",\"potentialAction\":[{\"@type\":\"ReadAction\",\"target\":[\"https:\\\/\\\/www.right2city.org\\\/fr\\\/vision-mission\\\/\"]}]},{\"@type\":\"BreadcrumbList\",\"@id\":\"https:\\\/\\\/www.right2city.org\\\/fr\\\/vision-mission\\\/#breadcrumb\",\"itemListElement\":[{\"@type\":\"ListItem\",\"position\":1,\"name\":\"Home\",\"item\":\"https:\\\/\\\/www.right2city.org\\\/fr\\\/\"},{\"@type\":\"ListItem\",\"position\":2,\"name\":\"Vision + Mission\"}]},{\"@type\":\"WebSite\",\"@id\":\"https:\\\/\\\/www.right2city.org\\\/fr\\\/#website\",\"url\":\"https:\\\/\\\/www.right2city.org\\\/fr\\\/\",\"name\":\"Right to the city\",\"description\":\"Global Platform for the Right to the City\",\"potentialAction\":[{\"@type\":\"SearchAction\",\"target\":{\"@type\":\"EntryPoint\",\"urlTemplate\":\"https:\\\/\\\/www.right2city.org\\\/fr\\\/?s={search_term_string}\"},\"query-input\":{\"@type\":\"PropertyValueSpecification\",\"valueRequired\":true,\"valueName\":\"search_term_string\"}}],\"inLanguage\":\"fr-FR\"}]}<\/script>\n<!-- \/ Yoast SEO plugin. -->","yoast_head_json":{"title":"Vision + Mission - Right to the city","robots":{"index":"index","follow":"follow","max-snippet":"max-snippet:-1","max-image-preview":"max-image-preview:large","max-video-preview":"max-video-preview:-1"},"canonical":"https:\/\/www.right2city.org\/fr\/vision-mission\/","og_locale":"fr_FR","og_type":"article","og_title":"Vision + Mission - Right to the city","og_description":"Vision Des villes, des villages et des \u00e9tablissements humains d\u00e9mocratiques, pluriels, solidaires et durables, qui sont reconnus en tant que biens communs, et que tous les habitants &#8211; pr\u00e9sents et futurs, permanents et temporaires &#8211; ont le droit d&rsquo;habiter, d\u2019utiliser, d\u2019occuper, de fa\u00e7onner, de gouverner, et o\u00f9 ils peuvent mener une existence paisible et digne. [&hellip;]","og_url":"https:\/\/www.right2city.org\/fr\/vision-mission\/","og_site_name":"Right to the city","article_modified_time":"2021-12-27T11:12:01+00:00","twitter_card":"summary_large_image","twitter_misc":{"Dur\u00e9e de lecture estim\u00e9e":"4 minutes"},"schema":{"@context":"https:\/\/schema.org","@graph":[{"@type":"WebPage","@id":"https:\/\/www.right2city.org\/fr\/vision-mission\/","url":"https:\/\/www.right2city.org\/fr\/vision-mission\/","name":"Vision + Mission - Right to the city","isPartOf":{"@id":"https:\/\/www.right2city.org\/fr\/#website"},"datePublished":"2019-08-09T18:05:34+00:00","dateModified":"2021-12-27T11:12:01+00:00","breadcrumb":{"@id":"https:\/\/www.right2city.org\/fr\/vision-mission\/#breadcrumb"},"inLanguage":"fr-FR","potentialAction":[{"@type":"ReadAction","target":["https:\/\/www.right2city.org\/fr\/vision-mission\/"]}]},{"@type":"BreadcrumbList","@id":"https:\/\/www.right2city.org\/fr\/vision-mission\/#breadcrumb","itemListElement":[{"@type":"ListItem","position":1,"name":"Home","item":"https:\/\/www.right2city.org\/fr\/"},{"@type":"ListItem","position":2,"name":"Vision + Mission"}]},{"@type":"WebSite","@id":"https:\/\/www.right2city.org\/fr\/#website","url":"https:\/\/www.right2city.org\/fr\/","name":"Right to the city","description":"Global Platform for the Right to the City","potentialAction":[{"@type":"SearchAction","target":{"@type":"EntryPoint","urlTemplate":"https:\/\/www.right2city.org\/fr\/?s={search_term_string}"},"query-input":{"@type":"PropertyValueSpecification","valueRequired":true,"valueName":"search_term_string"}}],"inLanguage":"fr-FR"}]}},"_links":{"self":[{"href":"https:\/\/www.right2city.org\/fr\/wp-json\/wp\/v2\/pages\/49764","targetHints":{"allow":["GET"]}}],"collection":[{"href":"https:\/\/www.right2city.org\/fr\/wp-json\/wp\/v2\/pages"}],"about":[{"href":"https:\/\/www.right2city.org\/fr\/wp-json\/wp\/v2\/types\/page"}],"author":[{"embeddable":true,"href":"https:\/\/www.right2city.org\/fr\/wp-json\/wp\/v2\/users\/4"}],"replies":[{"embeddable":true,"href":"https:\/\/www.right2city.org\/fr\/wp-json\/wp\/v2\/comments?post=49764"}],"version-history":[{"count":3,"href":"https:\/\/www.right2city.org\/fr\/wp-json\/wp\/v2\/pages\/49764\/revisions"}],"predecessor-version":[{"id":63653,"href":"https:\/\/www.right2city.org\/fr\/wp-json\/wp\/v2\/pages\/49764\/revisions\/63653"}],"wp:attachment":[{"href":"https:\/\/www.right2city.org\/fr\/wp-json\/wp\/v2\/media?parent=49764"}],"wp:term":[{"taxonomy":"themes","embeddable":true,"href":"https:\/\/www.right2city.org\/fr\/wp-json\/wp\/v2\/themes?post=49764"},{"taxonomy":"agendas_globales","embeddable":true,"href":"https:\/\/www.right2city.org\/fr\/wp-json\/wp\/v2\/agendas_globales?post=49764"}],"curies":[{"name":"wp","href":"https:\/\/api.w.org\/{rel}","templated":true}]}}