{"id":67979,"date":"2023-05-09T11:35:49","date_gmt":"2023-05-09T09:35:49","guid":{"rendered":"https:\/\/www.right2city.org\/quarterly-newsletter-4-december-2021-2\/"},"modified":"2023-05-09T13:39:01","modified_gmt":"2023-05-09T11:39:01","slug":"quarterly-newsletter-4-december-2021","status":"publish","type":"page","link":"https:\/\/www.right2city.org\/fr\/quarterly-newsletter-4-december-2021\/","title":{"rendered":"Bulletin trimestriel n\u00ba 4 \/ D\u00e9cembre 2021"},"content":{"rendered":"<table class=\"module\" role=\"module\" border=\"0\" width=\"100%\" cellspacing=\"0\" cellpadding=\"0\" data-type=\"code\" data-muid=\"9002691b-fbe0-4af8-a998-2e55c859fccb\">\n<tbody>\n<tr>\n<td role=\"module-content\" valign=\"top\" height=\"100%\">\n<p style=\"text-align: center;\"><a href=\"https:\/\/right2city.org\/newsletters\/20211217\/newsletter_GPR2C-fr_FR.html\" target=\"_blank\" rel=\"noopener\">Ouvrir cet e-mail dans un navigateur Web<\/a><\/p>\n<\/td>\n<\/tr>\n<\/tbody>\n<\/table>\n<table class=\"module\" role=\"module\" border=\"0\" width=\"100%\" cellspacing=\"0\" cellpadding=\"0\" data-type=\"text\" data-muid=\"96034386-4aa4-4b69-814e-9cbecfdf720b\" data-mc-module-version=\"2019-10-22\">\n<tbody>\n<tr>\n<td role=\"module-content\" valign=\"top\" bgcolor=\"\" height=\"100%\">\n<div>\n<div style=\"text-align: right;\"><span style=\"color: #691950;\"><strong>Bulletin trimestriel n\u00ba 4 \/ D\u00e9cembre 2021<\/strong>\u00a0<\/span><\/div>\n<div><\/div>\n<\/div>\n<\/td>\n<\/tr>\n<\/tbody>\n<\/table>\n<table class=\"module\" role=\"module\" border=\"0\" width=\"100%\" cellspacing=\"0\" cellpadding=\"0\" align=\"center\" data-type=\"social\" data-muid=\"3a49c84c-e1e0-4c17-99a6-5ba1026554d8\">\n<tbody>\n<tr>\n<td align=\"left\" valign=\"top\"><\/td>\n<\/tr>\n<\/tbody>\n<\/table>\n<table class=\"wrapper\" role=\"module\" border=\"0\" width=\"100%\" cellspacing=\"0\" cellpadding=\"0\" data-type=\"image\" data-muid=\"9493f7bc-1e07-434d-b3e8-e2377d7310f9\">\n<tbody>\n<tr>\n<td align=\"center\" valign=\"top\"><img decoding=\"async\" class=\"max-width\" src=\"http:\/\/cdn.mcauto-images-production.sendgrid.net\/56fdef3ccd71496a\/8ca0f850-4260-4994-9cbb-29c54b28a5aa\/8192x1876.png\" alt=\"\" width=\"600\" border=\"0\" data-proportionally-constrained=\"true\" data-responsive=\"true\" \/><\/td>\n<\/tr>\n<\/tbody>\n<\/table>\n<table class=\"wrapper\" role=\"module\" border=\"0\" width=\"100%\" cellspacing=\"0\" cellpadding=\"0\" data-type=\"image\" data-muid=\"d6ef466e-b273-4d9a-a3ef-f2f22501223c\">\n<tbody>\n<tr>\n<td align=\"center\" valign=\"top\"><a href=\"https:\/\/www.right2city.org\/news\/the-gpr2c-in-2021-and-beyond\/\" target=\"_blank\" rel=\"noopener\"><img decoding=\"async\" class=\"max-width\" src=\"http:\/\/cdn.mcauto-images-production.sendgrid.net\/56fdef3ccd71496a\/46db4b3f-e5f6-45f8-9aa4-2950ab7ea45b\/1024x768.jpeg\" alt=\"\" width=\"600\" border=\"0\" data-proportionally-constrained=\"true\" data-responsive=\"true\" \/><\/a><\/td>\n<\/tr>\n<\/tbody>\n<\/table>\n<table class=\"module\" role=\"module\" border=\"0\" width=\"100%\" cellspacing=\"0\" cellpadding=\"0\" data-type=\"text\" data-muid=\"fdcddba7-3196-4b5c-b41f-5515dd719f59\" data-mc-module-version=\"2019-10-22\">\n<tbody>\n<tr>\n<td role=\"module-content\" valign=\"top\" bgcolor=\"#ffffff\" height=\"100%\">\n<div>\n<h4 style=\"text-align: center;\"><span style=\"color: #691950;\"><strong>La PGDV en 2021 et au-del\u00e0<\/strong><\/span><\/h4>\n<\/div>\n<\/td>\n<\/tr>\n<\/tbody>\n<\/table>\n<table class=\"module\" role=\"module\" border=\"0\" width=\"100%\" cellspacing=\"0\" cellpadding=\"0\" data-type=\"text\" data-muid=\"de03e7b4-69ce-443e-a4c6-4820d15bc3a5\" data-mc-module-version=\"2019-10-22\">\n<tbody>\n<tr>\n<td role=\"module-content\" valign=\"top\" bgcolor=\"#ffffff\" height=\"100%\">\n<div>\n<div>2021 a \u00e9t\u00e9 une ann\u00e9e de d\u00e9fis, de progr\u00e8s et de forte mobilisation pour le Droit \u00e0 la Ville \u00e0 travers le monde, profond\u00e9ment marqu\u00e9e par la prolongation de la pand\u00e9mie de COVID-19, le d\u00e9ploiement progressif des campagnes de vaccination et la suspension progressive des mesures de protection sociale, avec pour cons\u00e9quence un approfondissement des in\u00e9galit\u00e9s pr\u00e9existantes.<br \/>\nL&rsquo;ann\u00e9e 2021 a \u00e9t\u00e9 fortement d\u00e9finie par la mobilisation populaire face \u00e0 l&rsquo;urgence et la d\u00e9fense d&rsquo;un \u00abmonde post-covid-19\u00bb fond\u00e9 sur les Droits Humains, en alliance avec les luttes locales et globales pour faire avancer la Justice Climatique. En ce sens, le mouvement pour le Droit \u00e0 la Ville a beaucoup \u00e0 apporter, non seulement parce que la plupart de ses composantes sont au centre des d\u00e9bats (logement, services publics, \u00e9conomies diverses et inclusives, fonction sociale de la ville, espaces publics et d&rsquo;autres); mais aussi en raison de sa focalisation sur la dimension territoriale des Droits Humains et le renforcement de la d\u00e9mocratie locale.<\/div>\n<div><\/div>\n<div><a href=\"https:\/\/www.right2city.org\/fr\/news\/la-pgdc-en-2021-y-mas-alla\/\" target=\"_blank\" rel=\"noopener\">Lire plus &gt;<\/a><\/div>\n<div><\/div>\n<\/div>\n<\/td>\n<\/tr>\n<\/tbody>\n<\/table>\n<table class=\"module\" role=\"module\" border=\"0\" width=\"100%\" cellspacing=\"0\" cellpadding=\"0\" data-type=\"text\" data-muid=\"d89c20e0-8191-4ef4-b687-2ade45774302\" data-mc-module-version=\"2019-10-22\">\n<tbody>\n<tr>\n<td role=\"module-content\" valign=\"top\" bgcolor=\"#6d1a55\" height=\"100%\">\n<div>\n<h4 style=\"text-align: center;\"><span style=\"color: #ffffff;\"><strong>Campagne: Citoyennet\u00e9 inclusive dans les villes\u00a0<\/strong><\/span><\/h4>\n<\/div>\n<\/td>\n<\/tr>\n<\/tbody>\n<\/table>\n<table role=\"module\" border=\"0\" width=\"100%\" cellspacing=\"0\" cellpadding=\"0\" align=\"center\" bgcolor=\"#FFFFFF\" data-type=\"columns\" data-distribution=\"1,1\">\n<tbody>\n<tr role=\"module-content\">\n<td valign=\"top\" height=\"100%\">\n<table style=\"border-collapse: collapse; width: 100%;\">\n<tbody>\n<tr>\n<td style=\"width: 50%;\">\n<div>A l&rsquo;occasion de la Journ\u00e9e Internationale des Migrants 2021, la PGDV revendique des conceptions alternatives de la citoyennet\u00e9 qui soient inclusives et bas\u00e9es sur la communaut\u00e9. Nous croyons fermement que le contexte global actuel des migrations appelle \u00e0 des formes juridiques diff\u00e9renci\u00e9es de citoyennet\u00e9 qui prot\u00e8gent les Droits Humains pour tous.\u00a0<strong>La mobilisation des droits de citoyennet\u00e9 \u00e0 travers le niveau local est essentielle pour r\u00e9aliser le droit \u00e0 la ville en tant que perspective pour la justice sociale et climatique au niveau mondial.<\/strong><\/div>\n<div><a href=\"https:\/\/www.right2city.org\/inclusive-citizenship-in-cities-and-human-settlements\/\" target=\"_blank\" rel=\"noopener\">Lire plus, en anglais&gt;<\/a><\/div>\n<\/td>\n<td style=\"width: 50%;\"><a href=\"https:\/\/www.right2city.org\/inclusive-citizenship-in-cities-and-human-settlements\/\" target=\"_blank\" rel=\"noopener\"><img decoding=\"async\" class=\"max-width\" src=\"http:\/\/cdn.mcauto-images-production.sendgrid.net\/56fdef3ccd71496a\/6a28ee0a-1f09-4db1-b1e0-6e8b5ec089fb\/2480x1772.jpg\" alt=\"\" width=\"290\" border=\"0\" data-proportionally-constrained=\"true\" data-responsive=\"true\" \/><\/a><\/td>\n<\/tr>\n<\/tbody>\n<\/table>\n<\/td>\n<\/tr>\n<\/tbody>\n<\/table>\n<table class=\"module\" role=\"module\" border=\"0\" width=\"100%\" cellspacing=\"0\" cellpadding=\"0\" data-type=\"text\" data-muid=\"9c9d64e9-9698-4d59-9320-e73e03888f46\" data-mc-module-version=\"2019-10-22\">\n<tbody>\n<tr>\n<td role=\"module-content\" valign=\"top\" bgcolor=\"#6d1a55\" height=\"100%\">\n<div>\n<h4 style=\"text-align: center;\"><strong><span style=\"color: #ffffff;\">Nouvelles du Droit \u00e0 la Ville<\/span><\/strong><\/h4>\n<\/div>\n<\/td>\n<\/tr>\n<\/tbody>\n<\/table>\n<table role=\"module\" border=\"0\" width=\"100%\" cellspacing=\"0\" cellpadding=\"0\" align=\"center\" bgcolor=\"#ffffff\" data-type=\"columns\" data-distribution=\"1,1,1\">\n<tbody>\n<tr role=\"module-content\">\n<td valign=\"top\" height=\"100%\">\n<table style=\"border-collapse: collapse; width: 100%;\">\n<tbody>\n<tr>\n<td style=\"width: 33.3333%;\"><a href=\"https:\/\/www.right2city.org\/fr\/news\/gpr2cs-contribution-to-the-quadrennial-progress-report-on-the-implementation-of-the-new-urban-agenda\/\" target=\"_blank\" rel=\"noopener\"><img decoding=\"async\" class=\"max-width aligncenter\" src=\"http:\/\/cdn.mcauto-images-production.sendgrid.net\/56fdef3ccd71496a\/74f00dc5-dd63-4832-a3fe-9a27a2cecb27\/2480x1890.jpg\" alt=\"\" width=\"186\" border=\"0\" data-proportionally-constrained=\"true\" data-responsive=\"true\" \/><\/a><\/td>\n<td style=\"width: 33.3333%;\"><a href=\"https:\/\/www.right2city.org\/fr\/news\/open-call-for-the-fourth-edition-of-the-transformative-cities-award-2021-2022\/\" target=\"_blank\" rel=\"noopener\"><img decoding=\"async\" class=\"max-width aligncenter\" src=\"http:\/\/cdn.mcauto-images-production.sendgrid.net\/56fdef3ccd71496a\/22c0df60-15dd-4a4b-8e7d-25a4f80bc7c9\/595x454.jpg\" alt=\"\" width=\"186\" border=\"0\" data-proportionally-constrained=\"true\" data-responsive=\"true\" \/><\/a><\/td>\n<td style=\"width: 33.3333%;\"><a href=\"https:\/\/www.right2city.org\/fr\/news\/cycle-de-debats-avancees-pour-le-droit-a-la-ville-en-amerique-latine-debattons-autour-du-statut-de-la-ville-du-nouveau-programme-pour-les-villes-ainsi-que-des-dispositions-constitutionnelles-et\/\" target=\"_blank\" rel=\"noopener\"><img decoding=\"async\" class=\"max-width\" src=\"http:\/\/cdn.mcauto-images-production.sendgrid.net\/56fdef3ccd71496a\/ec715728-ff83-4b5a-86e5-07f2196fce93\/2976x2267.jpg\" alt=\"\" width=\"186\" border=\"0\" data-proportionally-constrained=\"true\" data-responsive=\"true\" \/><\/a><\/td>\n<\/tr>\n<tr>\n<td style=\"width: 33.3333%; text-align: center;\"><a href=\"https:\/\/www.right2city.org\/fr\/news\/gpr2cs-contribution-to-the-quadrennial-progress-report-on-the-implementation-of-the-new-urban-agenda\/\" target=\"_blank\" rel=\"noopener\"><strong>Contribution au Rapport sur la mise en \u0153uvre du Nouveau Programme pour les Villes<\/strong><\/a><\/td>\n<td style=\"width: 33.3333%;\">\n<div style=\"text-align: center;\"><a href=\"https:\/\/www.right2city.org\/fr\/news\/open-call-for-the-fourth-edition-of-the-transformative-cities-award-2021-2022\/\" target=\"_blank\" rel=\"noopener\"><strong>Appel ouvert pour la quatri\u00e8me \u00e9dition du prix \u201cVilles Transformatrices\u201d<\/strong><\/a><\/div>\n<div><\/div>\n<\/td>\n<td style=\"width: 33.3333%; text-align: center;\"><a href=\"https:\/\/www.right2city.org\/fr\/news\/cycle-de-debats-avancees-pour-le-droit-a-la-ville-en-amerique-latine-debattons-autour-du-statut-de-la-ville-du-nouveau-programme-pour-les-villes-ainsi-que-des-dispositions-constitutionnelles-et\/\" target=\"_blank\" rel=\"noopener\"><strong>Cycle de d\u00e9bats: Avanc\u00e9es pour le droit \u00e0 la ville en Am\u00e9rique Latine<\/strong><\/a><\/td>\n<\/tr>\n<\/tbody>\n<\/table>\n<\/td>\n<\/tr>\n<\/tbody>\n<\/table>\n<table class=\"module\" role=\"module\" border=\"0\" width=\"100%\" cellspacing=\"0\" cellpadding=\"0\" data-type=\"text\" data-muid=\"831328e6-3b93-456e-a66f-e111cf5f8c10\" data-mc-module-version=\"2019-10-22\">\n<tbody>\n<tr>\n<td role=\"module-content\" valign=\"top\" bgcolor=\"#6d1a55\" height=\"100%\">\n<div>\n<h4 style=\"text-align: center;\"><span style=\"color: #ffffff;\"><strong>Documents th\u00e9matiques et r\u00e9gionaux sur le Droit \u00e0 la Ville<\/strong><\/span><\/h4>\n<\/div>\n<\/td>\n<\/tr>\n<\/tbody>\n<\/table>\n<table role=\"module\" border=\"0\" width=\"100%\" cellspacing=\"0\" cellpadding=\"0\" align=\"center\" bgcolor=\"#FFFFFF\" data-type=\"columns\" data-distribution=\"1,1,1,1\">\n<tbody>\n<tr role=\"module-content\">\n<td valign=\"top\" height=\"100%\">\n<table style=\"border-collapse: collapse; width: 100%;\">\n<tbody>\n<tr>\n<td style=\"width: 25%;\"><a href=\"https:\/\/www.right2city.org\/fr\/document\/droit-a-la-ville-feuille-de-route-pour-la-justice-climatique\/\" target=\"_blank\" rel=\"noopener\"><img loading=\"lazy\" decoding=\"async\" class=\"max-width aligncenter\" src=\"http:\/\/cdn.mcauto-images-production.sendgrid.net\/56fdef3ccd71496a\/a375323b-5d79-4b6a-8f1a-fb0ef083dd2e\/595x842.jpg\" alt=\"\" width=\"186\" height=\"263\" border=\"0\" data-proportionally-constrained=\"true\" data-responsive=\"true\" \/><\/a><\/td>\n<td style=\"width: 25%;\"><a href=\"https:\/\/www.right2city.org\/fr\/document\/limpact-du-covid-19-sur-le-droit-a-la-ville\/\" target=\"_blank\" rel=\"noopener\"><img loading=\"lazy\" decoding=\"async\" class=\"max-width aligncenter\" src=\"http:\/\/cdn.mcauto-images-production.sendgrid.net\/56fdef3ccd71496a\/e04f0bc3-9257-4b22-afa2-31df83b0ca91\/1054x1484.png\" alt=\"\" width=\"184\" height=\"259\" border=\"0\" data-proportionally-constrained=\"true\" data-responsive=\"true\" \/><\/a><\/td>\n<td style=\"width: 25%;\"><a href=\"https:\/\/www.right2city.org\/fr\/document\/document-thematique-la-ville-comme-bien-commun-un-pilier-pour-le-droit-a-la-ville\/\" target=\"_blank\" rel=\"noopener\"><img loading=\"lazy\" decoding=\"async\" class=\"max-width aligncenter\" src=\"http:\/\/cdn.mcauto-images-production.sendgrid.net\/56fdef3ccd71496a\/9a1bbc00-be61-49d7-a36d-553fb15864f6\/1241x1754.jpg\" alt=\"\" width=\"180\" height=\"254\" border=\"0\" data-proportionally-constrained=\"true\" data-responsive=\"true\" \/><\/a><\/td>\n<td style=\"width: 25%;\"><a href=\"https:\/\/www.right2city.org\/fr\/document\/le-droit-a-la-ville-dans-asie-histoires-de-linvisible\/\" target=\"_blank\" rel=\"noopener\"><img loading=\"lazy\" decoding=\"async\" class=\"max-width aligncenter\" src=\"http:\/\/cdn.mcauto-images-production.sendgrid.net\/56fdef3ccd71496a\/7d4f3f2f-cdf6-400e-9116-21e7f6733d06\/2079x2953.jpg\" alt=\"\" width=\"185\" height=\"263\" border=\"0\" data-proportionally-constrained=\"true\" data-responsive=\"true\" \/><\/a><\/td>\n<\/tr>\n<\/tbody>\n<\/table>\n<\/td>\n<\/tr>\n<\/tbody>\n<\/table>\n<table class=\"module\" role=\"module\" border=\"0\" width=\"100%\" cellspacing=\"0\" cellpadding=\"0\" data-type=\"text\" data-muid=\"af370fa3-b5cb-4783-ac93-3d06495a5c15\" data-mc-module-version=\"2019-10-22\">\n<tbody>\n<tr>\n<td role=\"module-content\" valign=\"top\" bgcolor=\"#6D1A55\" height=\"100%\">\n<div>\n<div style=\"text-align: center;\"><span style=\"color: #ffffff;\">\u00ab\u00a0Le droit \u00e0 la ville est le droit de tous les habitants, pr\u00e9sents et futurs,<\/span><\/div>\n<div style=\"text-align: center;\"><span style=\"color: #ffffff;\">permanents et temporaires, d&rsquo;utiliser, d&rsquo;occuper et de produire des villes justes,<\/span><\/div>\n<div style=\"text-align: center;\"><span style=\"color: #ffffff;\">inclusives et durables, d\u00e9finies comme un bien commun essentiel \u00e0 une vie<\/span><\/div>\n<div style=\"text-align: center;\"><span style=\"color: #ffffff;\">pleine et d\u00e9cente\u00a0\u00bb.<\/span><br \/>\n<span style=\"color: #ffffff;\"><a style=\"color: #ffffff;\" href=\"http:\/\/contact@right2city.org\/\" target=\"_blank\" rel=\"noopener\">contact@right2city.org\u00a0<\/a>\u00a0\u00a0\u00a0\u00a0\u00a0\u00a0\u00a0\u00a0\u00a0\u00a0\u00a0\u00a0\u00a0\u00a0\u00a0\u00a0\u00a0\u00a0\u00a0\u00a0\u00a0\u00a0\u00a0\u00a0\u00a0\u00a0\u00a0\u00a0\u00a0\u00a0\u00a0\u00a0\u00a0<a style=\"color: #ffffff;\" href=\"http:\/\/www.right2city.org\/\" target=\"_blank\" rel=\"noopener\">www.right2city.org\u00a0<\/a><\/span><\/div>\n<div style=\"text-align: center;\"><\/div>\n<\/div>\n<\/td>\n<\/tr>\n<\/tbody>\n<\/table>\n<div class=\"module\" role=\"module\" data-role=\"module-unsubscribe\" data-type=\"unsubscribe\" data-muid=\"4e838cf3-9892-4a6d-94d6-170e474d21e5\">\n<div class=\"Unsubscribe--addressLine\"><\/div>\n<p><a class=\"Unsubscribe--unsubscribeLink\" href=\"https:\/\/right2city.org\/newsletters\/20211217\/newsletter_GPR2C-fr_FR.html\" target=\"_blank\" rel=\"noopener\">Unsubscribe<\/a>\u00a0&#8211;\u00a0<a class=\"Unsubscribe--unsubscribePreferences\" href=\"https:\/\/right2city.org\/newsletters\/20211217\/newsletter_GPR2C-fr_FR.html\" target=\"_blank\" rel=\"noopener\">Unsubscribe Preferences<\/a><\/p>\n<\/div>\n","protected":false},"excerpt":{"rendered":"<p>Ouvrir cet e-mail dans un navigateur Web Bulletin trimestriel n\u00ba 4 \/ D\u00e9cembre 2021\u00a0 La PGDV en 2021 et au-del\u00e0 2021 a \u00e9t\u00e9 une ann\u00e9e de d\u00e9fis, de progr\u00e8s et de forte mobilisation pour le Droit \u00e0 la Ville \u00e0 travers le monde, profond\u00e9ment marqu\u00e9e par la prolongation de la pand\u00e9mie de COVID-19, le d\u00e9ploiement [&hellip;]<\/p>\n","protected":false},"author":4,"featured_media":67957,"parent":0,"menu_order":0,"comment_status":"closed","ping_status":"closed","template":"","meta":{"_acf_changed":false,"_et_pb_use_builder":"","_et_pb_old_content":"","_et_gb_content_width":"","cybocfi_hide_featured_image":"","footnotes":""},"themes":[1052,170,1036,161,169,177,164,1023,172,175,118],"agendas_globales":[],"class_list":["post-67979","page","type-page","status-publish","has-post-thumbnail","hentry","themes-commons-fr","themes-citoyennete-inclusive","themes-city-as-a-common-good-fr","themes-economies-diversifiees-et-inclusives","themes-egalite-de-genre","themes-espaces-publics-de-qualite","themes-fonctions-sociales-remplies","themes-climate-justice-es-fr","themes-liens-urbains-ruraux","themes-non-discrimination","themes-participation-politique"],"acf":[],"yoast_head":"<!-- This site is optimized with the Yoast SEO plugin v27.5 - https:\/\/yoast.com\/product\/yoast-seo-wordpress\/ -->\n<title>Bulletin trimestriel n\u00ba 4 \/ D\u00e9cembre 2021 - Right to the city<\/title>\n<meta name=\"robots\" content=\"index, follow, max-snippet:-1, max-image-preview:large, max-video-preview:-1\" \/>\n<link rel=\"canonical\" href=\"https:\/\/www.right2city.org\/fr\/quarterly-newsletter-4-december-2021\/\" \/>\n<meta property=\"og:locale\" content=\"fr_FR\" \/>\n<meta property=\"og:type\" content=\"article\" \/>\n<meta property=\"og:title\" content=\"Bulletin trimestriel n\u00ba 4 \/ D\u00e9cembre 2021 - Right to the city\" \/>\n<meta property=\"og:description\" content=\"Ouvrir cet e-mail dans un navigateur Web Bulletin trimestriel n\u00ba 4 \/ D\u00e9cembre 2021\u00a0 La PGDV en 2021 et au-del\u00e0 2021 a \u00e9t\u00e9 une ann\u00e9e de d\u00e9fis, de progr\u00e8s et de forte mobilisation pour le Droit \u00e0 la Ville \u00e0 travers le monde, profond\u00e9ment marqu\u00e9e par la prolongation de la pand\u00e9mie de COVID-19, le d\u00e9ploiement [&hellip;]\" \/>\n<meta property=\"og:url\" content=\"https:\/\/www.right2city.org\/fr\/quarterly-newsletter-4-december-2021\/\" \/>\n<meta property=\"og:site_name\" content=\"Right to the city\" \/>\n<meta property=\"article:modified_time\" content=\"2023-05-09T11:39:01+00:00\" \/>\n<meta property=\"og:image\" content=\"https:\/\/www.right2city.org\/wp-content\/uploads\/2023\/05\/1024x768.jpeg\" \/>\n\t<meta property=\"og:image:width\" content=\"1024\" \/>\n\t<meta property=\"og:image:height\" content=\"768\" \/>\n\t<meta property=\"og:image:type\" content=\"image\/jpeg\" \/>\n<meta name=\"twitter:card\" content=\"summary_large_image\" \/>\n<meta name=\"twitter:label1\" content=\"Dur\u00e9e de lecture estim\u00e9e\" \/>\n\t<meta name=\"twitter:data1\" content=\"4 minutes\" \/>\n<script type=\"application\/ld+json\" class=\"yoast-schema-graph\">{\"@context\":\"https:\\\/\\\/schema.org\",\"@graph\":[{\"@type\":\"WebPage\",\"@id\":\"https:\\\/\\\/www.right2city.org\\\/fr\\\/quarterly-newsletter-4-december-2021\\\/\",\"url\":\"https:\\\/\\\/www.right2city.org\\\/fr\\\/quarterly-newsletter-4-december-2021\\\/\",\"name\":\"Bulletin trimestriel n\u00ba 4 \\\/ D\u00e9cembre 2021 - Right to the city\",\"isPartOf\":{\"@id\":\"https:\\\/\\\/www.right2city.org\\\/fr\\\/#website\"},\"primaryImageOfPage\":{\"@id\":\"https:\\\/\\\/www.right2city.org\\\/fr\\\/quarterly-newsletter-4-december-2021\\\/#primaryimage\"},\"image\":{\"@id\":\"https:\\\/\\\/www.right2city.org\\\/fr\\\/quarterly-newsletter-4-december-2021\\\/#primaryimage\"},\"thumbnailUrl\":\"https:\\\/\\\/www.right2city.org\\\/wp-content\\\/uploads\\\/2023\\\/05\\\/1024x768.jpeg\",\"datePublished\":\"2023-05-09T09:35:49+00:00\",\"dateModified\":\"2023-05-09T11:39:01+00:00\",\"breadcrumb\":{\"@id\":\"https:\\\/\\\/www.right2city.org\\\/fr\\\/quarterly-newsletter-4-december-2021\\\/#breadcrumb\"},\"inLanguage\":\"fr-FR\",\"potentialAction\":[{\"@type\":\"ReadAction\",\"target\":[\"https:\\\/\\\/www.right2city.org\\\/fr\\\/quarterly-newsletter-4-december-2021\\\/\"]}]},{\"@type\":\"ImageObject\",\"inLanguage\":\"fr-FR\",\"@id\":\"https:\\\/\\\/www.right2city.org\\\/fr\\\/quarterly-newsletter-4-december-2021\\\/#primaryimage\",\"url\":\"https:\\\/\\\/www.right2city.org\\\/wp-content\\\/uploads\\\/2023\\\/05\\\/1024x768.jpeg\",\"contentUrl\":\"https:\\\/\\\/www.right2city.org\\\/wp-content\\\/uploads\\\/2023\\\/05\\\/1024x768.jpeg\",\"width\":1024,\"height\":768},{\"@type\":\"BreadcrumbList\",\"@id\":\"https:\\\/\\\/www.right2city.org\\\/fr\\\/quarterly-newsletter-4-december-2021\\\/#breadcrumb\",\"itemListElement\":[{\"@type\":\"ListItem\",\"position\":1,\"name\":\"Home\",\"item\":\"https:\\\/\\\/www.right2city.org\\\/fr\\\/\"},{\"@type\":\"ListItem\",\"position\":2,\"name\":\"Bulletin trimestriel n\u00ba 4 \\\/ D\u00e9cembre 2021\"}]},{\"@type\":\"WebSite\",\"@id\":\"https:\\\/\\\/www.right2city.org\\\/fr\\\/#website\",\"url\":\"https:\\\/\\\/www.right2city.org\\\/fr\\\/\",\"name\":\"Right to the city\",\"description\":\"Global Platform for the Right to the City\",\"potentialAction\":[{\"@type\":\"SearchAction\",\"target\":{\"@type\":\"EntryPoint\",\"urlTemplate\":\"https:\\\/\\\/www.right2city.org\\\/fr\\\/?s={search_term_string}\"},\"query-input\":{\"@type\":\"PropertyValueSpecification\",\"valueRequired\":true,\"valueName\":\"search_term_string\"}}],\"inLanguage\":\"fr-FR\"}]}<\/script>\n<!-- \/ Yoast SEO plugin. -->","yoast_head_json":{"title":"Bulletin trimestriel n\u00ba 4 \/ D\u00e9cembre 2021 - Right to the city","robots":{"index":"index","follow":"follow","max-snippet":"max-snippet:-1","max-image-preview":"max-image-preview:large","max-video-preview":"max-video-preview:-1"},"canonical":"https:\/\/www.right2city.org\/fr\/quarterly-newsletter-4-december-2021\/","og_locale":"fr_FR","og_type":"article","og_title":"Bulletin trimestriel n\u00ba 4 \/ D\u00e9cembre 2021 - Right to the city","og_description":"Ouvrir cet e-mail dans un navigateur Web Bulletin trimestriel n\u00ba 4 \/ D\u00e9cembre 2021\u00a0 La PGDV en 2021 et au-del\u00e0 2021 a \u00e9t\u00e9 une ann\u00e9e de d\u00e9fis, de progr\u00e8s et de forte mobilisation pour le Droit \u00e0 la Ville \u00e0 travers le monde, profond\u00e9ment marqu\u00e9e par la prolongation de la pand\u00e9mie de COVID-19, le d\u00e9ploiement [&hellip;]","og_url":"https:\/\/www.right2city.org\/fr\/quarterly-newsletter-4-december-2021\/","og_site_name":"Right to the city","article_modified_time":"2023-05-09T11:39:01+00:00","og_image":[{"width":1024,"height":768,"url":"https:\/\/www.right2city.org\/wp-content\/uploads\/2023\/05\/1024x768.jpeg","type":"image\/jpeg"}],"twitter_card":"summary_large_image","twitter_misc":{"Dur\u00e9e de lecture estim\u00e9e":"4 minutes"},"schema":{"@context":"https:\/\/schema.org","@graph":[{"@type":"WebPage","@id":"https:\/\/www.right2city.org\/fr\/quarterly-newsletter-4-december-2021\/","url":"https:\/\/www.right2city.org\/fr\/quarterly-newsletter-4-december-2021\/","name":"Bulletin trimestriel n\u00ba 4 \/ D\u00e9cembre 2021 - Right to the city","isPartOf":{"@id":"https:\/\/www.right2city.org\/fr\/#website"},"primaryImageOfPage":{"@id":"https:\/\/www.right2city.org\/fr\/quarterly-newsletter-4-december-2021\/#primaryimage"},"image":{"@id":"https:\/\/www.right2city.org\/fr\/quarterly-newsletter-4-december-2021\/#primaryimage"},"thumbnailUrl":"https:\/\/www.right2city.org\/wp-content\/uploads\/2023\/05\/1024x768.jpeg","datePublished":"2023-05-09T09:35:49+00:00","dateModified":"2023-05-09T11:39:01+00:00","breadcrumb":{"@id":"https:\/\/www.right2city.org\/fr\/quarterly-newsletter-4-december-2021\/#breadcrumb"},"inLanguage":"fr-FR","potentialAction":[{"@type":"ReadAction","target":["https:\/\/www.right2city.org\/fr\/quarterly-newsletter-4-december-2021\/"]}]},{"@type":"ImageObject","inLanguage":"fr-FR","@id":"https:\/\/www.right2city.org\/fr\/quarterly-newsletter-4-december-2021\/#primaryimage","url":"https:\/\/www.right2city.org\/wp-content\/uploads\/2023\/05\/1024x768.jpeg","contentUrl":"https:\/\/www.right2city.org\/wp-content\/uploads\/2023\/05\/1024x768.jpeg","width":1024,"height":768},{"@type":"BreadcrumbList","@id":"https:\/\/www.right2city.org\/fr\/quarterly-newsletter-4-december-2021\/#breadcrumb","itemListElement":[{"@type":"ListItem","position":1,"name":"Home","item":"https:\/\/www.right2city.org\/fr\/"},{"@type":"ListItem","position":2,"name":"Bulletin trimestriel n\u00ba 4 \/ D\u00e9cembre 2021"}]},{"@type":"WebSite","@id":"https:\/\/www.right2city.org\/fr\/#website","url":"https:\/\/www.right2city.org\/fr\/","name":"Right to the city","description":"Global Platform for the Right to the City","potentialAction":[{"@type":"SearchAction","target":{"@type":"EntryPoint","urlTemplate":"https:\/\/www.right2city.org\/fr\/?s={search_term_string}"},"query-input":{"@type":"PropertyValueSpecification","valueRequired":true,"valueName":"search_term_string"}}],"inLanguage":"fr-FR"}]}},"_links":{"self":[{"href":"https:\/\/www.right2city.org\/fr\/wp-json\/wp\/v2\/pages\/67979","targetHints":{"allow":["GET"]}}],"collection":[{"href":"https:\/\/www.right2city.org\/fr\/wp-json\/wp\/v2\/pages"}],"about":[{"href":"https:\/\/www.right2city.org\/fr\/wp-json\/wp\/v2\/types\/page"}],"author":[{"embeddable":true,"href":"https:\/\/www.right2city.org\/fr\/wp-json\/wp\/v2\/users\/4"}],"replies":[{"embeddable":true,"href":"https:\/\/www.right2city.org\/fr\/wp-json\/wp\/v2\/comments?post=67979"}],"version-history":[{"count":4,"href":"https:\/\/www.right2city.org\/fr\/wp-json\/wp\/v2\/pages\/67979\/revisions"}],"predecessor-version":[{"id":67994,"href":"https:\/\/www.right2city.org\/fr\/wp-json\/wp\/v2\/pages\/67979\/revisions\/67994"}],"wp:featuredmedia":[{"embeddable":true,"href":"https:\/\/www.right2city.org\/fr\/wp-json\/wp\/v2\/media\/67957"}],"wp:attachment":[{"href":"https:\/\/www.right2city.org\/fr\/wp-json\/wp\/v2\/media?parent=67979"}],"wp:term":[{"taxonomy":"themes","embeddable":true,"href":"https:\/\/www.right2city.org\/fr\/wp-json\/wp\/v2\/themes?post=67979"},{"taxonomy":"agendas_globales","embeddable":true,"href":"https:\/\/www.right2city.org\/fr\/wp-json\/wp\/v2\/agendas_globales?post=67979"}],"curies":[{"name":"wp","href":"https:\/\/api.w.org\/{rel}","templated":true}]}}